{"id":102723,"date":"2021-03-23T08:58:24","date_gmt":"2021-03-23T08:58:24","guid":{"rendered":"https:\/\/v2.tuzlainfo.ba\/?page_id=102723"},"modified":"2026-09-04T18:01:52","modified_gmt":"2026-09-04T16:01:52","slug":"naslovna","status":"publish","type":"page","link":"https:\/\/tuzlainfo.ba\/","title":{"rendered":"Naslovna"},"content":{"rendered":"\t\t<div data-elementor-type=\"wp-page\" data-elementor-id=\"102723\" class=\"elementor elementor-102723\" data-elementor-post-type=\"page\">\n\t\t\t\t<div class=\"elementor-element elementor-element-fdc536b e-flex e-con-boxed e-con e-parent\" data-id=\"fdc536b\" data-element_type=\"container\" data-e-type=\"container\">\n\t\t\t\t\t<div class=\"e-con-inner\">\n\t\t\t\t<div class=\"elementor-element elementor-element-af025d2 elementor-widget elementor-widget-shortcode\" data-id=\"af025d2\" data-element_type=\"widget\" data-e-type=\"widget\" data-widget_type=\"shortcode.default\">\n\t\t\t\t\t\t\t<div class=\"elementor-shortcode\"><div class='ai-viewports ai-viewport-1 ai-insert-56-83868101' style='margin: 8px auto; text-align: center; display: block; clear: both;' data-insertion-position='prepend' data-selector='.ai-insert-56-83868101' data-insertion-no-dbg data-code='PGRpdiBjbGFzcz0nY29kZS1ibG9jayBjb2RlLWJsb2NrLTU2IGFpLXRyYWNrJyBkYXRhLWFpPSdXelUyTERBc0lrSnNiMk5ySURVMklpd2lJaXd4WFE9PScgc3R5bGU9J21hcmdpbjogOHB4IGF1dG87IHRleHQtYWxpZ246IGNlbnRlcjsgZGlzcGxheTogYmxvY2s7IGNsZWFyOiBib3RoOyc+CjwhLS0gbmEgbW9iaXRlbHUgbmEgbmFzbG92bm9qIGkgdSB2aWplc3RpIG5hIHZyaHUgaXNwb2QgaXpib3JuaWthIC0tPgo8YSBocmVmPSJodHRwczovL3d3dy5mYWNlYm9vay5jb20vc2hhcmUvMTRtaWtBeUFqU0cvP21pYmV4dGlkPXd3WElmciI+PGltZyBzcmM9Imh0dHBzOi8vdHV6bGFpbmZvLmJhL3dwLWNvbnRlbnQvdXBsb2Fkcy8yMDI2LzA5L1NEUC1HZW5lcmlja2ktMTIwMHgxMDAtMS5qcGciIGFsdD0ic2RwIj48L2E+PC9kaXY+Cg==' data-block='56'><\/div>\n<script>\n  ai_run_997266143694 = function(){ai_insert_viewport_code ('ai-insert-56-83868101');};\n  if (document.readyState === 'complete' || (document.readyState !== 'loading' && !document.documentElement.doScroll)) ai_run_997266143694 (); else document.addEventListener ('DOMContentLoaded', ai_run_997266143694);\n<\/script>\n<div class='ai-viewports ai-viewport-3 ai-insert-57-97558847' style='margin: 8px auto; text-align: center; display: block; clear: both;' data-insertion-position='prepend' data-selector='.ai-insert-57-97558847' data-insertion-no-dbg data-code='PGRpdiBjbGFzcz0nY29kZS1ibG9jayBjb2RlLWJsb2NrLTU3IGFpLXRyYWNrJyBkYXRhLWFpPSdXelUzTERBc0lrSnNiMk5ySURVM0lpd2lJaXd4WFE9PScgc3R5bGU9J21hcmdpbjogOHB4IGF1dG87IHRleHQtYWxpZ246IGNlbnRlcjsgZGlzcGxheTogYmxvY2s7IGNsZWFyOiBib3RoOyc+CjwhLS0gbmEgbW9iaXRlbHUgbmEgbmFzbG92bm9qIGkgdSB2aWplc3RpIG5hIHZyaHUgaXNwb2QgaXpib3JuaWthIC0tPgo8YSBocmVmPSJodHRwczovL3d3dy5mYWNlYm9vay5jb20vc2hhcmUvMTRtaWtBeUFqU0cvP21pYmV4dGlkPXd3WElmciI+PGltZyBzcmM9Imh0dHBzOi8vdHV6bGFpbmZvLmJhL3dwLWNvbnRlbnQvdXBsb2Fkcy8yMDI2LzA5L1NEUC1HZW5lcmlja2ktMzAweDMwMC0xLmpwZyIgYWx0PSJzZHAiPjwvYT48L2Rpdj4K' data-block='57'><\/div>\n<script>\n  ai_run_861903667636 = function(){ai_insert_viewport_code ('ai-insert-57-97558847');};\n  if (document.readyState === 'complete' || (document.readyState !== 'loading' && !document.documentElement.doScroll)) ai_run_861903667636 (); else document.addEventListener ('DOMContentLoaded', ai_run_861903667636);\n<\/script>\n<\/div>\n\t\t\t\t\t\t<\/div>\n\t\t\t\t\t<\/div>\n\t\t\t\t<\/div>\n\t\t<div class=\"elementor-element elementor-element-e100a3a e-flex e-con-boxed e-con e-parent\" data-id=\"e100a3a\" data-element_type=\"container\" data-e-type=\"container\">\n\t\t\t\t\t<div class=\"e-con-inner\">\n\t\t<div class=\"elementor-element elementor-element-6cc195b e-con-full e-flex e-con e-child\" data-id=\"6cc195b\" data-element_type=\"container\" data-e-type=\"container\">\n\t\t\t\t<div class=\"elementor-element elementor-element-a4a6d51 elementor-grid-1 elementor-grid-tablet-2 elementor-grid-mobile-1 elementor-widget elementor-widget-loop-grid\" data-id=\"a4a6d51\" data-element_type=\"widget\" data-e-type=\"widget\" data-settings=\"{&quot;template_id&quot;:&quot;305796&quot;,&quot;columns&quot;:1,&quot;_skin&quot;:&quot;post&quot;,&quot;columns_tablet&quot;:&quot;2&quot;,&quot;columns_mobile&quot;:&quot;1&quot;,&quot;edit_handle_selector&quot;:&quot;[data-elementor-type=\\&quot;loop-item\\&quot;]&quot;,&quot;row_gap&quot;:{&quot;unit&quot;:&quot;px&quot;,&quot;size&quot;:&quot;&quot;,&quot;sizes&quot;:[]},&quot;row_gap_tablet&quot;:{&quot;unit&quot;:&quot;px&quot;,&quot;size&quot;:&quot;&quot;,&quot;sizes&quot;:[]},&quot;row_gap_mobile&quot;:{&quot;unit&quot;:&quot;px&quot;,&quot;size&quot;:&quot;&quot;,&quot;sizes&quot;:[]}}\" data-widget_type=\"loop-grid.post\">\n\t\t\t\t<div class=\"elementor-widget-container\">\n\t\t\t\t\t\t\t<div class=\"elementor-loop-container elementor-grid\" role=\"list\">\n\t\t<style id=\"loop-305796\">.elementor-305796 .elementor-element.elementor-element-1f82a43c{--display:flex;--gap:0px 0px;--row-gap:0px;--column-gap:0px;}.elementor-305796 .elementor-element.elementor-element-4a97eb70 img{width:100%;}.elementor-305796 .elementor-element.elementor-element-5e5573d6 .elementor-heading-title{font-size:18px;font-weight:700;}.elementor-305796 .elementor-element.elementor-element-5e5573d6{padding:10px 10px 10px 10px;}<\/style>\t\t<div data-elementor-type=\"loop-item\" data-elementor-id=\"305796\" class=\"elementor elementor-305796 e-loop-item e-loop-item-314961 post-314961 post type-post status-publish format-standard has-post-thumbnail hentry category-istaknuto category-novosti tag-planska-iskljucenja-struje-tuzla\" data-elementor-post-type=\"elementor_library\" data-custom-edit-handle=\"1\">\n\t\t\t<div class=\"elementor-element elementor-element-1f82a43c e-flex e-con-boxed e-con e-parent\" data-id=\"1f82a43c\" data-element_type=\"container\" data-e-type=\"container\">\n\t\t\t\t\t<div class=\"e-con-inner\">\n\t\t\t\t<div class=\"elementor-element elementor-element-4a97eb70 elementor-widget elementor-widget-theme-post-featured-image elementor-widget-image\" data-id=\"4a97eb70\" data-element_type=\"widget\" data-e-type=\"widget\" data-widget_type=\"theme-post-featured-image.default\">\n\t\t\t\t\t\t\t\t\t\t\t\t\t\t\t\t<a href=\"https:\/\/tuzlainfo.ba\/index.php\/novosti\/item\/314961-elektrodistribucija-planska-iskljucenja-el-energije-za-nedjelju-6-septembra\/\">\n\t\t\t\t\t\t\t<img decoding=\"async\" src=\"https:\/\/tuzlainfo.ba\/wp-content\/uploads\/elementor\/thumbs\/2504_elektro_planska_struja-pnweoydbpbxhjt92y0phi2i488d98w6vu7a3yssrls.jpg\" title=\"2504_elektro_planska_struja\" alt=\"2504_elektro_planska_struja\" loading=\"lazy\" \/>\t\t\t\t\t\t\t\t<\/a>\n\t\t\t\t\t\t\t\t\t\t\t\t\t\t\t<\/div>\n\t\t\t\t<div class=\"elementor-element elementor-element-5e5573d6 elementor-widget elementor-widget-theme-post-title elementor-page-title elementor-widget-heading\" data-id=\"5e5573d6\" data-element_type=\"widget\" data-e-type=\"widget\" data-widget_type=\"theme-post-title.default\">\n\t\t\t\t\t<h2 class=\"elementor-heading-title elementor-size-default\"><a href=\"https:\/\/tuzlainfo.ba\/index.php\/novosti\/item\/314961-elektrodistribucija-planska-iskljucenja-el-energije-za-nedjelju-6-septembra\/\">Elektrodistribucija: Planska isklju\u010denja el. energije za nedjelju 6. septembra<\/a><\/h2>\t\t\t\t<\/div>\n\t\t\t\t\t<\/div>\n\t\t\t\t<\/div>\n\t\t\t\t<\/div>\n\t\t\t\t<\/div>\n\t\t\n\t\t\t\t\t\t<\/div>\n\t\t\t\t<\/div>\n\t\t\t\t<\/div>\n\t\t<div class=\"elementor-element elementor-element-60fd0a1 e-con-full e-flex e-con e-child\" data-id=\"60fd0a1\" data-element_type=\"container\" data-e-type=\"container\">\n\t\t\t\t<div class=\"elementor-element elementor-element-d536dfd elementor-grid-1 elementor-grid-tablet-2 elementor-grid-mobile-1 elementor-widget elementor-widget-loop-grid\" data-id=\"d536dfd\" data-element_type=\"widget\" data-e-type=\"widget\" data-settings=\"{&quot;template_id&quot;:&quot;305826&quot;,&quot;columns&quot;:1,&quot;_skin&quot;:&quot;post&quot;,&quot;columns_tablet&quot;:&quot;2&quot;,&quot;columns_mobile&quot;:&quot;1&quot;,&quot;edit_handle_selector&quot;:&quot;[data-elementor-type=\\&quot;loop-item\\&quot;]&quot;,&quot;row_gap&quot;:{&quot;unit&quot;:&quot;px&quot;,&quot;size&quot;:&quot;&quot;,&quot;sizes&quot;:[]},&quot;row_gap_tablet&quot;:{&quot;unit&quot;:&quot;px&quot;,&quot;size&quot;:&quot;&quot;,&quot;sizes&quot;:[]},&quot;row_gap_mobile&quot;:{&quot;unit&quot;:&quot;px&quot;,&quot;size&quot;:&quot;&quot;,&quot;sizes&quot;:[]}}\" data-widget_type=\"loop-grid.post\">\n\t\t\t\t<div class=\"elementor-widget-container\">\n\t\t\t\t\t\t\t<div class=\"elementor-loop-container elementor-grid\" role=\"list\">\n\t\t<style id=\"loop-305826\">.elementor-305826 .elementor-element.elementor-element-561412f5{--display:flex;--gap:0px 0px;--row-gap:0px;--column-gap:0px;}.elementor-305826 .elementor-element.elementor-element-5a96fc44 img{width:100%;}.elementor-305826 .elementor-element.elementor-element-71843187 .elementor-heading-title{font-size:18px;font-weight:700;}.elementor-305826 .elementor-element.elementor-element-71843187{padding:10px 10px 10px 10px;}<\/style>\t\t<div data-elementor-type=\"loop-item\" data-elementor-id=\"305826\" class=\"elementor elementor-305826 e-loop-item e-loop-item-314767 post-314767 post type-post status-publish format-standard has-post-thumbnail hentry category-bosna-i-hercegovina category-istaknuto tag-prognoza tag-vrijeme\" data-elementor-post-type=\"elementor_library\" data-custom-edit-handle=\"1\">\n\t\t\t<div class=\"elementor-element elementor-element-561412f5 e-flex e-con-boxed e-con e-parent\" data-id=\"561412f5\" data-element_type=\"container\" data-e-type=\"container\">\n\t\t\t\t\t<div class=\"e-con-inner\">\n\t\t\t\t<div class=\"elementor-element elementor-element-5a96fc44 elementor-widget elementor-widget-theme-post-featured-image elementor-widget-image\" data-id=\"5a96fc44\" data-element_type=\"widget\" data-e-type=\"widget\" data-widget_type=\"theme-post-featured-image.default\">\n\t\t\t\t\t\t\t\t\t\t\t\t\t\t\t\t<a href=\"https:\/\/tuzlainfo.ba\/index.php\/bosna-i-hercegovina\/item\/314767-danas-do-38-stepeni-od-nedjelje-blazi-pad-temperatura-i-vise-oblaka\/\">\n\t\t\t\t\t\t\t<img decoding=\"async\" src=\"https:\/\/tuzlainfo.ba\/wp-content\/uploads\/elementor\/thumbs\/sadrzaj_2017_201701_vrijeme_0101_suncano-rh0hjo6cqppyjn9vvhx9k3vku6euyc2mc26rt60r5s.jpg\" title=\"0101 suncano\" alt=\"0101 suncano\" loading=\"lazy\" \/>\t\t\t\t\t\t\t\t<\/a>\n\t\t\t\t\t\t\t\t\t\t\t\t\t\t\t<\/div>\n\t\t\t\t<div class=\"elementor-element elementor-element-71843187 elementor-widget elementor-widget-theme-post-title elementor-page-title elementor-widget-heading\" data-id=\"71843187\" data-element_type=\"widget\" data-e-type=\"widget\" data-widget_type=\"theme-post-title.default\">\n\t\t\t\t\t<h2 class=\"elementor-heading-title elementor-size-default\"><a href=\"https:\/\/tuzlainfo.ba\/index.php\/bosna-i-hercegovina\/item\/314767-danas-do-38-stepeni-od-nedjelje-blazi-pad-temperatura-i-vise-oblaka\/\">Danas do 38 stepeni, od nedjelje bla\u017ei pad temperatura i vi\u0161e oblaka<\/a><\/h2>\t\t\t\t<\/div>\n\t\t\t\t\t<\/div>\n\t\t\t\t<\/div>\n\t\t\t\t<\/div>\n\t\t\t\t<\/div>\n\t\t\n\t\t\t\t\t\t<\/div>\n\t\t\t\t<\/div>\n\t\t\t\t<\/div>\n\t\t<div class=\"elementor-element elementor-element-d7e0a92 e-con-full e-flex e-con e-child\" data-id=\"d7e0a92\" data-element_type=\"container\" data-e-type=\"container\">\n\t\t\t\t<div class=\"elementor-element elementor-element-6844713 elementor-grid-1 elementor-grid-tablet-2 elementor-grid-mobile-1 elementor-widget elementor-widget-loop-grid\" data-id=\"6844713\" data-element_type=\"widget\" data-e-type=\"widget\" data-settings=\"{&quot;template_id&quot;:&quot;305796&quot;,&quot;columns&quot;:1,&quot;_skin&quot;:&quot;post&quot;,&quot;columns_tablet&quot;:&quot;2&quot;,&quot;columns_mobile&quot;:&quot;1&quot;,&quot;edit_handle_selector&quot;:&quot;[data-elementor-type=\\&quot;loop-item\\&quot;]&quot;,&quot;row_gap&quot;:{&quot;unit&quot;:&quot;px&quot;,&quot;size&quot;:&quot;&quot;,&quot;sizes&quot;:[]},&quot;row_gap_tablet&quot;:{&quot;unit&quot;:&quot;px&quot;,&quot;size&quot;:&quot;&quot;,&quot;sizes&quot;:[]},&quot;row_gap_mobile&quot;:{&quot;unit&quot;:&quot;px&quot;,&quot;size&quot;:&quot;&quot;,&quot;sizes&quot;:[]}}\" data-widget_type=\"loop-grid.post\">\n\t\t\t\t<div class=\"elementor-widget-container\">\n\t\t\t\t\t\t\t<div class=\"elementor-loop-container elementor-grid\" role=\"list\">\n\t\t\t\t<div data-elementor-type=\"loop-item\" data-elementor-id=\"305796\" class=\"elementor elementor-305796 e-loop-item e-loop-item-315001 post-315001 post type-post status-publish format-standard has-post-thumbnail hentry category-istaknuto category-izbori-clanci category-novosti tag-irfan-halilagic tag-izbori\" data-elementor-post-type=\"elementor_library\" data-custom-edit-handle=\"1\">\n\t\t\t<div class=\"elementor-element elementor-element-1f82a43c e-flex e-con-boxed e-con e-parent\" data-id=\"1f82a43c\" data-element_type=\"container\" data-e-type=\"container\">\n\t\t\t\t\t<div class=\"e-con-inner\">\n\t\t\t\t<div class=\"elementor-element elementor-element-4a97eb70 elementor-widget elementor-widget-theme-post-featured-image elementor-widget-image\" data-id=\"4a97eb70\" data-element_type=\"widget\" data-e-type=\"widget\" data-widget_type=\"theme-post-featured-image.default\">\n\t\t\t\t\t\t\t\t\t\t\t\t\t\t\t\t<a href=\"https:\/\/tuzlainfo.ba\/index.php\/novosti\/item\/315001-halilagic-krenuo-u-utrku-za-parlament-fbih-rezultati-naseg-rada-neka-budu-razlog-za-povjerenje\/\">\n\t\t\t\t\t\t\t<img decoding=\"async\" src=\"https:\/\/tuzlainfo.ba\/wp-content\/uploads\/elementor\/thumbs\/irfan-halilagic_premijer-2-rlvyuwz19zuy0s8vm06q2vphm41dyq6wrxt7rnv1z4.jpg\" title=\"irfan halilagic_premijer 2\" alt=\"irfan halilagic_premijer 2\" loading=\"lazy\" \/>\t\t\t\t\t\t\t\t<\/a>\n\t\t\t\t\t\t\t\t\t\t\t\t\t\t\t<\/div>\n\t\t\t\t<div class=\"elementor-element elementor-element-5e5573d6 elementor-widget elementor-widget-theme-post-title elementor-page-title elementor-widget-heading\" data-id=\"5e5573d6\" data-element_type=\"widget\" data-e-type=\"widget\" data-widget_type=\"theme-post-title.default\">\n\t\t\t\t\t<h2 class=\"elementor-heading-title elementor-size-default\"><a href=\"https:\/\/tuzlainfo.ba\/index.php\/novosti\/item\/315001-halilagic-krenuo-u-utrku-za-parlament-fbih-rezultati-naseg-rada-neka-budu-razlog-za-povjerenje\/\">Halilagi\u0107 krenuo u utrku za Parlament FBiH: \u201eRezultati na\u0161eg rada neka budu razlog za povjerenje\u201c<\/a><\/h2>\t\t\t\t<\/div>\n\t\t\t\t\t<\/div>\n\t\t\t\t<\/div>\n\t\t\t\t<\/div>\n\t\t\t\t<\/div>\n\t\t\n\t\t\t\t\t\t<\/div>\n\t\t\t\t<\/div>\n\t\t\t\t<\/div>\n\t\t\t\t\t<\/div>\n\t\t\t\t<\/div>\n\t\t<div class=\"elementor-element elementor-element-94f7da1 e-flex e-con-boxed e-con e-parent\" data-id=\"94f7da1\" data-element_type=\"container\" data-e-type=\"container\">\n\t\t\t\t\t<div class=\"e-con-inner\">\n\t\t\t\t<div class=\"elementor-element elementor-element-fadcfc8 elementor-grid-6 elementor-grid-mobile-2 elementor-grid-tablet-2 elementor-widget elementor-widget-loop-grid\" data-id=\"fadcfc8\" data-element_type=\"widget\" data-e-type=\"widget\" data-settings=\"{&quot;template_id&quot;:&quot;305799&quot;,&quot;columns&quot;:6,&quot;row_gap&quot;:{&quot;unit&quot;:&quot;px&quot;,&quot;size&quot;:10,&quot;sizes&quot;:[]},&quot;columns_mobile&quot;:2,&quot;_skin&quot;:&quot;post&quot;,&quot;columns_tablet&quot;:&quot;2&quot;,&quot;edit_handle_selector&quot;:&quot;[data-elementor-type=\\&quot;loop-item\\&quot;]&quot;,&quot;row_gap_tablet&quot;:{&quot;unit&quot;:&quot;px&quot;,&quot;size&quot;:&quot;&quot;,&quot;sizes&quot;:[]},&quot;row_gap_mobile&quot;:{&quot;unit&quot;:&quot;px&quot;,&quot;size&quot;:&quot;&quot;,&quot;sizes&quot;:[]}}\" data-widget_type=\"loop-grid.post\">\n\t\t\t\t<div class=\"elementor-widget-container\">\n\t\t\t\t\t\t\t<div class=\"elementor-loop-container elementor-grid\" role=\"list\">\n\t\t<style id=\"loop-305799\">.elementor-305799 .elementor-element.elementor-element-4c6b8705{--display:flex;--gap:0px 0px;--row-gap:0px;--column-gap:0px;}.elementor-305799 .elementor-element.elementor-element-51eb30a0 img{width:100%;}.elementor-305799 .elementor-element.elementor-element-161e1e56 .elementor-heading-title{font-size:15px;font-weight:700;}.elementor-305799 .elementor-element.elementor-element-161e1e56{padding:10px 10px 10px 10px;}<\/style>\t\t<div data-elementor-type=\"loop-item\" data-elementor-id=\"305799\" class=\"elementor elementor-305799 e-loop-item e-loop-item-314999 post-314999 post type-post status-publish format-standard has-post-thumbnail hentry category-istaknuto category-izbori-clanci category-novosti tag-grad-tuzla tag-izbori\" data-elementor-post-type=\"elementor_library\" data-custom-edit-handle=\"1\">\n\t\t\t<div class=\"elementor-element elementor-element-4c6b8705 e-flex e-con-boxed e-con e-parent\" data-id=\"4c6b8705\" data-element_type=\"container\" data-e-type=\"container\">\n\t\t\t\t\t<div class=\"e-con-inner\">\n\t\t\t\t<div class=\"elementor-element elementor-element-51eb30a0 elementor-widget elementor-widget-theme-post-featured-image elementor-widget-image\" data-id=\"51eb30a0\" data-element_type=\"widget\" data-e-type=\"widget\" data-widget_type=\"theme-post-featured-image.default\">\n\t\t\t\t\t\t\t\t\t\t\t\t\t\t\t\t<a href=\"https:\/\/tuzlainfo.ba\/index.php\/novosti\/item\/314999-grad-tuzla-upozorio-politicke-stranke-za-nepropisno-postavljanje-plakata-kazne-do-10-000-km\/\">\n\t\t\t\t\t\t\t<img decoding=\"async\" src=\"https:\/\/tuzlainfo.ba\/wp-content\/uploads\/elementor\/thumbs\/sadrzaj_2018_2018_01_Tuzla_1811_korzo_sbalkona-p4lbva26v2an5tdnd44mmwhcabmxkixjvgyny1dnoi.jpg\" title=\"1811 korzo sbalkona\" alt=\"1811 korzo sbalkona\" loading=\"lazy\" \/>\t\t\t\t\t\t\t\t<\/a>\n\t\t\t\t\t\t\t\t\t\t\t\t\t\t\t<\/div>\n\t\t\t\t<div class=\"elementor-element elementor-element-161e1e56 elementor-widget elementor-widget-theme-post-title elementor-page-title elementor-widget-heading\" data-id=\"161e1e56\" data-element_type=\"widget\" data-e-type=\"widget\" data-widget_type=\"theme-post-title.default\">\n\t\t\t\t\t<h2 class=\"elementor-heading-title elementor-size-default\"><a href=\"https:\/\/tuzlainfo.ba\/index.php\/novosti\/item\/314999-grad-tuzla-upozorio-politicke-stranke-za-nepropisno-postavljanje-plakata-kazne-do-10-000-km\/\">Grad Tuzla upozorio politi\u010dke stranke: Za nepropisno postavljanje plakata kazne do 10.000 KM<\/a><\/h2>\t\t\t\t<\/div>\n\t\t\t\t\t<\/div>\n\t\t\t\t<\/div>\n\t\t\t\t<\/div>\n\t\t\t\t<div data-elementor-type=\"loop-item\" data-elementor-id=\"305799\" class=\"elementor elementor-305799 e-loop-item e-loop-item-314959 post-314959 post type-post status-publish format-standard has-post-thumbnail hentry category-istaknuto category-novosti tag-race-for-the-cure\" data-elementor-post-type=\"elementor_library\" data-custom-edit-handle=\"1\">\n\t\t\t<div class=\"elementor-element elementor-element-4c6b8705 e-flex e-con-boxed e-con e-parent\" data-id=\"4c6b8705\" data-element_type=\"container\" data-e-type=\"container\">\n\t\t\t\t\t<div class=\"e-con-inner\">\n\t\t\t\t<div class=\"elementor-element elementor-element-51eb30a0 elementor-widget elementor-widget-theme-post-featured-image elementor-widget-image\" data-id=\"51eb30a0\" data-element_type=\"widget\" data-e-type=\"widget\" data-widget_type=\"theme-post-featured-image.default\">\n\t\t\t\t\t\t\t\t\t\t\t\t\t\t\t\t<a href=\"https:\/\/tuzlainfo.ba\/index.php\/novosti\/item\/314959-udruzenje-zena-tuzle-organizuje-200-besplatnih-mamografskih-pregleda\/\">\n\t\t\t\t\t\t\t<img decoding=\"async\" src=\"https:\/\/tuzlainfo.ba\/wp-content\/uploads\/elementor\/thumbs\/2008_Race-for-the-cure-Sarajevo-1-pbvs895vz5nbvjmuyx7jvifjqk2d0v0wwzkoeuyqsi.jpg\" title=\"2008_Race-for-the-cure-Sarajevo\" alt=\"Foto; ARHIVA\" loading=\"lazy\" \/>\t\t\t\t\t\t\t\t<\/a>\n\t\t\t\t\t\t\t\t\t\t\t\t\t\t\t<\/div>\n\t\t\t\t<div class=\"elementor-element elementor-element-161e1e56 elementor-widget elementor-widget-theme-post-title elementor-page-title elementor-widget-heading\" data-id=\"161e1e56\" data-element_type=\"widget\" data-e-type=\"widget\" data-widget_type=\"theme-post-title.default\">\n\t\t\t\t\t<h2 class=\"elementor-heading-title elementor-size-default\"><a href=\"https:\/\/tuzlainfo.ba\/index.php\/novosti\/item\/314959-udruzenje-zena-tuzle-organizuje-200-besplatnih-mamografskih-pregleda\/\">Udru\u017eenje \u201e\u017dena Tuzle\u201c organizuje 200 besplatnih mamografskih pregleda<\/a><\/h2>\t\t\t\t<\/div>\n\t\t\t\t\t<\/div>\n\t\t\t\t<\/div>\n\t\t\t\t<\/div>\n\t\t\t\t<div data-elementor-type=\"loop-item\" data-elementor-id=\"305799\" class=\"elementor elementor-305799 e-loop-item e-loop-item-314995 post-314995 post type-post status-publish format-standard has-post-thumbnail hentry category-istaknuto category-novosti tag-enver-delibegovic tag-sport\" data-elementor-post-type=\"elementor_library\" data-custom-edit-handle=\"1\">\n\t\t\t<div class=\"elementor-element elementor-element-4c6b8705 e-flex e-con-boxed e-con e-parent\" data-id=\"4c6b8705\" data-element_type=\"container\" data-e-type=\"container\">\n\t\t\t\t\t<div class=\"e-con-inner\">\n\t\t\t\t<div class=\"elementor-element elementor-element-51eb30a0 elementor-widget elementor-widget-theme-post-featured-image elementor-widget-image\" data-id=\"51eb30a0\" data-element_type=\"widget\" data-e-type=\"widget\" data-widget_type=\"theme-post-featured-image.default\">\n\t\t\t\t\t\t\t\t\t\t\t\t\t\t\t\t<a href=\"https:\/\/tuzlainfo.ba\/index.php\/novosti\/item\/314995-u-tuzli-odrzana-komemoracija-pukovniku-enveru-delibegovicu-ostavio-je-neizbrisiv-trag\/\">\n\t\t\t\t\t\t\t<img decoding=\"async\" src=\"https:\/\/tuzlainfo.ba\/wp-content\/uploads\/elementor\/thumbs\/0409_enver_delibegovic-rsx6615ah3brbitp3umcb7kqieuk7qq37ra83w8gma.jpg\" title=\"0409_enver_delibegovic\" alt=\"0409_enver_delibegovic\" loading=\"lazy\" \/>\t\t\t\t\t\t\t\t<\/a>\n\t\t\t\t\t\t\t\t\t\t\t\t\t\t\t<\/div>\n\t\t\t\t<div class=\"elementor-element elementor-element-161e1e56 elementor-widget elementor-widget-theme-post-title elementor-page-title elementor-widget-heading\" data-id=\"161e1e56\" data-element_type=\"widget\" data-e-type=\"widget\" data-widget_type=\"theme-post-title.default\">\n\t\t\t\t\t<h2 class=\"elementor-heading-title elementor-size-default\"><a href=\"https:\/\/tuzlainfo.ba\/index.php\/novosti\/item\/314995-u-tuzli-odrzana-komemoracija-pukovniku-enveru-delibegovicu-ostavio-je-neizbrisiv-trag\/\">U Tuzli odr\u017eana komemoracija pukovniku Enveru Delibegovi\u0107u: \u201eOstavio je neizbrisiv trag\u201c<\/a><\/h2>\t\t\t\t<\/div>\n\t\t\t\t\t<\/div>\n\t\t\t\t<\/div>\n\t\t\t\t<\/div>\n\t\t\t\t<div data-elementor-type=\"loop-item\" data-elementor-id=\"305799\" class=\"elementor elementor-305799 e-loop-item e-loop-item-314963 post-314963 post type-post status-publish format-standard has-post-thumbnail hentry category-bosna-i-hercegovina category-istaknuto tag-dogus tag-turska\" data-elementor-post-type=\"elementor_library\" data-custom-edit-handle=\"1\">\n\t\t\t<div class=\"elementor-element elementor-element-4c6b8705 e-flex e-con-boxed e-con e-parent\" data-id=\"4c6b8705\" data-element_type=\"container\" data-e-type=\"container\">\n\t\t\t\t\t<div class=\"e-con-inner\">\n\t\t\t\t<div class=\"elementor-element elementor-element-51eb30a0 elementor-widget elementor-widget-theme-post-featured-image elementor-widget-image\" data-id=\"51eb30a0\" data-element_type=\"widget\" data-e-type=\"widget\" data-widget_type=\"theme-post-featured-image.default\">\n\t\t\t\t\t\t\t\t\t\t\t\t\t\t\t\t<a href=\"https:\/\/tuzlainfo.ba\/index.php\/bosna-i-hercegovina\/item\/314963-turski-dogus-zainteresovan-za-infrastrukturne-projekte-u-bih\/\">\n\t\t\t\t\t\t\t<img decoding=\"async\" src=\"https:\/\/tuzlainfo.ba\/wp-content\/uploads\/elementor\/thumbs\/autocesta-zepce-nemila-rgamyulxt9t8hde5fd1q6s3pi5fsns34kbbxbhvmsi.jpg\" title=\"autocesta \u2013 zepce nemila\" alt=\"autocesta - zepce nemila\" loading=\"lazy\" \/>\t\t\t\t\t\t\t\t<\/a>\n\t\t\t\t\t\t\t\t\t\t\t\t\t\t\t<\/div>\n\t\t\t\t<div class=\"elementor-element elementor-element-161e1e56 elementor-widget elementor-widget-theme-post-title elementor-page-title elementor-widget-heading\" data-id=\"161e1e56\" data-element_type=\"widget\" data-e-type=\"widget\" data-widget_type=\"theme-post-title.default\">\n\t\t\t\t\t<h2 class=\"elementor-heading-title elementor-size-default\"><a href=\"https:\/\/tuzlainfo.ba\/index.php\/bosna-i-hercegovina\/item\/314963-turski-dogus-zainteresovan-za-infrastrukturne-projekte-u-bih\/\">Turski Dogus zainteresovan za infrastrukturne projekte u BiH<\/a><\/h2>\t\t\t\t<\/div>\n\t\t\t\t\t<\/div>\n\t\t\t\t<\/div>\n\t\t\t\t<\/div>\n\t\t\t\t<div data-elementor-type=\"loop-item\" data-elementor-id=\"305799\" class=\"elementor elementor-305799 e-loop-item e-loop-item-314989 post-314989 post type-post status-publish format-standard has-post-thumbnail hentry category-istaknuto category-izbori-clanci tag-izbori tag-nasa-stranka\" data-elementor-post-type=\"elementor_library\" data-custom-edit-handle=\"1\">\n\t\t\t<div class=\"elementor-element elementor-element-4c6b8705 e-flex e-con-boxed e-con e-parent\" data-id=\"4c6b8705\" data-element_type=\"container\" data-e-type=\"container\">\n\t\t\t\t\t<div class=\"e-con-inner\">\n\t\t\t\t<div class=\"elementor-element elementor-element-51eb30a0 elementor-widget elementor-widget-theme-post-featured-image elementor-widget-image\" data-id=\"51eb30a0\" data-element_type=\"widget\" data-e-type=\"widget\" data-widget_type=\"theme-post-featured-image.default\">\n\t\t\t\t\t\t\t\t\t\t\t\t\t\t\t\t<a href=\"https:\/\/tuzlainfo.ba\/index.php\/istaknuto\/item\/314989-nasa-stranka-na-trgu-slobode-u-tuzli-zvanicno-otvara-izbornu-kampanju\/\">\n\t\t\t\t\t\t\t<img decoding=\"async\" src=\"https:\/\/tuzlainfo.ba\/wp-content\/uploads\/elementor\/thumbs\/0409_zivimo_slobodno-rsx48iyx446gtjs8yt1gxqzp6pfh1gsmbqnolbagpu.jpg\" title=\"0409_zivimo_slobodno\" alt=\"0409_zivimo_slobodno\" loading=\"lazy\" \/>\t\t\t\t\t\t\t\t<\/a>\n\t\t\t\t\t\t\t\t\t\t\t\t\t\t\t<\/div>\n\t\t\t\t<div class=\"elementor-element elementor-element-161e1e56 elementor-widget elementor-widget-theme-post-title elementor-page-title elementor-widget-heading\" data-id=\"161e1e56\" data-element_type=\"widget\" data-e-type=\"widget\" data-widget_type=\"theme-post-title.default\">\n\t\t\t\t\t<h2 class=\"elementor-heading-title elementor-size-default\"><a href=\"https:\/\/tuzlainfo.ba\/index.php\/istaknuto\/item\/314989-nasa-stranka-na-trgu-slobode-u-tuzli-zvanicno-otvara-izbornu-kampanju\/\">Na\u0161a stranka na Trgu slobode u Tuzli zvani\u010dno otvara izbornu kampanju<\/a><\/h2>\t\t\t\t<\/div>\n\t\t\t\t\t<\/div>\n\t\t\t\t<\/div>\n\t\t\t\t<\/div>\n\t\t\t\t<div data-elementor-type=\"loop-item\" data-elementor-id=\"305799\" class=\"elementor elementor-305799 e-loop-item e-loop-item-314986 post-314986 post type-post status-publish format-standard has-post-thumbnail hentry category-istaknuto category-novosti tag-crna-hronika tag-hapsenje tag-napad tag-skola\" data-elementor-post-type=\"elementor_library\" data-custom-edit-handle=\"1\">\n\t\t\t<div class=\"elementor-element elementor-element-4c6b8705 e-flex e-con-boxed e-con e-parent\" data-id=\"4c6b8705\" data-element_type=\"container\" data-e-type=\"container\">\n\t\t\t\t\t<div class=\"e-con-inner\">\n\t\t\t\t<div class=\"elementor-element elementor-element-51eb30a0 elementor-widget elementor-widget-theme-post-featured-image elementor-widget-image\" data-id=\"51eb30a0\" data-element_type=\"widget\" data-e-type=\"widget\" data-widget_type=\"theme-post-featured-image.default\">\n\t\t\t\t\t\t\t\t\t\t\t\t\t\t\t\t<a href=\"https:\/\/tuzlainfo.ba\/index.php\/novosti\/item\/314986-uhapsena-djevojcica-koja-je-napale-dvije-ucenice-u-skoli-u-gornjoj-tuzli\/\">\n\t\t\t\t\t\t\t<img decoding=\"async\" src=\"https:\/\/tuzlainfo.ba\/wp-content\/uploads\/elementor\/thumbs\/gornja-tuzla-skola1-rswmii2q4irs66jul0lygr41b6689nvp9t6pjtao82.jpg\" title=\"gornja tuzla skola1\" alt=\"gornja tuzla skola1\" loading=\"lazy\" \/>\t\t\t\t\t\t\t\t<\/a>\n\t\t\t\t\t\t\t\t\t\t\t\t\t\t\t<\/div>\n\t\t\t\t<div class=\"elementor-element elementor-element-161e1e56 elementor-widget elementor-widget-theme-post-title elementor-page-title elementor-widget-heading\" data-id=\"161e1e56\" data-element_type=\"widget\" data-e-type=\"widget\" data-widget_type=\"theme-post-title.default\">\n\t\t\t\t\t<h2 class=\"elementor-heading-title elementor-size-default\"><a href=\"https:\/\/tuzlainfo.ba\/index.php\/novosti\/item\/314986-uhapsena-djevojcica-koja-je-napale-dvije-ucenice-u-skoli-u-gornjoj-tuzli\/\">Uhap\u0161ena djevoj\u010dica koja je napale dvije u\u010denice u \u0161koli u Gornjoj Tuzli<\/a><\/h2>\t\t\t\t<\/div>\n\t\t\t\t\t<\/div>\n\t\t\t\t<\/div>\n\t\t\t\t<\/div>\n\t\t\t\t<\/div>\n\t\t\n\t\t\t\t\t\t<\/div>\n\t\t\t\t<\/div>\n\t\t\t\t\t<\/div>\n\t\t\t\t<\/div>\n\t\t<div class=\"elementor-element elementor-element-eb7c1a0 e-flex e-con-boxed e-con e-parent\" data-id=\"eb7c1a0\" data-element_type=\"container\" data-e-type=\"container\">\n\t\t\t\t\t<div class=\"e-con-inner\">\n\t\t\t\t<div class=\"elementor-element elementor-element-55e8cdc elementor-widget elementor-widget-shortcode\" data-id=\"55e8cdc\" data-element_type=\"widget\" data-e-type=\"widget\" data-widget_type=\"shortcode.default\">\n\t\t\t\t\t\t\t<div class=\"elementor-shortcode\"><div class='ai-viewports ai-viewport-1 ai-insert-5-84425511' style='margin: 8px auto; text-align: center; display: block; clear: both;' data-insertion-position='prepend' data-selector='.ai-insert-5-84425511' data-insertion-no-dbg data-code='PGRpdiBjbGFzcz0nY29kZS1ibG9jayBjb2RlLWJsb2NrLTUgYWktdHJhY2snIGRhdGEtYWk9J1d6VXNNQ3dpUW14dlkyc2dOU0lzSWlJc01WMD0nIHN0eWxlPSdtYXJnaW46IDhweCBhdXRvOyB0ZXh0LWFsaWduOiBjZW50ZXI7IGRpc3BsYXk6IGJsb2NrOyBjbGVhcjogYm90aDsnPgo8YSBocmVmPSJodHRwczovL3d3dy56aXZpbW9zbG9ib2Ruby5iYS9uYXNpLWxqdWRpL3R1emxhbnNraS1rYW50b24vIj48aW1nIHNyYz0iaHR0cHM6Ly90dXpsYWluZm8uYmEvd3AtY29udGVudC91cGxvYWRzLzIwMjYvMDkvZmExNWRhNjYtMmFkNC00OWRmLWI5YzgtZmFkNzBhOTdkNzFkLnBuZyIgYWx0PSJOYXNhIHN0cmFua2EiPjwvYT48L2Rpdj4K' data-block='5'><\/div>\n<script>\n  ai_run_296247574468 = function(){ai_insert_viewport_code ('ai-insert-5-84425511');};\n  if (document.readyState === 'complete' || (document.readyState !== 'loading' && !document.documentElement.doScroll)) ai_run_296247574468 (); else document.addEventListener ('DOMContentLoaded', ai_run_296247574468);\n<\/script>\n<\/div>\n\t\t\t\t\t\t<\/div>\n\t\t\t\t\t<\/div>\n\t\t\t\t<\/div>\n\t\t<div class=\"elementor-element elementor-element-e3705aa e-con-full e-flex e-con e-parent\" data-id=\"e3705aa\" data-element_type=\"container\" data-e-type=\"container\">\n\t\t<div class=\"elementor-element elementor-element-23095b4 e-flex e-con-boxed e-con e-child\" data-id=\"23095b4\" data-element_type=\"container\" data-e-type=\"container\" data-settings=\"{&quot;background_background&quot;:&quot;classic&quot;}\">\n\t\t\t\t\t<div class=\"e-con-inner\">\n\t\t<div class=\"elementor-element elementor-element-992950f e-con-full e-flex e-con e-child\" data-id=\"992950f\" data-element_type=\"container\" data-e-type=\"container\">\n\t\t\t\t<div class=\"elementor-element elementor-element-3f626a9 elementor-widget__width-auto elementor-widget elementor-widget-heading\" data-id=\"3f626a9\" data-element_type=\"widget\" data-e-type=\"widget\" data-widget_type=\"heading.default\">\n\t\t\t\t\t<h2 class=\"elementor-heading-title elementor-size-default\"><a href=\"https:\/\/tuzlainfo.ba\/index.php\/tag\/dozivitk\/\">#Izbori2026<\/a><\/h2>\t\t\t\t<\/div>\n\t\t\t\t<\/div>\n\t\t\t\t<div class=\"elementor-element elementor-element-d416ded elementor-grid-3 elementor-grid-mobile-2 elementor-grid-tablet-2 elementor-widget elementor-widget-loop-grid\" data-id=\"d416ded\" data-element_type=\"widget\" data-e-type=\"widget\" data-settings=\"{&quot;template_id&quot;:&quot;305802&quot;,&quot;columns&quot;:3,&quot;row_gap&quot;:{&quot;unit&quot;:&quot;px&quot;,&quot;size&quot;:20,&quot;sizes&quot;:[]},&quot;columns_mobile&quot;:2,&quot;_skin&quot;:&quot;post&quot;,&quot;columns_tablet&quot;:&quot;2&quot;,&quot;edit_handle_selector&quot;:&quot;[data-elementor-type=\\&quot;loop-item\\&quot;]&quot;,&quot;row_gap_tablet&quot;:{&quot;unit&quot;:&quot;px&quot;,&quot;size&quot;:&quot;&quot;,&quot;sizes&quot;:[]},&quot;row_gap_mobile&quot;:{&quot;unit&quot;:&quot;px&quot;,&quot;size&quot;:&quot;&quot;,&quot;sizes&quot;:[]}}\" data-widget_type=\"loop-grid.post\">\n\t\t\t\t<div class=\"elementor-widget-container\">\n\t\t\t\t\t\t\t<div class=\"elementor-loop-container elementor-grid\" role=\"list\">\n\t\t<style id=\"loop-305802\">.elementor-305802 .elementor-element.elementor-element-29faf0a8{--display:flex;--gap:0px 0px;--row-gap:0px;--column-gap:0px;}.elementor-305802 .elementor-element.elementor-element-d951812 img{width:100%;border-style:solid;border-width:1px 1px 1px 1px;border-color:var( --e-global-color-2511325 );border-radius:10px 10px 0px 0px;}.elementor-305802 .elementor-element.elementor-element-51f80a9c .elementor-heading-title{font-size:15px;font-weight:700;color:var( --e-global-color-text );}.elementor-305802 .elementor-element.elementor-element-51f80a9c{padding:10px 10px 10px 10px;background-color:var( --e-global-color-2511325 );border-radius:0px 0px 10px 10px;}<\/style>\t\t<div data-elementor-type=\"loop-item\" data-elementor-id=\"305802\" class=\"elementor elementor-305802 e-loop-item e-loop-item-315001 post-315001 post type-post status-publish format-standard has-post-thumbnail hentry category-istaknuto category-izbori-clanci category-novosti tag-irfan-halilagic tag-izbori\" data-elementor-post-type=\"elementor_library\" data-custom-edit-handle=\"1\">\n\t\t\t<div class=\"elementor-element elementor-element-29faf0a8 e-flex e-con-boxed e-con e-parent\" data-id=\"29faf0a8\" data-element_type=\"container\" data-e-type=\"container\">\n\t\t\t\t\t<div class=\"e-con-inner\">\n\t\t\t\t<div class=\"elementor-element elementor-element-d951812 elementor-widget elementor-widget-theme-post-featured-image elementor-widget-image\" data-id=\"d951812\" data-element_type=\"widget\" data-e-type=\"widget\" data-widget_type=\"theme-post-featured-image.default\">\n\t\t\t\t\t\t\t\t\t\t\t\t\t\t\t\t<a href=\"https:\/\/tuzlainfo.ba\/index.php\/novosti\/item\/315001-halilagic-krenuo-u-utrku-za-parlament-fbih-rezultati-naseg-rada-neka-budu-razlog-za-povjerenje\/\">\n\t\t\t\t\t\t\t<img decoding=\"async\" src=\"https:\/\/tuzlainfo.ba\/wp-content\/uploads\/elementor\/thumbs\/irfan-halilagic_premijer-2-rlvyuwz5yu5uewv7yhawgghuvp6u173od8txymoa00.jpg\" title=\"irfan halilagic_premijer 2\" alt=\"irfan halilagic_premijer 2\" loading=\"lazy\" \/>\t\t\t\t\t\t\t\t<\/a>\n\t\t\t\t\t\t\t\t\t\t\t\t\t\t\t<\/div>\n\t\t\t\t<div class=\"elementor-element elementor-element-51f80a9c elementor-widget elementor-widget-theme-post-title elementor-page-title elementor-widget-heading\" data-id=\"51f80a9c\" data-element_type=\"widget\" data-e-type=\"widget\" data-widget_type=\"theme-post-title.default\">\n\t\t\t\t\t<h2 class=\"elementor-heading-title elementor-size-default\"><a href=\"https:\/\/tuzlainfo.ba\/index.php\/novosti\/item\/315001-halilagic-krenuo-u-utrku-za-parlament-fbih-rezultati-naseg-rada-neka-budu-razlog-za-povjerenje\/\">Halilagi\u0107 krenuo u utrku za Parlament FBiH: \u201eRezultati na\u0161eg rada neka budu razlog za povjerenje\u201c<\/a><\/h2>\t\t\t\t<\/div>\n\t\t\t\t\t<\/div>\n\t\t\t\t<\/div>\n\t\t\t\t<\/div>\n\t\t\t\t<div data-elementor-type=\"loop-item\" data-elementor-id=\"305802\" class=\"elementor elementor-305802 e-loop-item e-loop-item-314999 post-314999 post type-post status-publish format-standard has-post-thumbnail hentry category-istaknuto category-izbori-clanci category-novosti tag-grad-tuzla tag-izbori\" data-elementor-post-type=\"elementor_library\" data-custom-edit-handle=\"1\">\n\t\t\t<div class=\"elementor-element elementor-element-29faf0a8 e-flex e-con-boxed e-con e-parent\" data-id=\"29faf0a8\" data-element_type=\"container\" data-e-type=\"container\">\n\t\t\t\t\t<div class=\"e-con-inner\">\n\t\t\t\t<div class=\"elementor-element elementor-element-d951812 elementor-widget elementor-widget-theme-post-featured-image elementor-widget-image\" data-id=\"d951812\" data-element_type=\"widget\" data-e-type=\"widget\" data-widget_type=\"theme-post-featured-image.default\">\n\t\t\t\t\t\t\t\t\t\t\t\t\t\t\t\t<a href=\"https:\/\/tuzlainfo.ba\/index.php\/novosti\/item\/314999-grad-tuzla-upozorio-politicke-stranke-za-nepropisno-postavljanje-plakata-kazne-do-10-000-km\/\">\n\t\t\t\t\t\t\t<img decoding=\"async\" src=\"https:\/\/tuzlainfo.ba\/wp-content\/uploads\/elementor\/thumbs\/sadrzaj_2018_2018_01_Tuzla_1811_korzo_sbalkona-p4lbva2cw59qmfm76dbibux7kow94rhra6l0xgvyxs.jpg\" title=\"1811 korzo sbalkona\" alt=\"1811 korzo sbalkona\" loading=\"lazy\" \/>\t\t\t\t\t\t\t\t<\/a>\n\t\t\t\t\t\t\t\t\t\t\t\t\t\t\t<\/div>\n\t\t\t\t<div class=\"elementor-element elementor-element-51f80a9c elementor-widget elementor-widget-theme-post-title elementor-page-title elementor-widget-heading\" data-id=\"51f80a9c\" data-element_type=\"widget\" data-e-type=\"widget\" data-widget_type=\"theme-post-title.default\">\n\t\t\t\t\t<h2 class=\"elementor-heading-title elementor-size-default\"><a href=\"https:\/\/tuzlainfo.ba\/index.php\/novosti\/item\/314999-grad-tuzla-upozorio-politicke-stranke-za-nepropisno-postavljanje-plakata-kazne-do-10-000-km\/\">Grad Tuzla upozorio politi\u010dke stranke: Za nepropisno postavljanje plakata kazne do 10.000 KM<\/a><\/h2>\t\t\t\t<\/div>\n\t\t\t\t\t<\/div>\n\t\t\t\t<\/div>\n\t\t\t\t<\/div>\n\t\t\t\t<div data-elementor-type=\"loop-item\" data-elementor-id=\"305802\" class=\"elementor elementor-305802 e-loop-item e-loop-item-314989 post-314989 post type-post status-publish format-standard has-post-thumbnail hentry category-istaknuto category-izbori-clanci tag-izbori tag-nasa-stranka\" data-elementor-post-type=\"elementor_library\" data-custom-edit-handle=\"1\">\n\t\t\t<div class=\"elementor-element elementor-element-29faf0a8 e-flex e-con-boxed e-con e-parent\" data-id=\"29faf0a8\" data-element_type=\"container\" data-e-type=\"container\">\n\t\t\t\t\t<div class=\"e-con-inner\">\n\t\t\t\t<div class=\"elementor-element elementor-element-d951812 elementor-widget elementor-widget-theme-post-featured-image elementor-widget-image\" data-id=\"d951812\" data-element_type=\"widget\" data-e-type=\"widget\" data-widget_type=\"theme-post-featured-image.default\">\n\t\t\t\t\t\t\t\t\t\t\t\t\t\t\t\t<a href=\"https:\/\/tuzlainfo.ba\/index.php\/istaknuto\/item\/314989-nasa-stranka-na-trgu-slobode-u-tuzli-zvanicno-otvara-izbornu-kampanju\/\">\n\t\t\t\t\t\t\t<img decoding=\"async\" src=\"https:\/\/tuzlainfo.ba\/wp-content\/uploads\/elementor\/thumbs\/0409_zivimo_slobodno-rsx48iz3575ka60ss28cmpfkh2oslpctqga1kqsrz4.jpg\" title=\"0409_zivimo_slobodno\" alt=\"0409_zivimo_slobodno\" loading=\"lazy\" \/>\t\t\t\t\t\t\t\t<\/a>\n\t\t\t\t\t\t\t\t\t\t\t\t\t\t\t<\/div>\n\t\t\t\t<div class=\"elementor-element elementor-element-51f80a9c elementor-widget elementor-widget-theme-post-title elementor-page-title elementor-widget-heading\" data-id=\"51f80a9c\" data-element_type=\"widget\" data-e-type=\"widget\" data-widget_type=\"theme-post-title.default\">\n\t\t\t\t\t<h2 class=\"elementor-heading-title elementor-size-default\"><a href=\"https:\/\/tuzlainfo.ba\/index.php\/istaknuto\/item\/314989-nasa-stranka-na-trgu-slobode-u-tuzli-zvanicno-otvara-izbornu-kampanju\/\">Na\u0161a stranka na Trgu slobode u Tuzli zvani\u010dno otvara izbornu kampanju<\/a><\/h2>\t\t\t\t<\/div>\n\t\t\t\t\t<\/div>\n\t\t\t\t<\/div>\n\t\t\t\t<\/div>\n\t\t\t\t<div data-elementor-type=\"loop-item\" data-elementor-id=\"305802\" class=\"elementor elementor-305802 e-loop-item e-loop-item-314855 post-314855 post type-post status-publish format-standard has-post-thumbnail hentry category-izbori-clanci tag-izbori tag-nasa-stranka\" data-elementor-post-type=\"elementor_library\" data-custom-edit-handle=\"1\">\n\t\t\t<div class=\"elementor-element elementor-element-29faf0a8 e-flex e-con-boxed e-con e-parent\" data-id=\"29faf0a8\" data-element_type=\"container\" data-e-type=\"container\">\n\t\t\t\t\t<div class=\"e-con-inner\">\n\t\t\t\t<div class=\"elementor-element elementor-element-d951812 elementor-widget elementor-widget-theme-post-featured-image elementor-widget-image\" data-id=\"d951812\" data-element_type=\"widget\" data-e-type=\"widget\" data-widget_type=\"theme-post-featured-image.default\">\n\t\t\t\t\t\t\t\t\t\t\t\t\t\t\t\t<a href=\"https:\/\/tuzlainfo.ba\/index.php\/clanci\/izbori-clanci\/item\/314855-nasa-stranka-u-kampanju-ulazi-sa-sloganom-zivimo-slobodno\/\">\n\t\t\t\t\t\t\t<img decoding=\"async\" src=\"https:\/\/tuzlainfo.ba\/wp-content\/uploads\/elementor\/thumbs\/nasa_stranka_zivimo_slobodono-rswemw7y35icmcqsgoj6u9z469andkjh0sozrpb8v4.jpg\" title=\"nasa_stranka_zivimo_slobodono\" alt=\"nasa_stranka_zivimo_slobodono\" loading=\"lazy\" \/>\t\t\t\t\t\t\t\t<\/a>\n\t\t\t\t\t\t\t\t\t\t\t\t\t\t\t<\/div>\n\t\t\t\t<div class=\"elementor-element elementor-element-51f80a9c elementor-widget elementor-widget-theme-post-title elementor-page-title elementor-widget-heading\" data-id=\"51f80a9c\" data-element_type=\"widget\" data-e-type=\"widget\" data-widget_type=\"theme-post-title.default\">\n\t\t\t\t\t<h2 class=\"elementor-heading-title elementor-size-default\"><a href=\"https:\/\/tuzlainfo.ba\/index.php\/clanci\/izbori-clanci\/item\/314855-nasa-stranka-u-kampanju-ulazi-sa-sloganom-zivimo-slobodno\/\">Na\u0161a stranka u kampanju ulazi sa sloganom \u201e\u017divimo slobodno\u201c<\/a><\/h2>\t\t\t\t<\/div>\n\t\t\t\t\t<\/div>\n\t\t\t\t<\/div>\n\t\t\t\t<\/div>\n\t\t\t\t<div data-elementor-type=\"loop-item\" data-elementor-id=\"305802\" class=\"elementor elementor-305802 e-loop-item e-loop-item-314852 post-314852 post type-post status-publish format-standard has-post-thumbnail hentry category-izbori-clanci tag-izbori tag-ko-sda-tk tag-sda\" data-elementor-post-type=\"elementor_library\" data-custom-edit-handle=\"1\">\n\t\t\t<div class=\"elementor-element elementor-element-29faf0a8 e-flex e-con-boxed e-con e-parent\" data-id=\"29faf0a8\" data-element_type=\"container\" data-e-type=\"container\">\n\t\t\t\t\t<div class=\"e-con-inner\">\n\t\t\t\t<div class=\"elementor-element elementor-element-d951812 elementor-widget elementor-widget-theme-post-featured-image elementor-widget-image\" data-id=\"d951812\" data-element_type=\"widget\" data-e-type=\"widget\" data-widget_type=\"theme-post-featured-image.default\">\n\t\t\t\t\t\t\t\t\t\t\t\t\t\t\t\t<a href=\"https:\/\/tuzlainfo.ba\/index.php\/clanci\/izbori-clanci\/item\/314852-sda-tk-predizbornu-kampanju-otvara-skupom-u-kladnju\/\">\n\t\t\t\t\t\t\t<img decoding=\"async\" src=\"https:\/\/tuzlainfo.ba\/wp-content\/uploads\/elementor\/thumbs\/samo_SDA-rswe8rp9ds685b9fy2q0vcaqssx2pbgoqvrb5098dc.jpg\" title=\"samo_SDA\" alt=\"samo_SDA\" loading=\"lazy\" \/>\t\t\t\t\t\t\t\t<\/a>\n\t\t\t\t\t\t\t\t\t\t\t\t\t\t\t<\/div>\n\t\t\t\t<div class=\"elementor-element elementor-element-51f80a9c elementor-widget elementor-widget-theme-post-title elementor-page-title elementor-widget-heading\" data-id=\"51f80a9c\" data-element_type=\"widget\" data-e-type=\"widget\" data-widget_type=\"theme-post-title.default\">\n\t\t\t\t\t<h2 class=\"elementor-heading-title elementor-size-default\"><a href=\"https:\/\/tuzlainfo.ba\/index.php\/clanci\/izbori-clanci\/item\/314852-sda-tk-predizbornu-kampanju-otvara-skupom-u-kladnju\/\">SDA TK predizbornu kampanju otvara skupom u Kladnju<\/a><\/h2>\t\t\t\t<\/div>\n\t\t\t\t\t<\/div>\n\t\t\t\t<\/div>\n\t\t\t\t<\/div>\n\t\t\t\t<div data-elementor-type=\"loop-item\" data-elementor-id=\"305802\" class=\"elementor elementor-305802 e-loop-item e-loop-item-314850 post-314850 post type-post status-publish format-standard has-post-thumbnail hentry category-izbori-clanci category-novosti tag-izbori tag-izbori-2026 tag-ko-sdp-bih tag-sdp\" data-elementor-post-type=\"elementor_library\" data-custom-edit-handle=\"1\">\n\t\t\t<div class=\"elementor-element elementor-element-29faf0a8 e-flex e-con-boxed e-con e-parent\" data-id=\"29faf0a8\" data-element_type=\"container\" data-e-type=\"container\">\n\t\t\t\t\t<div class=\"e-con-inner\">\n\t\t\t\t<div class=\"elementor-element elementor-element-d951812 elementor-widget elementor-widget-theme-post-featured-image elementor-widget-image\" data-id=\"d951812\" data-element_type=\"widget\" data-e-type=\"widget\" data-widget_type=\"theme-post-featured-image.default\">\n\t\t\t\t\t\t\t\t\t\t\t\t\t\t\t\t<a href=\"https:\/\/tuzlainfo.ba\/index.php\/novosti\/item\/314850-sdp-bih-iz-tuzle-otvara-izbornu-kampanju-becirovic-i-niksic-na-centralnom-skupu-u-mejdanu\/\">\n\t\t\t\t\t\t\t<img decoding=\"async\" src=\"https:\/\/tuzlainfo.ba\/wp-content\/uploads\/elementor\/thumbs\/1009_SDP-7_niksic-qtw39vc606g8t4ducxmzq9eb3lbc08qfmqa7oluh0g.jpg\" title=\"1009_SDP (7)_niksic\" alt=\"1009_SDP (7)_niksic\" loading=\"lazy\" \/>\t\t\t\t\t\t\t\t<\/a>\n\t\t\t\t\t\t\t\t\t\t\t\t\t\t\t<\/div>\n\t\t\t\t<div class=\"elementor-element elementor-element-51f80a9c elementor-widget elementor-widget-theme-post-title elementor-page-title elementor-widget-heading\" data-id=\"51f80a9c\" data-element_type=\"widget\" data-e-type=\"widget\" data-widget_type=\"theme-post-title.default\">\n\t\t\t\t\t<h2 class=\"elementor-heading-title elementor-size-default\"><a href=\"https:\/\/tuzlainfo.ba\/index.php\/novosti\/item\/314850-sdp-bih-iz-tuzle-otvara-izbornu-kampanju-becirovic-i-niksic-na-centralnom-skupu-u-mejdanu\/\">SDP BiH iz Tuzle otvara izbornu kampanju: Be\u0107irovi\u0107 i Nik\u0161i\u0107 na centralnom skupu u Mejdanu<\/a><\/h2>\t\t\t\t<\/div>\n\t\t\t\t\t<\/div>\n\t\t\t\t<\/div>\n\t\t\t\t<\/div>\n\t\t\t\t<\/div>\n\t\t\n\t\t\t\t\t\t<\/div>\n\t\t\t\t<\/div>\n\t\t\t\t\t<\/div>\n\t\t\t\t<\/div>\n\t\t\t\t<\/div>\n\t\t<div class=\"elementor-element elementor-element-bc4a5f6 e-flex e-con-boxed e-con e-parent\" data-id=\"bc4a5f6\" data-element_type=\"container\" data-e-type=\"container\">\n\t\t\t\t\t<div class=\"e-con-inner\">\n\t\t\t\t<div class=\"elementor-element elementor-element-d6a52b6 elementor-widget elementor-widget-shortcode\" data-id=\"d6a52b6\" data-element_type=\"widget\" data-e-type=\"widget\" data-widget_type=\"shortcode.default\">\n\t\t\t\t\t\t\t<div class=\"elementor-shortcode\"><div class='ai-viewports ai-viewport-1 ai-insert-54-60858868' style='margin: 8px 0; clear: both;' data-insertion-position='prepend' data-selector='.ai-insert-54-60858868' data-insertion-no-dbg data-code='PGRpdiBjbGFzcz0nY29kZS1ibG9jayBjb2RlLWJsb2NrLTU0JyBzdHlsZT0nbWFyZ2luOiA4cHggMDsgY2xlYXI6IGJvdGg7Jz4KPCEtLSBHb29nbGUgb2dsYXMgbmEgZGVza3RvcHUgaXNwb2Qgc2xhamRlcmEgdmlqZXN0aSAtLT4KPHNjcmlwdCBhc3luYyBzcmM9Imh0dHBzOi8vcGFnZWFkMi5nb29nbGVzeW5kaWNhdGlvbi5jb20vcGFnZWFkL2pzL2Fkc2J5Z29vZ2xlLmpzP2NsaWVudD1jYS1wdWItNTE0Njg0MDQ2OTQxNzc5NCIKICAgICBjcm9zc29yaWdpbj0iYW5vbnltb3VzIj48L3NjcmlwdD4KPCEtLSBSZXNwb256aXZuaSBvZ2xhcyAtLT4KPGlucyBjbGFzcz0iYWRzYnlnb29nbGUiCiAgICAgc3R5bGU9ImRpc3BsYXk6YmxvY2siCiAgICAgZGF0YS1hZC1jbGllbnQ9ImNhLXB1Yi01MTQ2ODQwNDY5NDE3Nzk0IgogICAgIGRhdGEtYWQtc2xvdD0iNjQ4NzA5MjgxNSIKICAgICBkYXRhLWFkLWZvcm1hdD0iYXV0byIKICAgICBkYXRhLWZ1bGwtd2lkdGgtcmVzcG9uc2l2ZT0idHJ1ZSI+PC9pbnM+CjxzY3JpcHQ+CiAgICAgKGFkc2J5Z29vZ2xlID0gd2luZG93LmFkc2J5Z29vZ2xlIHx8IFtdKS5wdXNoKHt9KTsKPC9zY3JpcHQ+PC9kaXY+Cg==' data-block='54'><\/div>\n<script>\n  ai_run_246581510369 = function(){ai_insert_viewport_code ('ai-insert-54-60858868');};\n  if (document.readyState === 'complete' || (document.readyState !== 'loading' && !document.documentElement.doScroll)) ai_run_246581510369 (); else document.addEventListener ('DOMContentLoaded', ai_run_246581510369);\n<\/script>\n<\/div>\n\t\t\t\t\t\t<\/div>\n\t\t\t\t\t<\/div>\n\t\t\t\t<\/div>\n\t\t<div class=\"elementor-element elementor-element-ef15777 e-grid e-con-boxed e-con e-parent\" data-id=\"ef15777\" data-element_type=\"container\" data-e-type=\"container\">\n\t\t\t\t\t<div class=\"e-con-inner\">\n\t\t\t\t<div class=\"elementor-element elementor-element-ffd5352 elementor-widget__width-inherit elementor-widget elementor-widget-heading\" data-id=\"ffd5352\" data-element_type=\"widget\" data-e-type=\"widget\" data-widget_type=\"heading.default\">\n\t\t\t\t\t<span class=\"elementor-heading-title elementor-size-default\"><a href=\"https:\/\/tuzlainfo.ba\/index.php\/tag\/grad-tuzla\/\">#grad tuzla<\/a><\/span>\t\t\t\t<\/div>\n\t\t\t\t<div class=\"elementor-element elementor-element-f907ba2 elementor-widget__width-inherit elementor-widget elementor-widget-heading\" data-id=\"f907ba2\" data-element_type=\"widget\" data-e-type=\"widget\" data-widget_type=\"heading.default\">\n\t\t\t\t\t<span class=\"elementor-heading-title elementor-size-default\"><a href=\"https:\/\/tuzlainfo.ba\/index.php\/tag\/vlada-tk\/\"># vlada tk<\/a><\/span>\t\t\t\t<\/div>\n\t\t\t\t<div class=\"elementor-element elementor-element-7cc662f elementor-widget__width-inherit elementor-widget elementor-widget-heading\" data-id=\"7cc662f\" data-element_type=\"widget\" data-e-type=\"widget\" data-widget_type=\"heading.default\">\n\t\t\t\t\t<span class=\"elementor-heading-title elementor-size-default\"><a href=\"https:\/\/tuzlainfo.ba\/index.php\/tag\/sport\/\"># sport<\/a><\/span>\t\t\t\t<\/div>\n\t\t\t\t<div class=\"elementor-element elementor-element-8d030a0 elementor-widget__width-inherit elementor-widget elementor-widget-heading\" data-id=\"8d030a0\" data-element_type=\"widget\" data-e-type=\"widget\" data-widget_type=\"heading.default\">\n\t\t\t\t\t<span class=\"elementor-heading-title elementor-size-default\"><a href=\"https:\/\/tuzlainfo.ba\/index.php\/tag\/zmajevi\/\"># zmajevi<\/a><\/span>\t\t\t\t<\/div>\n\t\t\t\t<div class=\"elementor-element elementor-element-b5583ac elementor-widget__width-inherit elementor-widget elementor-widget-heading\" data-id=\"b5583ac\" data-element_type=\"widget\" data-e-type=\"widget\" data-widget_type=\"heading.default\">\n\t\t\t\t\t<span class=\"elementor-heading-title elementor-size-default\"><a href=\"https:\/\/tuzlainfo.ba\/index.php\/tag\/tuzla\/\"># tuzla<\/a><\/span>\t\t\t\t<\/div>\n\t\t\t\t<div class=\"elementor-element elementor-element-ace3e90 elementor-widget__width-inherit elementor-widget elementor-widget-heading\" data-id=\"ace3e90\" data-element_type=\"widget\" data-e-type=\"widget\" data-widget_type=\"heading.default\">\n\t\t\t\t\t<span class=\"elementor-heading-title elementor-size-default\"><a href=\"https:\/\/tuzlainfo.ba\/index.php\/tag\/crna-hronika\/\"># crna hronika<\/a><\/span>\t\t\t\t<\/div>\n\t\t\t\t\t<\/div>\n\t\t\t\t<\/div>\n\t\t<div class=\"elementor-element elementor-element-572cca4 e-flex e-con-boxed e-con e-parent\" data-id=\"572cca4\" data-element_type=\"container\" data-e-type=\"container\">\n\t\t\t\t\t<div class=\"e-con-inner\">\n\t\t<div class=\"elementor-element elementor-element-f9ea4ea e-con-full e-flex e-con e-child\" data-id=\"f9ea4ea\" data-element_type=\"container\" data-e-type=\"container\">\n\t\t<div class=\"elementor-element elementor-element-eef73f5 e-con-full e-flex e-con e-child\" data-id=\"eef73f5\" data-element_type=\"container\" data-e-type=\"container\">\n\t\t<div class=\"elementor-element elementor-element-13763e3 e-con-full e-flex e-con e-child\" data-id=\"13763e3\" data-element_type=\"container\" data-e-type=\"container\">\n\t\t<div class=\"elementor-element elementor-element-c2973eb e-con-full e-flex e-con e-child\" data-id=\"c2973eb\" data-element_type=\"container\" data-e-type=\"container\">\n\t\t\t\t<div class=\"elementor-element elementor-element-1753025 elementor-widget elementor-widget-heading\" data-id=\"1753025\" data-element_type=\"widget\" data-e-type=\"widget\" data-widget_type=\"heading.default\">\n\t\t\t\t\t<h2 class=\"elementor-heading-title elementor-size-default\"><a href=\"https:\/\/tuzlainfo.ba\/index.php\/category\/novosti\/\">Tuzla\/ Tuzlanski kanton<\/a><\/h2>\t\t\t\t<\/div>\n\t\t\t\t<div class=\"elementor-element elementor-element-4ac77bf elementor-widget-divider--view-line elementor-widget elementor-widget-divider\" data-id=\"4ac77bf\" data-element_type=\"widget\" data-e-type=\"widget\" data-widget_type=\"divider.default\">\n\t\t\t\t\t\t\t<div class=\"elementor-divider\">\n\t\t\t<span class=\"elementor-divider-separator\">\n\t\t\t\t\t\t<\/span>\n\t\t<\/div>\n\t\t\t\t\t\t<\/div>\n\t\t\t\t<div class=\"elementor-element elementor-element-b4654d0 elementor-grid-1 elementor-grid-tablet-2 elementor-grid-mobile-1 elementor-widget elementor-widget-loop-grid\" data-id=\"b4654d0\" data-element_type=\"widget\" data-e-type=\"widget\" data-settings=\"{&quot;template_id&quot;:&quot;305805&quot;,&quot;columns&quot;:1,&quot;row_gap&quot;:{&quot;unit&quot;:&quot;px&quot;,&quot;size&quot;:20,&quot;sizes&quot;:[]},&quot;_skin&quot;:&quot;post&quot;,&quot;columns_tablet&quot;:&quot;2&quot;,&quot;columns_mobile&quot;:&quot;1&quot;,&quot;edit_handle_selector&quot;:&quot;[data-elementor-type=\\&quot;loop-item\\&quot;]&quot;,&quot;row_gap_tablet&quot;:{&quot;unit&quot;:&quot;px&quot;,&quot;size&quot;:&quot;&quot;,&quot;sizes&quot;:[]},&quot;row_gap_mobile&quot;:{&quot;unit&quot;:&quot;px&quot;,&quot;size&quot;:&quot;&quot;,&quot;sizes&quot;:[]}}\" data-widget_type=\"loop-grid.post\">\n\t\t\t\t<div class=\"elementor-widget-container\">\n\t\t\t\t\t\t\t<div class=\"elementor-loop-container elementor-grid\" role=\"list\">\n\t\t<style id=\"loop-305805\">.elementor-305805 .elementor-element.elementor-element-13c0342f{--display:flex;--flex-direction:row;--container-widget-width:calc( ( 1 - var( --container-widget-flex-grow ) ) * 100% );--container-widget-height:100%;--container-widget-flex-grow:1;--container-widget-align-self:stretch;--flex-wrap-mobile:wrap;--align-items:center;--gap:0px 0px;--row-gap:0px;--column-gap:0px;}.elementor-305805 .elementor-element.elementor-element-12653b04 img{width:100%;}.elementor-305805 .elementor-element.elementor-element-12653b04{width:var( --container-widget-width, 25% );max-width:25%;--container-widget-width:25%;--container-widget-flex-grow:0;}.elementor-305805 .elementor-element.elementor-element-6bcb5259 .elementor-heading-title{font-size:16px;font-weight:700;}.elementor-305805 .elementor-element.elementor-element-6bcb5259{padding:10px 10px 10px 10px;width:var( --container-widget-width, 75% );max-width:75%;--container-widget-width:75%;--container-widget-flex-grow:0;}<\/style>\t\t<div data-elementor-type=\"loop-item\" data-elementor-id=\"305805\" class=\"elementor elementor-305805 e-loop-item e-loop-item-314961 post-314961 post type-post status-publish format-standard has-post-thumbnail hentry category-istaknuto category-novosti tag-planska-iskljucenja-struje-tuzla\" data-elementor-post-type=\"elementor_library\" data-custom-edit-handle=\"1\">\n\t\t\t<div class=\"elementor-element elementor-element-13c0342f e-flex e-con-boxed e-con e-parent\" data-id=\"13c0342f\" data-element_type=\"container\" data-e-type=\"container\">\n\t\t\t\t\t<div class=\"e-con-inner\">\n\t\t\t\t<div class=\"elementor-element elementor-element-12653b04 elementor-widget__width-initial elementor-widget elementor-widget-theme-post-featured-image elementor-widget-image\" data-id=\"12653b04\" data-element_type=\"widget\" data-e-type=\"widget\" data-widget_type=\"theme-post-featured-image.default\">\n\t\t\t\t\t\t\t\t\t\t\t\t\t\t\t\t<a href=\"https:\/\/tuzlainfo.ba\/index.php\/novosti\/item\/314961-elektrodistribucija-planska-iskljucenja-el-energije-za-nedjelju-6-septembra\/\">\n\t\t\t\t\t\t\t<img decoding=\"async\" src=\"https:\/\/tuzlainfo.ba\/wp-content\/uploads\/elementor\/thumbs\/2504_elektro_planska_struja-pnweoyd97fexnoor8i7s0m2oe7k83lvjlnsl8u31wu.jpg\" title=\"2504_elektro_planska_struja\" alt=\"2504_elektro_planska_struja\" loading=\"lazy\" \/>\t\t\t\t\t\t\t\t<\/a>\n\t\t\t\t\t\t\t\t\t\t\t\t\t\t\t<\/div>\n\t\t\t\t<div class=\"elementor-element elementor-element-6bcb5259 elementor-widget__width-initial elementor-widget elementor-widget-theme-post-title elementor-page-title elementor-widget-heading\" data-id=\"6bcb5259\" data-element_type=\"widget\" data-e-type=\"widget\" data-widget_type=\"theme-post-title.default\">\n\t\t\t\t\t<h2 class=\"elementor-heading-title elementor-size-default\"><a href=\"https:\/\/tuzlainfo.ba\/index.php\/novosti\/item\/314961-elektrodistribucija-planska-iskljucenja-el-energije-za-nedjelju-6-septembra\/\">Elektrodistribucija: Planska isklju\u010denja el. energije za nedjelju 6. septembra<\/a><\/h2>\t\t\t\t<\/div>\n\t\t\t\t\t<\/div>\n\t\t\t\t<\/div>\n\t\t\t\t<\/div>\n\t\t\t\t<div data-elementor-type=\"loop-item\" data-elementor-id=\"305805\" class=\"elementor elementor-305805 e-loop-item e-loop-item-315001 post-315001 post type-post status-publish format-standard has-post-thumbnail hentry category-istaknuto category-izbori-clanci category-novosti tag-irfan-halilagic tag-izbori\" data-elementor-post-type=\"elementor_library\" data-custom-edit-handle=\"1\">\n\t\t\t<div class=\"elementor-element elementor-element-13c0342f e-flex e-con-boxed e-con e-parent\" data-id=\"13c0342f\" data-element_type=\"container\" data-e-type=\"container\">\n\t\t\t\t\t<div class=\"e-con-inner\">\n\t\t\t\t<div class=\"elementor-element elementor-element-12653b04 elementor-widget__width-initial elementor-widget elementor-widget-theme-post-featured-image elementor-widget-image\" data-id=\"12653b04\" data-element_type=\"widget\" data-e-type=\"widget\" data-widget_type=\"theme-post-featured-image.default\">\n\t\t\t\t\t\t\t\t\t\t\t\t\t\t\t\t<a href=\"https:\/\/tuzlainfo.ba\/index.php\/novosti\/item\/315001-halilagic-krenuo-u-utrku-za-parlament-fbih-rezultati-naseg-rada-neka-budu-razlog-za-povjerenje\/\">\n\t\t\t\t\t\t\t<img decoding=\"async\" src=\"https:\/\/tuzlainfo.ba\/wp-content\/uploads\/elementor\/thumbs\/irfan-halilagic_premijer-2-rlvyuwyys3ce4nojwhp0lfa1s38ctfvkjebp1p5ca6.jpg\" title=\"irfan halilagic_premijer 2\" alt=\"irfan halilagic_premijer 2\" loading=\"lazy\" \/>\t\t\t\t\t\t\t\t<\/a>\n\t\t\t\t\t\t\t\t\t\t\t\t\t\t\t<\/div>\n\t\t\t\t<div class=\"elementor-element elementor-element-6bcb5259 elementor-widget__width-initial elementor-widget elementor-widget-theme-post-title elementor-page-title elementor-widget-heading\" data-id=\"6bcb5259\" data-element_type=\"widget\" data-e-type=\"widget\" data-widget_type=\"theme-post-title.default\">\n\t\t\t\t\t<h2 class=\"elementor-heading-title elementor-size-default\"><a href=\"https:\/\/tuzlainfo.ba\/index.php\/novosti\/item\/315001-halilagic-krenuo-u-utrku-za-parlament-fbih-rezultati-naseg-rada-neka-budu-razlog-za-povjerenje\/\">Halilagi\u0107 krenuo u utrku za Parlament FBiH: \u201eRezultati na\u0161eg rada neka budu razlog za povjerenje\u201c<\/a><\/h2>\t\t\t\t<\/div>\n\t\t\t\t\t<\/div>\n\t\t\t\t<\/div>\n\t\t\t\t<\/div>\n\t\t\t\t<div data-elementor-type=\"loop-item\" data-elementor-id=\"305805\" class=\"elementor elementor-305805 e-loop-item e-loop-item-314999 post-314999 post type-post status-publish format-standard has-post-thumbnail hentry category-istaknuto category-izbori-clanci category-novosti tag-grad-tuzla tag-izbori\" data-elementor-post-type=\"elementor_library\" data-custom-edit-handle=\"1\">\n\t\t\t<div class=\"elementor-element elementor-element-13c0342f e-flex e-con-boxed e-con e-parent\" data-id=\"13c0342f\" data-element_type=\"container\" data-e-type=\"container\">\n\t\t\t\t\t<div class=\"e-con-inner\">\n\t\t\t\t<div class=\"elementor-element elementor-element-12653b04 elementor-widget__width-initial elementor-widget elementor-widget-theme-post-featured-image elementor-widget-image\" data-id=\"12653b04\" data-element_type=\"widget\" data-e-type=\"widget\" data-widget_type=\"theme-post-featured-image.default\">\n\t\t\t\t\t\t\t\t\t\t\t\t\t\t\t\t<a href=\"https:\/\/tuzlainfo.ba\/index.php\/novosti\/item\/314999-grad-tuzla-upozorio-politicke-stranke-za-nepropisno-postavljanje-plakata-kazne-do-10-000-km\/\">\n\t\t\t\t\t\t\t<img decoding=\"async\" src=\"https:\/\/tuzlainfo.ba\/wp-content\/uploads\/elementor\/thumbs\/sadrzaj_2018_2018_01_Tuzla_1811_korzo_sbalkona-p4lbva25pegac6fj4dpmgtpeh2xrx09ngc2s0jd17y.jpg\" title=\"1811 korzo sbalkona\" alt=\"1811 korzo sbalkona\" loading=\"lazy\" \/>\t\t\t\t\t\t\t\t<\/a>\n\t\t\t\t\t\t\t\t\t\t\t\t\t\t\t<\/div>\n\t\t\t\t<div class=\"elementor-element elementor-element-6bcb5259 elementor-widget__width-initial elementor-widget elementor-widget-theme-post-title elementor-page-title elementor-widget-heading\" data-id=\"6bcb5259\" data-element_type=\"widget\" data-e-type=\"widget\" data-widget_type=\"theme-post-title.default\">\n\t\t\t\t\t<h2 class=\"elementor-heading-title elementor-size-default\"><a href=\"https:\/\/tuzlainfo.ba\/index.php\/novosti\/item\/314999-grad-tuzla-upozorio-politicke-stranke-za-nepropisno-postavljanje-plakata-kazne-do-10-000-km\/\">Grad Tuzla upozorio politi\u010dke stranke: Za nepropisno postavljanje plakata kazne do 10.000 KM<\/a><\/h2>\t\t\t\t<\/div>\n\t\t\t\t\t<\/div>\n\t\t\t\t<\/div>\n\t\t\t\t<\/div>\n\t\t\t\t<\/div>\n\t\t\n\t\t\t\t\t\t<\/div>\n\t\t\t\t<\/div>\n\t\t\t\t<\/div>\n\t\t<div class=\"elementor-element elementor-element-f660890 e-con-full e-flex e-con e-child\" data-id=\"f660890\" data-element_type=\"container\" data-e-type=\"container\">\n\t\t\t\t<div class=\"elementor-element elementor-element-c1bc7cf elementor-widget elementor-widget-heading\" data-id=\"c1bc7cf\" data-element_type=\"widget\" data-e-type=\"widget\" data-widget_type=\"heading.default\">\n\t\t\t\t\t<h2 class=\"elementor-heading-title elementor-size-default\"><a href=\"https:\/\/tuzlainfo.ba\/index.php\/category\/najava-dogadaja-2\/\">NAJAVE DOGA\u0110AJA<\/a><\/h2>\t\t\t\t<\/div>\n\t\t\t\t<div class=\"elementor-element elementor-element-08265a7 elementor-widget-divider--view-line elementor-widget elementor-widget-divider\" data-id=\"08265a7\" data-element_type=\"widget\" data-e-type=\"widget\" data-widget_type=\"divider.default\">\n\t\t\t\t\t\t\t<div class=\"elementor-divider\">\n\t\t\t<span class=\"elementor-divider-separator\">\n\t\t\t\t\t\t<\/span>\n\t\t<\/div>\n\t\t\t\t\t\t<\/div>\n\t\t\t\t<div class=\"elementor-element elementor-element-338323c elementor-grid-1 elementor-grid-tablet-2 elementor-grid-mobile-1 elementor-widget elementor-widget-loop-grid\" data-id=\"338323c\" data-element_type=\"widget\" data-e-type=\"widget\" data-settings=\"{&quot;template_id&quot;:&quot;305805&quot;,&quot;columns&quot;:1,&quot;row_gap&quot;:{&quot;unit&quot;:&quot;px&quot;,&quot;size&quot;:20,&quot;sizes&quot;:[]},&quot;_skin&quot;:&quot;post&quot;,&quot;columns_tablet&quot;:&quot;2&quot;,&quot;columns_mobile&quot;:&quot;1&quot;,&quot;edit_handle_selector&quot;:&quot;[data-elementor-type=\\&quot;loop-item\\&quot;]&quot;,&quot;row_gap_tablet&quot;:{&quot;unit&quot;:&quot;px&quot;,&quot;size&quot;:&quot;&quot;,&quot;sizes&quot;:[]},&quot;row_gap_mobile&quot;:{&quot;unit&quot;:&quot;px&quot;,&quot;size&quot;:&quot;&quot;,&quot;sizes&quot;:[]}}\" data-widget_type=\"loop-grid.post\">\n\t\t\t\t<div class=\"elementor-widget-container\">\n\t\t\t\t\t\t\t<div class=\"elementor-loop-container elementor-grid\" role=\"list\">\n\t\t\t\t<div data-elementor-type=\"loop-item\" data-elementor-id=\"305805\" class=\"elementor elementor-305805 e-loop-item e-loop-item-314725 post-314725 post type-post status-publish format-standard has-post-thumbnail hentry category-najava-dogadaja-2 tag-zenska-vizija\" data-elementor-post-type=\"elementor_library\" data-custom-edit-handle=\"1\">\n\t\t\t<div class=\"elementor-element elementor-element-13c0342f e-flex e-con-boxed e-con e-parent\" data-id=\"13c0342f\" data-element_type=\"container\" data-e-type=\"container\">\n\t\t\t\t\t<div class=\"e-con-inner\">\n\t\t\t\t<div class=\"elementor-element elementor-element-12653b04 elementor-widget__width-initial elementor-widget elementor-widget-theme-post-featured-image elementor-widget-image\" data-id=\"12653b04\" data-element_type=\"widget\" data-e-type=\"widget\" data-widget_type=\"theme-post-featured-image.default\">\n\t\t\t\t\t\t\t\t\t\t\t\t\t\t\t\t<a href=\"https:\/\/tuzlainfo.ba\/index.php\/najava-dogadaja-2\/item\/314725-knjigom-o-tuzli-kao-oazi-mira-bit-ce-otvoren-regionalni-feministicki-forum\/\">\n\t\t\t\t\t\t\t<img decoding=\"async\" src=\"https:\/\/tuzlainfo.ba\/wp-content\/uploads\/elementor\/thumbs\/oaze-rsunewq8j11e6zjzkduz12w5i7dr5st5xv6kpweve6.jpg\" title=\"oaze\" alt=\"oaze\" loading=\"lazy\" \/>\t\t\t\t\t\t\t\t<\/a>\n\t\t\t\t\t\t\t\t\t\t\t\t\t\t\t<\/div>\n\t\t\t\t<div class=\"elementor-element elementor-element-6bcb5259 elementor-widget__width-initial elementor-widget elementor-widget-theme-post-title elementor-page-title elementor-widget-heading\" data-id=\"6bcb5259\" data-element_type=\"widget\" data-e-type=\"widget\" data-widget_type=\"theme-post-title.default\">\n\t\t\t\t\t<h2 class=\"elementor-heading-title elementor-size-default\"><a href=\"https:\/\/tuzlainfo.ba\/index.php\/najava-dogadaja-2\/item\/314725-knjigom-o-tuzli-kao-oazi-mira-bit-ce-otvoren-regionalni-feministicki-forum\/\">Knjigom o Tuzli kao \u201eoazi mira\u201c bit \u0107e otvoren Regionalni feministi\u010dki forum<\/a><\/h2>\t\t\t\t<\/div>\n\t\t\t\t\t<\/div>\n\t\t\t\t<\/div>\n\t\t\t\t<\/div>\n\t\t\t\t<div data-elementor-type=\"loop-item\" data-elementor-id=\"305805\" class=\"elementor elementor-305805 e-loop-item e-loop-item-314657 post-314657 post type-post status-publish format-standard has-post-thumbnail hentry category-istaknuto category-najava-dogadaja-2 tag-bkc-tk tag-promocija\" data-elementor-post-type=\"elementor_library\" data-custom-edit-handle=\"1\">\n\t\t\t<div class=\"elementor-element elementor-element-13c0342f e-flex e-con-boxed e-con e-parent\" data-id=\"13c0342f\" data-element_type=\"container\" data-e-type=\"container\">\n\t\t\t\t\t<div class=\"e-con-inner\">\n\t\t\t\t<div class=\"elementor-element elementor-element-12653b04 elementor-widget__width-initial elementor-widget elementor-widget-theme-post-featured-image elementor-widget-image\" data-id=\"12653b04\" data-element_type=\"widget\" data-e-type=\"widget\" data-widget_type=\"theme-post-featured-image.default\">\n\t\t\t\t\t\t\t\t\t\t\t\t\t\t\t\t<a href=\"https:\/\/tuzlainfo.ba\/index.php\/najava-dogadaja-2\/item\/314657-u-bkc-u-tuzla-promocija-romana-sonja-hronologija-jednog-nestajanja-aleksandre-letic\/\">\n\t\t\t\t\t\t\t<img decoding=\"async\" src=\"https:\/\/tuzlainfo.ba\/wp-content\/uploads\/elementor\/thumbs\/sonja-plakat-rstbe32khseqe8rnolagiuckkej8uwhz8zdnjlr9m6.jpg\" title=\"sonja plakat\" alt=\"sonja plakat\" loading=\"lazy\" \/>\t\t\t\t\t\t\t\t<\/a>\n\t\t\t\t\t\t\t\t\t\t\t\t\t\t\t<\/div>\n\t\t\t\t<div class=\"elementor-element elementor-element-6bcb5259 elementor-widget__width-initial elementor-widget elementor-widget-theme-post-title elementor-page-title elementor-widget-heading\" data-id=\"6bcb5259\" data-element_type=\"widget\" data-e-type=\"widget\" data-widget_type=\"theme-post-title.default\">\n\t\t\t\t\t<h2 class=\"elementor-heading-title elementor-size-default\"><a href=\"https:\/\/tuzlainfo.ba\/index.php\/najava-dogadaja-2\/item\/314657-u-bkc-u-tuzla-promocija-romana-sonja-hronologija-jednog-nestajanja-aleksandre-letic\/\">U BKC-u Tuzla promocija romana \u201eSONJA \u2013 hronologija jednog nestajanja\u201c Aleksandre Leti\u0107<\/a><\/h2>\t\t\t\t<\/div>\n\t\t\t\t\t<\/div>\n\t\t\t\t<\/div>\n\t\t\t\t<\/div>\n\t\t\t\t<div data-elementor-type=\"loop-item\" data-elementor-id=\"305805\" class=\"elementor elementor-305805 e-loop-item e-loop-item-314610 post-314610 post type-post status-publish format-standard has-post-thumbnail hentry category-najava-dogadaja-2 tag-ju-bkc-tk tag-puro tag-spanski-flamenko\" data-elementor-post-type=\"elementor_library\" data-custom-edit-handle=\"1\">\n\t\t\t<div class=\"elementor-element elementor-element-13c0342f e-flex e-con-boxed e-con e-parent\" data-id=\"13c0342f\" data-element_type=\"container\" data-e-type=\"container\">\n\t\t\t\t\t<div class=\"e-con-inner\">\n\t\t\t\t<div class=\"elementor-element elementor-element-12653b04 elementor-widget__width-initial elementor-widget elementor-widget-theme-post-featured-image elementor-widget-image\" data-id=\"12653b04\" data-element_type=\"widget\" data-e-type=\"widget\" data-widget_type=\"theme-post-featured-image.default\">\n\t\t\t\t\t\t\t\t\t\t\t\t\t\t\t\t<a href=\"https:\/\/tuzlainfo.ba\/index.php\/najava-dogadaja-2\/item\/314610-spanski-flamenko-spektakl-puro-20-septembra-stize-u-tuzlu\/\">\n\t\t\t\t\t\t\t<img decoding=\"async\" src=\"https:\/\/tuzlainfo.ba\/wp-content\/uploads\/elementor\/thumbs\/PuertoFlamenco-01-rssu6s4nmemmzacaze6g7meem506e2wlrpntli0772.jpg\" title=\"PuertoFlamenco-01\" alt=\"PuertoFlamenco-01\" loading=\"lazy\" \/>\t\t\t\t\t\t\t\t<\/a>\n\t\t\t\t\t\t\t\t\t\t\t\t\t\t\t<\/div>\n\t\t\t\t<div class=\"elementor-element elementor-element-6bcb5259 elementor-widget__width-initial elementor-widget elementor-widget-theme-post-title elementor-page-title elementor-widget-heading\" data-id=\"6bcb5259\" data-element_type=\"widget\" data-e-type=\"widget\" data-widget_type=\"theme-post-title.default\">\n\t\t\t\t\t<h2 class=\"elementor-heading-title elementor-size-default\"><a href=\"https:\/\/tuzlainfo.ba\/index.php\/najava-dogadaja-2\/item\/314610-spanski-flamenko-spektakl-puro-20-septembra-stize-u-tuzlu\/\">\u0160panski flamenko spektakl \u201ePURO\u201c 20. septembra sti\u017ee u Tuzlu<\/a><\/h2>\t\t\t\t<\/div>\n\t\t\t\t\t<\/div>\n\t\t\t\t<\/div>\n\t\t\t\t<\/div>\n\t\t\t\t<\/div>\n\t\t\n\t\t\t\t\t\t<\/div>\n\t\t\t\t<\/div>\n\t\t\t\t<\/div>\n\t\t<div class=\"elementor-element elementor-element-f701891 e-con-full e-flex e-con e-child\" data-id=\"f701891\" data-element_type=\"container\" data-e-type=\"container\">\n\t\t\t\t<div class=\"elementor-element elementor-element-803d368 elementor-widget elementor-widget-heading\" data-id=\"803d368\" data-element_type=\"widget\" data-e-type=\"widget\" data-widget_type=\"heading.default\">\n\t\t\t\t\t<h2 class=\"elementor-heading-title elementor-size-default\"><a href=\"https:\/\/tuzlainfo.ba\/index.php\/category\/clanci\/promo-info\/\">PROMO INFO<\/a><\/h2>\t\t\t\t<\/div>\n\t\t\t\t<div class=\"elementor-element elementor-element-fa8be92 elementor-widget-divider--view-line elementor-widget elementor-widget-divider\" data-id=\"fa8be92\" data-element_type=\"widget\" data-e-type=\"widget\" data-widget_type=\"divider.default\">\n\t\t\t\t\t\t\t<div class=\"elementor-divider\">\n\t\t\t<span class=\"elementor-divider-separator\">\n\t\t\t\t\t\t<\/span>\n\t\t<\/div>\n\t\t\t\t\t\t<\/div>\n\t\t\t\t<div class=\"elementor-element elementor-element-e7647b2 elementor-grid-1 elementor-grid-tablet-2 elementor-grid-mobile-1 elementor-widget elementor-widget-loop-grid\" data-id=\"e7647b2\" data-element_type=\"widget\" data-e-type=\"widget\" data-settings=\"{&quot;template_id&quot;:&quot;305805&quot;,&quot;columns&quot;:1,&quot;row_gap&quot;:{&quot;unit&quot;:&quot;px&quot;,&quot;size&quot;:20,&quot;sizes&quot;:[]},&quot;_skin&quot;:&quot;post&quot;,&quot;columns_tablet&quot;:&quot;2&quot;,&quot;columns_mobile&quot;:&quot;1&quot;,&quot;edit_handle_selector&quot;:&quot;[data-elementor-type=\\&quot;loop-item\\&quot;]&quot;,&quot;row_gap_tablet&quot;:{&quot;unit&quot;:&quot;px&quot;,&quot;size&quot;:&quot;&quot;,&quot;sizes&quot;:[]},&quot;row_gap_mobile&quot;:{&quot;unit&quot;:&quot;px&quot;,&quot;size&quot;:&quot;&quot;,&quot;sizes&quot;:[]}}\" data-widget_type=\"loop-grid.post\">\n\t\t\t\t<div class=\"elementor-widget-container\">\n\t\t\t\t\t\t\t<div class=\"elementor-loop-container elementor-grid\" role=\"list\">\n\t\t\t\t<div data-elementor-type=\"loop-item\" data-elementor-id=\"305805\" class=\"elementor elementor-305805 e-loop-item e-loop-item-314948 post-314948 post type-post status-publish format-standard has-post-thumbnail hentry category-istaknuto category-promo-info tag-mega-diskont tag-nagradna-igra\" data-elementor-post-type=\"elementor_library\" data-custom-edit-handle=\"1\">\n\t\t\t<div class=\"elementor-element elementor-element-13c0342f e-flex e-con-boxed e-con e-parent\" data-id=\"13c0342f\" data-element_type=\"container\" data-e-type=\"container\">\n\t\t\t\t\t<div class=\"e-con-inner\">\n\t\t\t\t<div class=\"elementor-element elementor-element-12653b04 elementor-widget__width-initial elementor-widget elementor-widget-theme-post-featured-image elementor-widget-image\" data-id=\"12653b04\" data-element_type=\"widget\" data-e-type=\"widget\" data-widget_type=\"theme-post-featured-image.default\">\n\t\t\t\t\t\t\t\t\t\t\t\t\t\t\t\t<a href=\"https:\/\/tuzlainfo.ba\/index.php\/clanci\/promo-info\/item\/314948-pametno-kupuj-vozi-novi-cupra-terramar-yimor-i-mega-diskont-pokrenuli-veliku-nagradnu-igru\/\">\n\t\t\t\t\t\t\t<img decoding=\"async\" src=\"https:\/\/tuzlainfo.ba\/wp-content\/uploads\/elementor\/thumbs\/MEGA-Diskont-Pametno-kupuj-vozi-novi-Cupra-Terramar-970x250-1-rswrdkijv0kzpzb32ggh6zxqigl58p81x6hgelpcvi.jpg\" title=\"MEGA Diskont \u2013 Pametno kupuj vozi novi Cupra Terramar 970\u00d7250\" alt=\"MEGA Diskont - Pametno kupuj vozi novi Cupra Terramar 970x250\" loading=\"lazy\" \/>\t\t\t\t\t\t\t\t<\/a>\n\t\t\t\t\t\t\t\t\t\t\t\t\t\t\t<\/div>\n\t\t\t\t<div class=\"elementor-element elementor-element-6bcb5259 elementor-widget__width-initial elementor-widget elementor-widget-theme-post-title elementor-page-title elementor-widget-heading\" data-id=\"6bcb5259\" data-element_type=\"widget\" data-e-type=\"widget\" data-widget_type=\"theme-post-title.default\">\n\t\t\t\t\t<h2 class=\"elementor-heading-title elementor-size-default\"><a href=\"https:\/\/tuzlainfo.ba\/index.php\/clanci\/promo-info\/item\/314948-pametno-kupuj-vozi-novi-cupra-terramar-yimor-i-mega-diskont-pokrenuli-veliku-nagradnu-igru\/\">Pametno kupuj \u2013 vozi novi Cupra Terramar: Yimor i Mega diskont pokrenuli veliku nagradnu igru<\/a><\/h2>\t\t\t\t<\/div>\n\t\t\t\t\t<\/div>\n\t\t\t\t<\/div>\n\t\t\t\t<\/div>\n\t\t\t\t<div data-elementor-type=\"loop-item\" data-elementor-id=\"305805\" class=\"elementor elementor-305805 e-loop-item e-loop-item-314573 post-314573 post type-post status-publish format-standard has-post-thumbnail hentry category-promo-info tag-osteomedic\" data-elementor-post-type=\"elementor_library\" data-custom-edit-handle=\"1\">\n\t\t\t<div class=\"elementor-element elementor-element-13c0342f e-flex e-con-boxed e-con e-parent\" data-id=\"13c0342f\" data-element_type=\"container\" data-e-type=\"container\">\n\t\t\t\t\t<div class=\"e-con-inner\">\n\t\t\t\t<div class=\"elementor-element elementor-element-12653b04 elementor-widget__width-initial elementor-widget elementor-widget-theme-post-featured-image elementor-widget-image\" data-id=\"12653b04\" data-element_type=\"widget\" data-e-type=\"widget\" data-widget_type=\"theme-post-featured-image.default\">\n\t\t\t\t\t\t\t\t\t\t\t\t\t\t\t\t<a href=\"https:\/\/tuzlainfo.ba\/index.php\/clanci\/promo-info\/item\/314573-bole-vas-ledja-vrat-ili-zglobovi-u-tuzli-dostupna-popularna-sis-terapija\/\">\n\t\t\t\t\t\t\t<img decoding=\"async\" src=\"https:\/\/tuzlainfo.ba\/wp-content\/uploads\/elementor\/thumbs\/osteomedic-rsroqb021hjigs8uzrgunqraw787jcvown64jwwwvi.jpg\" title=\"osteomedic\" alt=\"osteomedic\" loading=\"lazy\" \/>\t\t\t\t\t\t\t\t<\/a>\n\t\t\t\t\t\t\t\t\t\t\t\t\t\t\t<\/div>\n\t\t\t\t<div class=\"elementor-element elementor-element-6bcb5259 elementor-widget__width-initial elementor-widget elementor-widget-theme-post-title elementor-page-title elementor-widget-heading\" data-id=\"6bcb5259\" data-element_type=\"widget\" data-e-type=\"widget\" data-widget_type=\"theme-post-title.default\">\n\t\t\t\t\t<h2 class=\"elementor-heading-title elementor-size-default\"><a href=\"https:\/\/tuzlainfo.ba\/index.php\/clanci\/promo-info\/item\/314573-bole-vas-ledja-vrat-ili-zglobovi-u-tuzli-dostupna-popularna-sis-terapija\/\">Bole vas le\u0111a, vrat ili zglobovi? U Tuzli dostupna popularna SIS terapija<\/a><\/h2>\t\t\t\t<\/div>\n\t\t\t\t\t<\/div>\n\t\t\t\t<\/div>\n\t\t\t\t<\/div>\n\t\t\t\t<div data-elementor-type=\"loop-item\" data-elementor-id=\"305805\" class=\"elementor elementor-305805 e-loop-item e-loop-item-314559 post-314559 post type-post status-publish format-standard has-post-thumbnail hentry category-promo-info tag-yoga tag-yoga-tuzla\" data-elementor-post-type=\"elementor_library\" data-custom-edit-handle=\"1\">\n\t\t\t<div class=\"elementor-element elementor-element-13c0342f e-flex e-con-boxed e-con e-parent\" data-id=\"13c0342f\" data-element_type=\"container\" data-e-type=\"container\">\n\t\t\t\t\t<div class=\"e-con-inner\">\n\t\t\t\t<div class=\"elementor-element elementor-element-12653b04 elementor-widget__width-initial elementor-widget elementor-widget-theme-post-featured-image elementor-widget-image\" data-id=\"12653b04\" data-element_type=\"widget\" data-e-type=\"widget\" data-widget_type=\"theme-post-featured-image.default\">\n\t\t\t\t\t\t\t\t\t\t\t\t\t\t\t\t<a href=\"https:\/\/tuzlainfo.ba\/index.php\/clanci\/promo-info\/item\/314559-ananda-yoga-studio-otvorio-vrata-u-tuzli-upis-novih-polaznika-u-toku\/\">\n\t\t\t\t\t\t\t<img decoding=\"async\" src=\"https:\/\/tuzlainfo.ba\/wp-content\/uploads\/elementor\/thumbs\/0109_ananda_yoga-rsrl9nmjqewmudb0uvrx074qyplwsc14foq3gxqe0e.jpg\" title=\"0109_ananda_yoga\" alt=\"0109_ananda_yoga\" loading=\"lazy\" \/>\t\t\t\t\t\t\t\t<\/a>\n\t\t\t\t\t\t\t\t\t\t\t\t\t\t\t<\/div>\n\t\t\t\t<div class=\"elementor-element elementor-element-6bcb5259 elementor-widget__width-initial elementor-widget elementor-widget-theme-post-title elementor-page-title elementor-widget-heading\" data-id=\"6bcb5259\" data-element_type=\"widget\" data-e-type=\"widget\" data-widget_type=\"theme-post-title.default\">\n\t\t\t\t\t<h2 class=\"elementor-heading-title elementor-size-default\"><a href=\"https:\/\/tuzlainfo.ba\/index.php\/clanci\/promo-info\/item\/314559-ananda-yoga-studio-otvorio-vrata-u-tuzli-upis-novih-polaznika-u-toku\/\">Ananda Yoga Studio otvorio vrata u Tuzli, upis novih polaznika u toku<\/a><\/h2>\t\t\t\t<\/div>\n\t\t\t\t\t<\/div>\n\t\t\t\t<\/div>\n\t\t\t\t<\/div>\n\t\t\t\t<\/div>\n\t\t\n\t\t\t\t\t\t<\/div>\n\t\t\t\t<\/div>\n\t\t\t\t<\/div>\n\t\t<div class=\"elementor-element elementor-element-9641c0e e-con-full e-flex e-con e-child\" data-id=\"9641c0e\" data-element_type=\"container\" data-e-type=\"container\">\n\t\t\t\t<div class=\"elementor-element elementor-element-6113d9a elementor-widget elementor-widget-heading\" data-id=\"6113d9a\" data-element_type=\"widget\" data-e-type=\"widget\" data-widget_type=\"heading.default\">\n\t\t\t\t\t<h2 class=\"elementor-heading-title elementor-size-default\"><a href=\"https:\/\/tuzlainfo.ba\/index.php\/category\/clanci\/izbori-clanci\/\">Izbori<\/a><\/h2>\t\t\t\t<\/div>\n\t\t\t\t<div class=\"elementor-element elementor-element-8582da8 elementor-widget-divider--view-line elementor-widget elementor-widget-divider\" data-id=\"8582da8\" data-element_type=\"widget\" data-e-type=\"widget\" data-widget_type=\"divider.default\">\n\t\t\t\t\t\t\t<div class=\"elementor-divider\">\n\t\t\t<span class=\"elementor-divider-separator\">\n\t\t\t\t\t\t<\/span>\n\t\t<\/div>\n\t\t\t\t\t\t<\/div>\n\t\t\t\t<div class=\"elementor-element elementor-element-48c0f5a elementor-grid-1 elementor-grid-tablet-2 elementor-grid-mobile-1 elementor-widget elementor-widget-loop-grid\" data-id=\"48c0f5a\" data-element_type=\"widget\" data-e-type=\"widget\" data-settings=\"{&quot;template_id&quot;:&quot;305805&quot;,&quot;columns&quot;:1,&quot;row_gap&quot;:{&quot;unit&quot;:&quot;px&quot;,&quot;size&quot;:20,&quot;sizes&quot;:[]},&quot;_skin&quot;:&quot;post&quot;,&quot;columns_tablet&quot;:&quot;2&quot;,&quot;columns_mobile&quot;:&quot;1&quot;,&quot;edit_handle_selector&quot;:&quot;[data-elementor-type=\\&quot;loop-item\\&quot;]&quot;,&quot;row_gap_tablet&quot;:{&quot;unit&quot;:&quot;px&quot;,&quot;size&quot;:&quot;&quot;,&quot;sizes&quot;:[]},&quot;row_gap_mobile&quot;:{&quot;unit&quot;:&quot;px&quot;,&quot;size&quot;:&quot;&quot;,&quot;sizes&quot;:[]}}\" data-widget_type=\"loop-grid.post\">\n\t\t\t\t<div class=\"elementor-widget-container\">\n\t\t\t\t\t\t\t<div class=\"elementor-loop-container elementor-grid\" role=\"list\">\n\t\t\t\t<div data-elementor-type=\"loop-item\" data-elementor-id=\"305805\" class=\"elementor elementor-305805 e-loop-item e-loop-item-315001 post-315001 post type-post status-publish format-standard has-post-thumbnail hentry category-istaknuto category-izbori-clanci category-novosti tag-irfan-halilagic tag-izbori\" data-elementor-post-type=\"elementor_library\" data-custom-edit-handle=\"1\">\n\t\t\t<div class=\"elementor-element elementor-element-13c0342f e-flex e-con-boxed e-con e-parent\" data-id=\"13c0342f\" data-element_type=\"container\" data-e-type=\"container\">\n\t\t\t\t\t<div class=\"e-con-inner\">\n\t\t\t\t<div class=\"elementor-element elementor-element-12653b04 elementor-widget__width-initial elementor-widget elementor-widget-theme-post-featured-image elementor-widget-image\" data-id=\"12653b04\" data-element_type=\"widget\" data-e-type=\"widget\" data-widget_type=\"theme-post-featured-image.default\">\n\t\t\t\t\t\t\t\t\t\t\t\t\t\t\t\t<a href=\"https:\/\/tuzlainfo.ba\/index.php\/novosti\/item\/315001-halilagic-krenuo-u-utrku-za-parlament-fbih-rezultati-naseg-rada-neka-budu-razlog-za-povjerenje\/\">\n\t\t\t\t\t\t\t<img decoding=\"async\" src=\"https:\/\/tuzlainfo.ba\/wp-content\/uploads\/elementor\/thumbs\/irfan-halilagic_premijer-2-rlvyuwyys3ce4nojwhp0lfa1s38ctfvkjebp1p5ca6.jpg\" title=\"irfan halilagic_premijer 2\" alt=\"irfan halilagic_premijer 2\" loading=\"lazy\" \/>\t\t\t\t\t\t\t\t<\/a>\n\t\t\t\t\t\t\t\t\t\t\t\t\t\t\t<\/div>\n\t\t\t\t<div class=\"elementor-element elementor-element-6bcb5259 elementor-widget__width-initial elementor-widget elementor-widget-theme-post-title elementor-page-title elementor-widget-heading\" data-id=\"6bcb5259\" data-element_type=\"widget\" data-e-type=\"widget\" data-widget_type=\"theme-post-title.default\">\n\t\t\t\t\t<h2 class=\"elementor-heading-title elementor-size-default\"><a href=\"https:\/\/tuzlainfo.ba\/index.php\/novosti\/item\/315001-halilagic-krenuo-u-utrku-za-parlament-fbih-rezultati-naseg-rada-neka-budu-razlog-za-povjerenje\/\">Halilagi\u0107 krenuo u utrku za Parlament FBiH: \u201eRezultati na\u0161eg rada neka budu razlog za povjerenje\u201c<\/a><\/h2>\t\t\t\t<\/div>\n\t\t\t\t\t<\/div>\n\t\t\t\t<\/div>\n\t\t\t\t<\/div>\n\t\t\t\t<div data-elementor-type=\"loop-item\" data-elementor-id=\"305805\" class=\"elementor elementor-305805 e-loop-item e-loop-item-314999 post-314999 post type-post status-publish format-standard has-post-thumbnail hentry category-istaknuto category-izbori-clanci category-novosti tag-grad-tuzla tag-izbori\" data-elementor-post-type=\"elementor_library\" data-custom-edit-handle=\"1\">\n\t\t\t<div class=\"elementor-element elementor-element-13c0342f e-flex e-con-boxed e-con e-parent\" data-id=\"13c0342f\" data-element_type=\"container\" data-e-type=\"container\">\n\t\t\t\t\t<div class=\"e-con-inner\">\n\t\t\t\t<div class=\"elementor-element elementor-element-12653b04 elementor-widget__width-initial elementor-widget elementor-widget-theme-post-featured-image elementor-widget-image\" data-id=\"12653b04\" data-element_type=\"widget\" data-e-type=\"widget\" data-widget_type=\"theme-post-featured-image.default\">\n\t\t\t\t\t\t\t\t\t\t\t\t\t\t\t\t<a href=\"https:\/\/tuzlainfo.ba\/index.php\/novosti\/item\/314999-grad-tuzla-upozorio-politicke-stranke-za-nepropisno-postavljanje-plakata-kazne-do-10-000-km\/\">\n\t\t\t\t\t\t\t<img decoding=\"async\" src=\"https:\/\/tuzlainfo.ba\/wp-content\/uploads\/elementor\/thumbs\/sadrzaj_2018_2018_01_Tuzla_1811_korzo_sbalkona-p4lbva25pegac6fj4dpmgtpeh2xrx09ngc2s0jd17y.jpg\" title=\"1811 korzo sbalkona\" alt=\"1811 korzo sbalkona\" loading=\"lazy\" \/>\t\t\t\t\t\t\t\t<\/a>\n\t\t\t\t\t\t\t\t\t\t\t\t\t\t\t<\/div>\n\t\t\t\t<div class=\"elementor-element elementor-element-6bcb5259 elementor-widget__width-initial elementor-widget elementor-widget-theme-post-title elementor-page-title elementor-widget-heading\" data-id=\"6bcb5259\" data-element_type=\"widget\" data-e-type=\"widget\" data-widget_type=\"theme-post-title.default\">\n\t\t\t\t\t<h2 class=\"elementor-heading-title elementor-size-default\"><a href=\"https:\/\/tuzlainfo.ba\/index.php\/novosti\/item\/314999-grad-tuzla-upozorio-politicke-stranke-za-nepropisno-postavljanje-plakata-kazne-do-10-000-km\/\">Grad Tuzla upozorio politi\u010dke stranke: Za nepropisno postavljanje plakata kazne do 10.000 KM<\/a><\/h2>\t\t\t\t<\/div>\n\t\t\t\t\t<\/div>\n\t\t\t\t<\/div>\n\t\t\t\t<\/div>\n\t\t\t\t<div data-elementor-type=\"loop-item\" data-elementor-id=\"305805\" class=\"elementor elementor-305805 e-loop-item e-loop-item-314989 post-314989 post type-post status-publish format-standard has-post-thumbnail hentry category-istaknuto category-izbori-clanci tag-izbori tag-nasa-stranka\" data-elementor-post-type=\"elementor_library\" data-custom-edit-handle=\"1\">\n\t\t\t<div class=\"elementor-element elementor-element-13c0342f e-flex e-con-boxed e-con e-parent\" data-id=\"13c0342f\" data-element_type=\"container\" data-e-type=\"container\">\n\t\t\t\t\t<div class=\"e-con-inner\">\n\t\t\t\t<div class=\"elementor-element elementor-element-12653b04 elementor-widget__width-initial elementor-widget elementor-widget-theme-post-featured-image elementor-widget-image\" data-id=\"12653b04\" data-element_type=\"widget\" data-e-type=\"widget\" data-widget_type=\"theme-post-featured-image.default\">\n\t\t\t\t\t\t\t\t\t\t\t\t\t\t\t\t<a href=\"https:\/\/tuzlainfo.ba\/index.php\/istaknuto\/item\/314989-nasa-stranka-na-trgu-slobode-u-tuzli-zvanicno-otvara-izbornu-kampanju\/\">\n\t\t\t\t\t\t\t<img decoding=\"async\" src=\"https:\/\/tuzlainfo.ba\/wp-content\/uploads\/elementor\/thumbs\/0409_zivimo_slobodno-rsx48iyvygc3zwu4q2mgro7rdgqbdy4pwlrsnt9u9a.jpg\" title=\"0409_zivimo_slobodno\" alt=\"0409_zivimo_slobodno\" loading=\"lazy\" \/>\t\t\t\t\t\t\t\t<\/a>\n\t\t\t\t\t\t\t\t\t\t\t\t\t\t\t<\/div>\n\t\t\t\t<div class=\"elementor-element elementor-element-6bcb5259 elementor-widget__width-initial elementor-widget elementor-widget-theme-post-title elementor-page-title elementor-widget-heading\" data-id=\"6bcb5259\" data-element_type=\"widget\" data-e-type=\"widget\" data-widget_type=\"theme-post-title.default\">\n\t\t\t\t\t<h2 class=\"elementor-heading-title elementor-size-default\"><a href=\"https:\/\/tuzlainfo.ba\/index.php\/istaknuto\/item\/314989-nasa-stranka-na-trgu-slobode-u-tuzli-zvanicno-otvara-izbornu-kampanju\/\">Na\u0161a stranka na Trgu slobode u Tuzli zvani\u010dno otvara izbornu kampanju<\/a><\/h2>\t\t\t\t<\/div>\n\t\t\t\t\t<\/div>\n\t\t\t\t<\/div>\n\t\t\t\t<\/div>\n\t\t\t\t<\/div>\n\t\t\n\t\t\t\t\t\t<\/div>\n\t\t\t\t<\/div>\n\t\t\t\t<\/div>\n\t\t\t\t<\/div>\n\t\t<div class=\"elementor-element elementor-element-396704d e-con-full e-flex e-con e-child\" data-id=\"396704d\" data-element_type=\"container\" data-e-type=\"container\">\n\t\t<div class=\"elementor-element elementor-element-4506f05 e-con-full e-flex e-con e-child\" data-id=\"4506f05\" data-element_type=\"container\" data-e-type=\"container\">\n\t\t\t\t<div class=\"elementor-element elementor-element-81fd050 elementor-widget elementor-widget-heading\" data-id=\"81fd050\" data-element_type=\"widget\" data-e-type=\"widget\" data-widget_type=\"heading.default\">\n\t\t\t\t\t<h2 class=\"elementor-heading-title elementor-size-default\"><a href=\"https:\/\/tuzlainfo.ba\/index.php\/category\/bosna-i-hercegovina\/\">BOSNA I HERCEGOVINA<\/a><\/h2>\t\t\t\t<\/div>\n\t\t\t\t<div class=\"elementor-element elementor-element-4b76cbe elementor-widget-divider--view-line elementor-widget elementor-widget-divider\" data-id=\"4b76cbe\" data-element_type=\"widget\" data-e-type=\"widget\" data-widget_type=\"divider.default\">\n\t\t\t\t\t\t\t<div class=\"elementor-divider\">\n\t\t\t<span class=\"elementor-divider-separator\">\n\t\t\t\t\t\t<\/span>\n\t\t<\/div>\n\t\t\t\t\t\t<\/div>\n\t\t\t\t<div class=\"elementor-element elementor-element-c55d97d elementor-grid-1 elementor-grid-tablet-2 elementor-grid-mobile-1 elementor-widget elementor-widget-loop-grid\" data-id=\"c55d97d\" data-element_type=\"widget\" data-e-type=\"widget\" data-settings=\"{&quot;template_id&quot;:&quot;305805&quot;,&quot;columns&quot;:1,&quot;row_gap&quot;:{&quot;unit&quot;:&quot;px&quot;,&quot;size&quot;:20,&quot;sizes&quot;:[]},&quot;_skin&quot;:&quot;post&quot;,&quot;columns_tablet&quot;:&quot;2&quot;,&quot;columns_mobile&quot;:&quot;1&quot;,&quot;edit_handle_selector&quot;:&quot;[data-elementor-type=\\&quot;loop-item\\&quot;]&quot;,&quot;row_gap_tablet&quot;:{&quot;unit&quot;:&quot;px&quot;,&quot;size&quot;:&quot;&quot;,&quot;sizes&quot;:[]},&quot;row_gap_mobile&quot;:{&quot;unit&quot;:&quot;px&quot;,&quot;size&quot;:&quot;&quot;,&quot;sizes&quot;:[]}}\" data-widget_type=\"loop-grid.post\">\n\t\t\t\t<div class=\"elementor-widget-container\">\n\t\t\t\t\t\t\t<div class=\"elementor-loop-container elementor-grid\" role=\"list\">\n\t\t\t\t<div data-elementor-type=\"loop-item\" data-elementor-id=\"305805\" class=\"elementor elementor-305805 e-loop-item e-loop-item-314767 post-314767 post type-post status-publish format-standard has-post-thumbnail hentry category-bosna-i-hercegovina category-istaknuto tag-prognoza tag-vrijeme\" data-elementor-post-type=\"elementor_library\" data-custom-edit-handle=\"1\">\n\t\t\t<div class=\"elementor-element elementor-element-13c0342f e-flex e-con-boxed e-con e-parent\" data-id=\"13c0342f\" data-element_type=\"container\" data-e-type=\"container\">\n\t\t\t\t\t<div class=\"e-con-inner\">\n\t\t\t\t<div class=\"elementor-element elementor-element-12653b04 elementor-widget__width-initial elementor-widget elementor-widget-theme-post-featured-image elementor-widget-image\" data-id=\"12653b04\" data-element_type=\"widget\" data-e-type=\"widget\" data-widget_type=\"theme-post-featured-image.default\">\n\t\t\t\t\t\t\t\t\t\t\t\t\t\t\t\t<a href=\"https:\/\/tuzlainfo.ba\/index.php\/bosna-i-hercegovina\/item\/314767-danas-do-38-stepeni-od-nedjelje-blazi-pad-temperatura-i-vise-oblaka\/\">\n\t\t\t\t\t\t\t<img decoding=\"async\" src=\"https:\/\/tuzlainfo.ba\/wp-content\/uploads\/elementor\/thumbs\/sadrzaj_2017_201701_vrijeme_0101_suncano-rh0hjo66eo2fj2msx1jmadyty5gfjkczquk53luycu.jpg\" title=\"0101 suncano\" alt=\"0101 suncano\" loading=\"lazy\" \/>\t\t\t\t\t\t\t\t<\/a>\n\t\t\t\t\t\t\t\t\t\t\t\t\t\t\t<\/div>\n\t\t\t\t<div class=\"elementor-element elementor-element-6bcb5259 elementor-widget__width-initial elementor-widget elementor-widget-theme-post-title elementor-page-title elementor-widget-heading\" data-id=\"6bcb5259\" data-element_type=\"widget\" data-e-type=\"widget\" data-widget_type=\"theme-post-title.default\">\n\t\t\t\t\t<h2 class=\"elementor-heading-title elementor-size-default\"><a href=\"https:\/\/tuzlainfo.ba\/index.php\/bosna-i-hercegovina\/item\/314767-danas-do-38-stepeni-od-nedjelje-blazi-pad-temperatura-i-vise-oblaka\/\">Danas do 38 stepeni, od nedjelje bla\u017ei pad temperatura i vi\u0161e oblaka<\/a><\/h2>\t\t\t\t<\/div>\n\t\t\t\t\t<\/div>\n\t\t\t\t<\/div>\n\t\t\t\t<\/div>\n\t\t\t\t<div data-elementor-type=\"loop-item\" data-elementor-id=\"305805\" class=\"elementor elementor-305805 e-loop-item e-loop-item-314963 post-314963 post type-post status-publish format-standard has-post-thumbnail hentry category-bosna-i-hercegovina category-istaknuto tag-dogus tag-turska\" data-elementor-post-type=\"elementor_library\" data-custom-edit-handle=\"1\">\n\t\t\t<div class=\"elementor-element elementor-element-13c0342f e-flex e-con-boxed e-con e-parent\" data-id=\"13c0342f\" data-element_type=\"container\" data-e-type=\"container\">\n\t\t\t\t\t<div class=\"e-con-inner\">\n\t\t\t\t<div class=\"elementor-element elementor-element-12653b04 elementor-widget__width-initial elementor-widget elementor-widget-theme-post-featured-image elementor-widget-image\" data-id=\"12653b04\" data-element_type=\"widget\" data-e-type=\"widget\" data-widget_type=\"theme-post-featured-image.default\">\n\t\t\t\t\t\t\t\t\t\t\t\t\t\t\t\t<a href=\"https:\/\/tuzlainfo.ba\/index.php\/bosna-i-hercegovina\/item\/314963-turski-dogus-zainteresovan-za-infrastrukturne-projekte-u-bih\/\">\n\t\t\t\t\t\t\t<img decoding=\"async\" src=\"https:\/\/tuzlainfo.ba\/wp-content\/uploads\/elementor\/thumbs\/autocesta-zepce-nemila-rgamyulwnlyvnqg16mmq0pbrowqn09f856g1dzv0by.jpg\" title=\"autocesta \u2013 zepce nemila\" alt=\"autocesta - zepce nemila\" loading=\"lazy\" \/>\t\t\t\t\t\t\t\t<\/a>\n\t\t\t\t\t\t\t\t\t\t\t\t\t\t\t<\/div>\n\t\t\t\t<div class=\"elementor-element elementor-element-6bcb5259 elementor-widget__width-initial elementor-widget elementor-widget-theme-post-title elementor-page-title elementor-widget-heading\" data-id=\"6bcb5259\" data-element_type=\"widget\" data-e-type=\"widget\" data-widget_type=\"theme-post-title.default\">\n\t\t\t\t\t<h2 class=\"elementor-heading-title elementor-size-default\"><a href=\"https:\/\/tuzlainfo.ba\/index.php\/bosna-i-hercegovina\/item\/314963-turski-dogus-zainteresovan-za-infrastrukturne-projekte-u-bih\/\">Turski Dogus zainteresovan za infrastrukturne projekte u BiH<\/a><\/h2>\t\t\t\t<\/div>\n\t\t\t\t\t<\/div>\n\t\t\t\t<\/div>\n\t\t\t\t<\/div>\n\t\t\t\t<div data-elementor-type=\"loop-item\" data-elementor-id=\"305805\" class=\"elementor elementor-305805 e-loop-item e-loop-item-314966 post-314966 post type-post status-publish format-standard has-post-thumbnail hentry category-bosna-i-hercegovina tag-vojin-mijatovic\" data-elementor-post-type=\"elementor_library\" data-custom-edit-handle=\"1\">\n\t\t\t<div class=\"elementor-element elementor-element-13c0342f e-flex e-con-boxed e-con e-parent\" data-id=\"13c0342f\" data-element_type=\"container\" data-e-type=\"container\">\n\t\t\t\t\t<div class=\"e-con-inner\">\n\t\t\t\t<div class=\"elementor-element elementor-element-12653b04 elementor-widget__width-initial elementor-widget elementor-widget-theme-post-featured-image elementor-widget-image\" data-id=\"12653b04\" data-element_type=\"widget\" data-e-type=\"widget\" data-widget_type=\"theme-post-featured-image.default\">\n\t\t\t\t\t\t\t\t\t\t\t\t\t\t\t\t<a href=\"https:\/\/tuzlainfo.ba\/index.php\/bosna-i-hercegovina\/item\/314966-mijatovic-i-jos-cetvero-optuzeni-tuzilastvo-tvrdi-da-je-konkurs-prilagodjavan-jednoj-kompaniji\/\">\n\t\t\t\t\t\t\t<img decoding=\"async\" src=\"https:\/\/tuzlainfo.ba\/wp-content\/uploads\/elementor\/thumbs\/2409_vojin-mijatovic-rc81dr35ltqoio0qfkempasr9ijafmzsunky1qirn2.webp\" title=\"2409_vojin mijatovic\" alt=\"2409_vojin mijatovic\" loading=\"lazy\" \/>\t\t\t\t\t\t\t\t<\/a>\n\t\t\t\t\t\t\t\t\t\t\t\t\t\t\t<\/div>\n\t\t\t\t<div class=\"elementor-element elementor-element-6bcb5259 elementor-widget__width-initial elementor-widget elementor-widget-theme-post-title elementor-page-title elementor-widget-heading\" data-id=\"6bcb5259\" data-element_type=\"widget\" data-e-type=\"widget\" data-widget_type=\"theme-post-title.default\">\n\t\t\t\t\t<h2 class=\"elementor-heading-title elementor-size-default\"><a href=\"https:\/\/tuzlainfo.ba\/index.php\/bosna-i-hercegovina\/item\/314966-mijatovic-i-jos-cetvero-optuzeni-tuzilastvo-tvrdi-da-je-konkurs-prilagodjavan-jednoj-kompaniji\/\">Mijatovi\u0107 i jo\u0161 \u010detvero optu\u017eeni: Tu\u017eila\u0161tvo tvrdi da je konkurs prilago\u0111avan jednoj kompaniji<\/a><\/h2>\t\t\t\t<\/div>\n\t\t\t\t\t<\/div>\n\t\t\t\t<\/div>\n\t\t\t\t<\/div>\n\t\t\t\t<\/div>\n\t\t\n\t\t\t\t\t\t<\/div>\n\t\t\t\t<\/div>\n\t\t\t\t<\/div>\n\t\t<div class=\"elementor-element elementor-element-117142a e-con-full e-flex e-con e-child\" data-id=\"117142a\" data-element_type=\"container\" data-e-type=\"container\">\n\t\t\t\t<div class=\"elementor-element elementor-element-1cd9320 elementor-widget elementor-widget-heading\" data-id=\"1cd9320\" data-element_type=\"widget\" data-e-type=\"widget\" data-widget_type=\"heading.default\">\n\t\t\t\t\t<h2 class=\"elementor-heading-title elementor-size-default\"><a href=\"https:\/\/tuzlainfo.ba\/index.php\/category\/clanci\/sa-svih-strana\/\">SA SVIH STRANA<\/a><\/h2>\t\t\t\t<\/div>\n\t\t\t\t<div class=\"elementor-element elementor-element-092687f elementor-widget-divider--view-line elementor-widget elementor-widget-divider\" data-id=\"092687f\" data-element_type=\"widget\" data-e-type=\"widget\" data-widget_type=\"divider.default\">\n\t\t\t\t\t\t\t<div class=\"elementor-divider\">\n\t\t\t<span class=\"elementor-divider-separator\">\n\t\t\t\t\t\t<\/span>\n\t\t<\/div>\n\t\t\t\t\t\t<\/div>\n\t\t\t\t<div class=\"elementor-element elementor-element-db0eaed elementor-grid-1 elementor-grid-tablet-2 elementor-grid-mobile-1 elementor-widget elementor-widget-loop-grid\" data-id=\"db0eaed\" data-element_type=\"widget\" data-e-type=\"widget\" data-settings=\"{&quot;template_id&quot;:&quot;305805&quot;,&quot;columns&quot;:1,&quot;row_gap&quot;:{&quot;unit&quot;:&quot;px&quot;,&quot;size&quot;:20,&quot;sizes&quot;:[]},&quot;_skin&quot;:&quot;post&quot;,&quot;columns_tablet&quot;:&quot;2&quot;,&quot;columns_mobile&quot;:&quot;1&quot;,&quot;edit_handle_selector&quot;:&quot;[data-elementor-type=\\&quot;loop-item\\&quot;]&quot;,&quot;row_gap_tablet&quot;:{&quot;unit&quot;:&quot;px&quot;,&quot;size&quot;:&quot;&quot;,&quot;sizes&quot;:[]},&quot;row_gap_mobile&quot;:{&quot;unit&quot;:&quot;px&quot;,&quot;size&quot;:&quot;&quot;,&quot;sizes&quot;:[]}}\" data-widget_type=\"loop-grid.post\">\n\t\t\t\t<div class=\"elementor-widget-container\">\n\t\t\t\t\t\t\t<div class=\"elementor-loop-container elementor-grid\" role=\"list\">\n\t\t\t\t<div data-elementor-type=\"loop-item\" data-elementor-id=\"305805\" class=\"elementor elementor-305805 e-loop-item e-loop-item-315004 post-315004 post type-post status-publish format-standard has-post-thumbnail hentry category-sa-svih-strana tag-hrvatska tag-slovenija\" data-elementor-post-type=\"elementor_library\" data-custom-edit-handle=\"1\">\n\t\t\t<div class=\"elementor-element elementor-element-13c0342f e-flex e-con-boxed e-con e-parent\" data-id=\"13c0342f\" data-element_type=\"container\" data-e-type=\"container\">\n\t\t\t\t\t<div class=\"e-con-inner\">\n\t\t\t\t<div class=\"elementor-element elementor-element-12653b04 elementor-widget__width-initial elementor-widget elementor-widget-theme-post-featured-image elementor-widget-image\" data-id=\"12653b04\" data-element_type=\"widget\" data-e-type=\"widget\" data-widget_type=\"theme-post-featured-image.default\">\n\t\t\t\t\t\t\t\t\t\t\t\t\t\t\t\t<a href=\"https:\/\/tuzlainfo.ba\/index.php\/clanci\/sa-svih-strana\/item\/315004-hrvatska-i-slovenija-osudile-docek-zlocinca-ratka-mladica-u-beogradu\/\">\n\t\t\t\t\t\t\t<img decoding=\"async\" src=\"https:\/\/tuzlainfo.ba\/wp-content\/uploads\/elementor\/thumbs\/1104_hrvatska_vladarh-pn7g8jovkocxdsqsuyhcc40w0j13ertibpfmodgktq.jpg\" title=\"1104_hrvatska_vladarh\" alt=\"1104_hrvatska_vladarh\" loading=\"lazy\" \/>\t\t\t\t\t\t\t\t<\/a>\n\t\t\t\t\t\t\t\t\t\t\t\t\t\t\t<\/div>\n\t\t\t\t<div class=\"elementor-element elementor-element-6bcb5259 elementor-widget__width-initial elementor-widget elementor-widget-theme-post-title elementor-page-title elementor-widget-heading\" data-id=\"6bcb5259\" data-element_type=\"widget\" data-e-type=\"widget\" data-widget_type=\"theme-post-title.default\">\n\t\t\t\t\t<h2 class=\"elementor-heading-title elementor-size-default\"><a href=\"https:\/\/tuzlainfo.ba\/index.php\/clanci\/sa-svih-strana\/item\/315004-hrvatska-i-slovenija-osudile-docek-zlocinca-ratka-mladica-u-beogradu\/\">Hrvatska i Slovenija osudile do\u010dek zlo\u010dinca Ratka Mladi\u0107a u Beogradu<\/a><\/h2>\t\t\t\t<\/div>\n\t\t\t\t\t<\/div>\n\t\t\t\t<\/div>\n\t\t\t\t<\/div>\n\t\t\t\t<div data-elementor-type=\"loop-item\" data-elementor-id=\"305805\" class=\"elementor elementor-305805 e-loop-item e-loop-item-314936 post-314936 post type-post status-publish format-standard has-post-thumbnail hentry category-sa-svih-strana tag-aleksandar-vucic tag-ratko-mladic\" data-elementor-post-type=\"elementor_library\" data-custom-edit-handle=\"1\">\n\t\t\t<div class=\"elementor-element elementor-element-13c0342f e-flex e-con-boxed e-con e-parent\" data-id=\"13c0342f\" data-element_type=\"container\" data-e-type=\"container\">\n\t\t\t\t\t<div class=\"e-con-inner\">\n\t\t\t\t<div class=\"elementor-element elementor-element-12653b04 elementor-widget__width-initial elementor-widget elementor-widget-theme-post-featured-image elementor-widget-image\" data-id=\"12653b04\" data-element_type=\"widget\" data-e-type=\"widget\" data-widget_type=\"theme-post-featured-image.default\">\n\t\t\t\t\t\t\t\t\t\t\t\t\t\t\t\t<a href=\"https:\/\/tuzlainfo.ba\/index.php\/clanci\/sa-svih-strana\/item\/314936-vucic-nece-biti-na-mladicevoj-sahrani-imam-ranije-zakazanu-drzavnu-posjetu\/\">\n\t\t\t\t\t\t\t<img decoding=\"async\" src=\"https:\/\/tuzlainfo.ba\/wp-content\/uploads\/elementor\/thumbs\/1306_vucic-q7wuswqq1o9hfxepag52xojoyjbvu7z43d0gqburn2.jpg\" title=\"1306_vucic\" alt=\"1306_vucic\" loading=\"lazy\" \/>\t\t\t\t\t\t\t\t<\/a>\n\t\t\t\t\t\t\t\t\t\t\t\t\t\t\t<\/div>\n\t\t\t\t<div class=\"elementor-element elementor-element-6bcb5259 elementor-widget__width-initial elementor-widget elementor-widget-theme-post-title elementor-page-title elementor-widget-heading\" data-id=\"6bcb5259\" data-element_type=\"widget\" data-e-type=\"widget\" data-widget_type=\"theme-post-title.default\">\n\t\t\t\t\t<h2 class=\"elementor-heading-title elementor-size-default\"><a href=\"https:\/\/tuzlainfo.ba\/index.php\/clanci\/sa-svih-strana\/item\/314936-vucic-nece-biti-na-mladicevoj-sahrani-imam-ranije-zakazanu-drzavnu-posjetu\/\">Vu\u010di\u0107 ne\u0107e biti na Mladi\u0107evoj sahrani: &#8220;Imam ranije zakazanu dr\u017eavnu posjetu&#8221;<\/a><\/h2>\t\t\t\t<\/div>\n\t\t\t\t\t<\/div>\n\t\t\t\t<\/div>\n\t\t\t\t<\/div>\n\t\t\t\t<div data-elementor-type=\"loop-item\" data-elementor-id=\"305805\" class=\"elementor elementor-305805 e-loop-item e-loop-item-314871 post-314871 post type-post status-publish format-standard has-post-thumbnail hentry category-sa-svih-strana tag-aleksandar-vucic tag-ratko-mladic\" data-elementor-post-type=\"elementor_library\" data-custom-edit-handle=\"1\">\n\t\t\t<div class=\"elementor-element elementor-element-13c0342f e-flex e-con-boxed e-con e-parent\" data-id=\"13c0342f\" data-element_type=\"container\" data-e-type=\"container\">\n\t\t\t\t\t<div class=\"e-con-inner\">\n\t\t\t\t<div class=\"elementor-element elementor-element-12653b04 elementor-widget__width-initial elementor-widget elementor-widget-theme-post-featured-image elementor-widget-image\" data-id=\"12653b04\" data-element_type=\"widget\" data-e-type=\"widget\" data-widget_type=\"theme-post-featured-image.default\">\n\t\t\t\t\t\t\t\t\t\t\t\t\t\t\t\t<a href=\"https:\/\/tuzlainfo.ba\/index.php\/clanci\/sa-svih-strana\/item\/314871-eu-ucesce-clanova-vlade-srbije-na-mladicevoj-sahrani-bilo-bi-neprihvatljivo\/\">\n\t\t\t\t\t\t\t<img decoding=\"async\" src=\"https:\/\/tuzlainfo.ba\/wp-content\/uploads\/elementor\/thumbs\/1302_aleksandar_vucic-r1glhmzhwpolexb7l5mag2k5jqdpdw2g71elnky7hq.jpg\" title=\"1302_aleksandar_vucic\" alt=\"1302_aleksandar_vucic\" loading=\"lazy\" \/>\t\t\t\t\t\t\t\t<\/a>\n\t\t\t\t\t\t\t\t\t\t\t\t\t\t\t<\/div>\n\t\t\t\t<div class=\"elementor-element elementor-element-6bcb5259 elementor-widget__width-initial elementor-widget elementor-widget-theme-post-title elementor-page-title elementor-widget-heading\" data-id=\"6bcb5259\" data-element_type=\"widget\" data-e-type=\"widget\" data-widget_type=\"theme-post-title.default\">\n\t\t\t\t\t<h2 class=\"elementor-heading-title elementor-size-default\"><a href=\"https:\/\/tuzlainfo.ba\/index.php\/clanci\/sa-svih-strana\/item\/314871-eu-ucesce-clanova-vlade-srbije-na-mladicevoj-sahrani-bilo-bi-neprihvatljivo\/\">EU: U\u010de\u0161\u0107e \u010dlanova Vlade Srbije na Mladi\u0107evoj sahrani bilo bi neprihvatljivo<\/a><\/h2>\t\t\t\t<\/div>\n\t\t\t\t\t<\/div>\n\t\t\t\t<\/div>\n\t\t\t\t<\/div>\n\t\t\t\t<\/div>\n\t\t\n\t\t\t\t\t\t<\/div>\n\t\t\t\t<\/div>\n\t\t\t\t<\/div>\n\t\t<div class=\"elementor-element elementor-element-cc1967f e-con-full e-flex e-con e-child\" data-id=\"cc1967f\" data-element_type=\"container\" data-e-type=\"container\">\n\t\t\t\t<div class=\"elementor-element elementor-element-5635def elementor-widget elementor-widget-heading\" data-id=\"5635def\" data-element_type=\"widget\" data-e-type=\"widget\" data-widget_type=\"heading.default\">\n\t\t\t\t\t<h2 class=\"elementor-heading-title elementor-size-default\"><a href=\"https:\/\/tuzlainfo.ba\/index.php\/category\/clanci\/berza-rada\/\">Berza rada<\/a><\/h2>\t\t\t\t<\/div>\n\t\t\t\t<div class=\"elementor-element elementor-element-fd04a3b elementor-widget-divider--view-line elementor-widget elementor-widget-divider\" data-id=\"fd04a3b\" data-element_type=\"widget\" data-e-type=\"widget\" data-widget_type=\"divider.default\">\n\t\t\t\t\t\t\t<div class=\"elementor-divider\">\n\t\t\t<span class=\"elementor-divider-separator\">\n\t\t\t\t\t\t<\/span>\n\t\t<\/div>\n\t\t\t\t\t\t<\/div>\n\t\t\t\t<div class=\"elementor-element elementor-element-4e2bf6a elementor-grid-1 elementor-grid-tablet-2 elementor-grid-mobile-1 elementor-widget elementor-widget-loop-grid\" data-id=\"4e2bf6a\" data-element_type=\"widget\" data-e-type=\"widget\" data-settings=\"{&quot;template_id&quot;:&quot;305805&quot;,&quot;columns&quot;:1,&quot;row_gap&quot;:{&quot;unit&quot;:&quot;px&quot;,&quot;size&quot;:20,&quot;sizes&quot;:[]},&quot;_skin&quot;:&quot;post&quot;,&quot;columns_tablet&quot;:&quot;2&quot;,&quot;columns_mobile&quot;:&quot;1&quot;,&quot;edit_handle_selector&quot;:&quot;[data-elementor-type=\\&quot;loop-item\\&quot;]&quot;,&quot;row_gap_tablet&quot;:{&quot;unit&quot;:&quot;px&quot;,&quot;size&quot;:&quot;&quot;,&quot;sizes&quot;:[]},&quot;row_gap_mobile&quot;:{&quot;unit&quot;:&quot;px&quot;,&quot;size&quot;:&quot;&quot;,&quot;sizes&quot;:[]}}\" data-widget_type=\"loop-grid.post\">\n\t\t\t\t<div class=\"elementor-widget-container\">\n\t\t\t\t\t\t\t<div class=\"elementor-loop-container elementor-grid\" role=\"list\">\n\t\t\t\t<div data-elementor-type=\"loop-item\" data-elementor-id=\"305805\" class=\"elementor elementor-305805 e-loop-item e-loop-item-314557 post-314557 post type-post status-publish format-standard has-post-thumbnail hentry category-berza-rada tag-bingo tag-oglas-za-posao\" data-elementor-post-type=\"elementor_library\" data-custom-edit-handle=\"1\">\n\t\t\t<div class=\"elementor-element elementor-element-13c0342f e-flex e-con-boxed e-con e-parent\" data-id=\"13c0342f\" data-element_type=\"container\" data-e-type=\"container\">\n\t\t\t\t\t<div class=\"e-con-inner\">\n\t\t\t\t<div class=\"elementor-element elementor-element-12653b04 elementor-widget__width-initial elementor-widget elementor-widget-theme-post-featured-image elementor-widget-image\" data-id=\"12653b04\" data-element_type=\"widget\" data-e-type=\"widget\" data-widget_type=\"theme-post-featured-image.default\">\n\t\t\t\t\t\t\t\t\t\t\t\t\t\t\t\t<a href=\"https:\/\/tuzlainfo.ba\/index.php\/clanci\/berza-rada\/item\/314557-bingo-trazi-radnike-u-tuzli-otvoren-konkurs-za-vise-izvrsilaca\/\">\n\t\t\t\t\t\t\t<img decoding=\"async\" src=\"https:\/\/tuzlainfo.ba\/wp-content\/uploads\/elementor\/thumbs\/bingo-rfzvb7vh83ret7s19qa9ruwnc89rmlj737scpi0ju6.jpg\" title=\"bingo\" alt=\"Foto: Tuzlainfo \/ Ilustracija\" loading=\"lazy\" \/>\t\t\t\t\t\t\t\t<\/a>\n\t\t\t\t\t\t\t\t\t\t\t\t\t\t\t<\/div>\n\t\t\t\t<div class=\"elementor-element elementor-element-6bcb5259 elementor-widget__width-initial elementor-widget elementor-widget-theme-post-title elementor-page-title elementor-widget-heading\" data-id=\"6bcb5259\" data-element_type=\"widget\" data-e-type=\"widget\" data-widget_type=\"theme-post-title.default\">\n\t\t\t\t\t<h2 class=\"elementor-heading-title elementor-size-default\"><a href=\"https:\/\/tuzlainfo.ba\/index.php\/clanci\/berza-rada\/item\/314557-bingo-trazi-radnike-u-tuzli-otvoren-konkurs-za-vise-izvrsilaca\/\">Bingo tra\u017ei radnike u Tuzli: Otvoren konkurs za vi\u0161e izvr\u0161ilaca<\/a><\/h2>\t\t\t\t<\/div>\n\t\t\t\t\t<\/div>\n\t\t\t\t<\/div>\n\t\t\t\t<\/div>\n\t\t\t\t<div data-elementor-type=\"loop-item\" data-elementor-id=\"305805\" class=\"elementor elementor-305805 e-loop-item e-loop-item-314519 post-314519 post type-post status-publish format-standard has-post-thumbnail hentry category-berza-rada category-istaknuto category-novosti category-preporucujemo tag-oglas-za-posao tag-ukc-tuzla\" data-elementor-post-type=\"elementor_library\" data-custom-edit-handle=\"1\">\n\t\t\t<div class=\"elementor-element elementor-element-13c0342f e-flex e-con-boxed e-con e-parent\" data-id=\"13c0342f\" data-element_type=\"container\" data-e-type=\"container\">\n\t\t\t\t\t<div class=\"e-con-inner\">\n\t\t\t\t<div class=\"elementor-element elementor-element-12653b04 elementor-widget__width-initial elementor-widget elementor-widget-theme-post-featured-image elementor-widget-image\" data-id=\"12653b04\" data-element_type=\"widget\" data-e-type=\"widget\" data-widget_type=\"theme-post-featured-image.default\">\n\t\t\t\t\t\t\t\t\t\t\t\t\t\t\t\t<a href=\"https:\/\/tuzlainfo.ba\/index.php\/novosti\/item\/314519-ukc-tuzla-zaposljava-80-medicinskih-sestara-i-tehnicara-na-neodredjeno-vrijeme\/\">\n\t\t\t\t\t\t\t<img decoding=\"async\" src=\"https:\/\/tuzlainfo.ba\/wp-content\/uploads\/elementor\/thumbs\/ukctuzla_ukczgrada-q28fqur20ogrv1a9dpbndukgiq4vtfwe54s5lccvhq.jpg\" title=\"ukctuzla_ukczgrada\" alt=\"UKC Tuzla (Arhiva)\" loading=\"lazy\" \/>\t\t\t\t\t\t\t\t<\/a>\n\t\t\t\t\t\t\t\t\t\t\t\t\t\t\t<\/div>\n\t\t\t\t<div class=\"elementor-element elementor-element-6bcb5259 elementor-widget__width-initial elementor-widget elementor-widget-theme-post-title elementor-page-title elementor-widget-heading\" data-id=\"6bcb5259\" data-element_type=\"widget\" data-e-type=\"widget\" data-widget_type=\"theme-post-title.default\">\n\t\t\t\t\t<h2 class=\"elementor-heading-title elementor-size-default\"><a href=\"https:\/\/tuzlainfo.ba\/index.php\/novosti\/item\/314519-ukc-tuzla-zaposljava-80-medicinskih-sestara-i-tehnicara-na-neodredjeno-vrijeme\/\">UKC Tuzla zapo\u0161ljava 80 medicinskih sestara i tehni\u010dara na neodre\u0111eno vrijeme<\/a><\/h2>\t\t\t\t<\/div>\n\t\t\t\t\t<\/div>\n\t\t\t\t<\/div>\n\t\t\t\t<\/div>\n\t\t\t\t<div data-elementor-type=\"loop-item\" data-elementor-id=\"305805\" class=\"elementor elementor-305805 e-loop-item e-loop-item-314503 post-314503 post type-post status-publish format-standard has-post-thumbnail hentry category-berza-rada tag-jkp-komunalac-tuzla tag-oglas-za-posao\" data-elementor-post-type=\"elementor_library\" data-custom-edit-handle=\"1\">\n\t\t\t<div class=\"elementor-element elementor-element-13c0342f e-flex e-con-boxed e-con e-parent\" data-id=\"13c0342f\" data-element_type=\"container\" data-e-type=\"container\">\n\t\t\t\t\t<div class=\"e-con-inner\">\n\t\t\t\t<div class=\"elementor-element elementor-element-12653b04 elementor-widget__width-initial elementor-widget elementor-widget-theme-post-featured-image elementor-widget-image\" data-id=\"12653b04\" data-element_type=\"widget\" data-e-type=\"widget\" data-widget_type=\"theme-post-featured-image.default\">\n\t\t\t\t\t\t\t\t\t\t\t\t\t\t\t\t<a href=\"https:\/\/tuzlainfo.ba\/index.php\/clanci\/berza-rada\/item\/314503-jkp-komunalac-tuzla-zaposljava-objavljen-oglas-za-pet-radnih-mjesta\/\">\n\t\t\t\t\t\t\t<img decoding=\"async\" src=\"https:\/\/tuzlainfo.ba\/wp-content\/uploads\/elementor\/thumbs\/sadrzaj_2019_20190701_1207_komunalac-p4l9wngq6jrnyz0sjcnsm5bjlt1wjqvq2recv22yr2.jpg\" title=\"1207 komunalac\" alt=\"1207 komunalac\" loading=\"lazy\" \/>\t\t\t\t\t\t\t\t<\/a>\n\t\t\t\t\t\t\t\t\t\t\t\t\t\t\t<\/div>\n\t\t\t\t<div class=\"elementor-element elementor-element-6bcb5259 elementor-widget__width-initial elementor-widget elementor-widget-theme-post-title elementor-page-title elementor-widget-heading\" data-id=\"6bcb5259\" data-element_type=\"widget\" data-e-type=\"widget\" data-widget_type=\"theme-post-title.default\">\n\t\t\t\t\t<h2 class=\"elementor-heading-title elementor-size-default\"><a href=\"https:\/\/tuzlainfo.ba\/index.php\/clanci\/berza-rada\/item\/314503-jkp-komunalac-tuzla-zaposljava-objavljen-oglas-za-pet-radnih-mjesta\/\">JKP Komunalac Tuzla zapo\u0161ljava, objavljen oglas za pet radnih mjesta<\/a><\/h2>\t\t\t\t<\/div>\n\t\t\t\t\t<\/div>\n\t\t\t\t<\/div>\n\t\t\t\t<\/div>\n\t\t\t\t<\/div>\n\t\t\n\t\t\t\t\t\t<\/div>\n\t\t\t\t<\/div>\n\t\t\t\t<\/div>\n\t\t<div class=\"elementor-element elementor-element-3521063 e-con-full e-flex e-con e-child\" data-id=\"3521063\" data-element_type=\"container\" data-e-type=\"container\">\n\t\t\t\t<div class=\"elementor-element elementor-element-3c3d209 elementor-widget elementor-widget-heading\" data-id=\"3c3d209\" data-element_type=\"widget\" data-e-type=\"widget\" data-widget_type=\"heading.default\">\n\t\t\t\t\t<h2 class=\"elementor-heading-title elementor-size-default\"><a href=\"https:\/\/tuzlainfo.ba\/index.php\/category\/magazin\/\">Magazin<\/a><\/h2>\t\t\t\t<\/div>\n\t\t\t\t<div class=\"elementor-element elementor-element-13cad61 elementor-widget-divider--view-line elementor-widget elementor-widget-divider\" data-id=\"13cad61\" data-element_type=\"widget\" data-e-type=\"widget\" data-widget_type=\"divider.default\">\n\t\t\t\t\t\t\t<div class=\"elementor-divider\">\n\t\t\t<span class=\"elementor-divider-separator\">\n\t\t\t\t\t\t<\/span>\n\t\t<\/div>\n\t\t\t\t\t\t<\/div>\n\t\t\t\t<div class=\"elementor-element elementor-element-7f2a90a elementor-grid-1 elementor-grid-tablet-2 elementor-grid-mobile-1 elementor-widget elementor-widget-loop-grid\" data-id=\"7f2a90a\" data-element_type=\"widget\" data-e-type=\"widget\" data-settings=\"{&quot;template_id&quot;:&quot;305805&quot;,&quot;columns&quot;:1,&quot;row_gap&quot;:{&quot;unit&quot;:&quot;px&quot;,&quot;size&quot;:20,&quot;sizes&quot;:[]},&quot;_skin&quot;:&quot;post&quot;,&quot;columns_tablet&quot;:&quot;2&quot;,&quot;columns_mobile&quot;:&quot;1&quot;,&quot;edit_handle_selector&quot;:&quot;[data-elementor-type=\\&quot;loop-item\\&quot;]&quot;,&quot;row_gap_tablet&quot;:{&quot;unit&quot;:&quot;px&quot;,&quot;size&quot;:&quot;&quot;,&quot;sizes&quot;:[]},&quot;row_gap_mobile&quot;:{&quot;unit&quot;:&quot;px&quot;,&quot;size&quot;:&quot;&quot;,&quot;sizes&quot;:[]}}\" data-widget_type=\"loop-grid.post\">\n\t\t\t\t<div class=\"elementor-widget-container\">\n\t\t\t\t\t\t\t<div class=\"elementor-loop-container elementor-grid\" role=\"list\">\n\t\t\t\t<div data-elementor-type=\"loop-item\" data-elementor-id=\"305805\" class=\"elementor elementor-305805 e-loop-item e-loop-item-314640 post-314640 post type-post status-publish format-standard has-post-thumbnail hentry category-istaknuto category-magazin tag-enis-beslagic\" data-elementor-post-type=\"elementor_library\" data-custom-edit-handle=\"1\">\n\t\t\t<div class=\"elementor-element elementor-element-13c0342f e-flex e-con-boxed e-con e-parent\" data-id=\"13c0342f\" data-element_type=\"container\" data-e-type=\"container\">\n\t\t\t\t\t<div class=\"e-con-inner\">\n\t\t\t\t<div class=\"elementor-element elementor-element-12653b04 elementor-widget__width-initial elementor-widget elementor-widget-theme-post-featured-image elementor-widget-image\" data-id=\"12653b04\" data-element_type=\"widget\" data-e-type=\"widget\" data-widget_type=\"theme-post-featured-image.default\">\n\t\t\t\t\t\t\t\t\t\t\t\t\t\t\t\t<a href=\"https:\/\/tuzlainfo.ba\/index.php\/magazin\/item\/314640-enis-beslagic-veceras-na-pozornici-sydney-opera-house\/\">\n\t\t\t\t\t\t\t<img decoding=\"async\" src=\"https:\/\/tuzlainfo.ba\/wp-content\/uploads\/elementor\/thumbs\/2612_enis_beslagic-rgppv98la4sd093rkt0cyqnvrwujqzd0l0bw0t6b1q.jpg\" title=\"2612_enis_beslagic\" alt=\"2612_enis_beslagic\" loading=\"lazy\" \/>\t\t\t\t\t\t\t\t<\/a>\n\t\t\t\t\t\t\t\t\t\t\t\t\t\t\t<\/div>\n\t\t\t\t<div class=\"elementor-element elementor-element-6bcb5259 elementor-widget__width-initial elementor-widget elementor-widget-theme-post-title elementor-page-title elementor-widget-heading\" data-id=\"6bcb5259\" data-element_type=\"widget\" data-e-type=\"widget\" data-widget_type=\"theme-post-title.default\">\n\t\t\t\t\t<h2 class=\"elementor-heading-title elementor-size-default\"><a href=\"https:\/\/tuzlainfo.ba\/index.php\/magazin\/item\/314640-enis-beslagic-veceras-na-pozornici-sydney-opera-house\/\">Enis Be\u0161lagi\u0107 ve\u010deras na pozornici Sydney Opera House<\/a><\/h2>\t\t\t\t<\/div>\n\t\t\t\t\t<\/div>\n\t\t\t\t<\/div>\n\t\t\t\t<\/div>\n\t\t\t\t<div data-elementor-type=\"loop-item\" data-elementor-id=\"305805\" class=\"elementor elementor-305805 e-loop-item e-loop-item-314497 post-314497 post type-post status-publish format-standard has-post-thumbnail hentry category-istaknuto category-magazin tag-festival-ilidza\" data-elementor-post-type=\"elementor_library\" data-custom-edit-handle=\"1\">\n\t\t\t<div class=\"elementor-element elementor-element-13c0342f e-flex e-con-boxed e-con e-parent\" data-id=\"13c0342f\" data-element_type=\"container\" data-e-type=\"container\">\n\t\t\t\t\t<div class=\"e-con-inner\">\n\t\t\t\t<div class=\"elementor-element elementor-element-12653b04 elementor-widget__width-initial elementor-widget elementor-widget-theme-post-featured-image elementor-widget-image\" data-id=\"12653b04\" data-element_type=\"widget\" data-e-type=\"widget\" data-widget_type=\"theme-post-featured-image.default\">\n\t\t\t\t\t\t\t\t\t\t\t\t\t\t\t\t<a href=\"https:\/\/tuzlainfo.ba\/index.php\/magazin\/item\/314497-tuzlak-azur-mehmedovic-pobjednik-62-festivala-ilidza-s-pjesmom-ah-moja-draga\/\">\n\t\t\t\t\t\t\t<img decoding=\"async\" src=\"https:\/\/tuzlainfo.ba\/wp-content\/uploads\/elementor\/thumbs\/Azur-Ilidza-rsr2l6x8cccqtc3ikpfhoe43jy3izre8zarofgsvhq.jpg\" title=\"Azur Ilidza\" alt=\"Azur Ilidza\" loading=\"lazy\" \/>\t\t\t\t\t\t\t\t<\/a>\n\t\t\t\t\t\t\t\t\t\t\t\t\t\t\t<\/div>\n\t\t\t\t<div class=\"elementor-element elementor-element-6bcb5259 elementor-widget__width-initial elementor-widget elementor-widget-theme-post-title elementor-page-title elementor-widget-heading\" data-id=\"6bcb5259\" data-element_type=\"widget\" data-e-type=\"widget\" data-widget_type=\"theme-post-title.default\">\n\t\t\t\t\t<h2 class=\"elementor-heading-title elementor-size-default\"><a href=\"https:\/\/tuzlainfo.ba\/index.php\/magazin\/item\/314497-tuzlak-azur-mehmedovic-pobjednik-62-festivala-ilidza-s-pjesmom-ah-moja-draga\/\">Tuzlak Azur Mehmedovi\u0107 pobjednik 62. Festivala Ilid\u017ea s pjesmom \u201eAh, moja draga\u201c<\/a><\/h2>\t\t\t\t<\/div>\n\t\t\t\t\t<\/div>\n\t\t\t\t<\/div>\n\t\t\t\t<\/div>\n\t\t\t\t<div data-elementor-type=\"loop-item\" data-elementor-id=\"305805\" class=\"elementor elementor-305805 e-loop-item e-loop-item-313346 post-313346 post type-post status-publish format-standard has-post-thumbnail hentry category-magazin tag-kosarka tag-spanski-kosarkaski-tipsteri\" data-elementor-post-type=\"elementor_library\" data-custom-edit-handle=\"1\">\n\t\t\t<div class=\"elementor-element elementor-element-13c0342f e-flex e-con-boxed e-con e-parent\" data-id=\"13c0342f\" data-element_type=\"container\" data-e-type=\"container\">\n\t\t\t\t\t<div class=\"e-con-inner\">\n\t\t\t\t<div class=\"elementor-element elementor-element-12653b04 elementor-widget__width-initial elementor-widget elementor-widget-theme-post-featured-image elementor-widget-image\" data-id=\"12653b04\" data-element_type=\"widget\" data-e-type=\"widget\" data-widget_type=\"theme-post-featured-image.default\">\n\t\t\t\t\t\t\t\t\t\t\t\t\t\t\t\t<a href=\"https:\/\/tuzlainfo.ba\/index.php\/magazin\/item\/313346-kosarka-u-bosni-i-hercegovini-sport-koji-je-izgradio-identitet-jednog-naroda\/\">\n\t\t\t\t\t\t\t<img decoding=\"async\" src=\"https:\/\/tuzlainfo.ba\/wp-content\/uploads\/elementor\/thumbs\/authentic-scenes-plus-size-males-playing-basketball-scaled-e1787145671856-rs4ytwvw0ie04dv9k9g89xl9jyw00koncfm1xieooe.jpg\" title=\"authentic-scenes-plus-size-males-playing-basketball\" alt=\"Foto: magnific.com\" loading=\"lazy\" \/>\t\t\t\t\t\t\t\t<\/a>\n\t\t\t\t\t\t\t\t\t\t\t\t\t\t\t<\/div>\n\t\t\t\t<div class=\"elementor-element elementor-element-6bcb5259 elementor-widget__width-initial elementor-widget elementor-widget-theme-post-title elementor-page-title elementor-widget-heading\" data-id=\"6bcb5259\" data-element_type=\"widget\" data-e-type=\"widget\" data-widget_type=\"theme-post-title.default\">\n\t\t\t\t\t<h2 class=\"elementor-heading-title elementor-size-default\"><a href=\"https:\/\/tuzlainfo.ba\/index.php\/magazin\/item\/313346-kosarka-u-bosni-i-hercegovini-sport-koji-je-izgradio-identitet-jednog-naroda\/\">Ko\u0161arka u Bosni i Hercegovini: Sport koji je izgradio identitet jednog naroda<\/a><\/h2>\t\t\t\t<\/div>\n\t\t\t\t\t<\/div>\n\t\t\t\t<\/div>\n\t\t\t\t<\/div>\n\t\t\t\t<\/div>\n\t\t\n\t\t\t\t\t\t<\/div>\n\t\t\t\t<\/div>\n\t\t\t\t<\/div>\n\t\t\t\t<\/div>\n\t\t\t\t<\/div>\n\t\t\t\t<div class=\"elementor-element elementor-element-192c26a elementor-widget elementor-widget-image\" data-id=\"192c26a\" data-element_type=\"widget\" data-e-type=\"widget\" data-widget_type=\"image.default\">\n\t\t\t\t\t\t\t\t\t\t\t\t\t\t\t\t<a href=\"https:\/\/futuratoneri.ba\/\">\n\t\t\t\t\t\t\t<img fetchpriority=\"high\" decoding=\"async\" width=\"900\" height=\"180\" src=\"https:\/\/tuzlainfo.ba\/wp-content\/uploads\/2026\/06\/We-Are-Hiring-Digital-Marketing-Agency-Youtube-Display-Ad.png\" class=\"attachment-full size-full wp-image-305832\" alt=\"\" srcset=\"https:\/\/tuzlainfo.ba\/wp-content\/uploads\/2026\/06\/We-Are-Hiring-Digital-Marketing-Agency-Youtube-Display-Ad.png 900w, https:\/\/tuzlainfo.ba\/wp-content\/uploads\/2026\/06\/We-Are-Hiring-Digital-Marketing-Agency-Youtube-Display-Ad-300x60.png 300w, https:\/\/tuzlainfo.ba\/wp-content\/uploads\/2026\/06\/We-Are-Hiring-Digital-Marketing-Agency-Youtube-Display-Ad-768x154.png 768w, https:\/\/tuzlainfo.ba\/wp-content\/uploads\/2026\/06\/We-Are-Hiring-Digital-Marketing-Agency-Youtube-Display-Ad-150x30.png 150w, https:\/\/tuzlainfo.ba\/wp-content\/uploads\/2026\/06\/We-Are-Hiring-Digital-Marketing-Agency-Youtube-Display-Ad-500x100.png 500w, https:\/\/tuzlainfo.ba\/wp-content\/uploads\/2026\/06\/We-Are-Hiring-Digital-Marketing-Agency-Youtube-Display-Ad-585x117.png 585w\" sizes=\"(max-width: 900px) 100vw, 900px\" \/>\t\t\t\t\t\t\t\t<\/a>\n\t\t\t\t\t\t\t\t\t\t\t\t\t\t\t<\/div>\n\t\t\t\t<\/div>\n\t\t<div class=\"elementor-element elementor-element-9d8fde0 e-con-full e-flex e-con e-child\" data-id=\"9d8fde0\" data-element_type=\"container\" data-e-type=\"container\">\n\t\t\t\t<div class=\"elementor-element elementor-element-a852f23 elementor-widget elementor-widget-shortcode\" data-id=\"a852f23\" data-element_type=\"widget\" data-e-type=\"widget\" data-widget_type=\"shortcode.default\">\n\t\t\t\t\t\t\t<div class=\"elementor-shortcode\"><div class='code-block code-block-51' style='margin: 8px 0; clear: both;'>\n<\/div>\n<\/div>\n\t\t\t\t\t\t<\/div>\n\t\t\t\t<div class=\"elementor-element elementor-element-ee30ab1 elementor-widget elementor-widget-shortcode\" data-id=\"ee30ab1\" data-element_type=\"widget\" data-e-type=\"widget\" data-widget_type=\"shortcode.default\">\n\t\t\t\t\t\t\t<div class=\"elementor-shortcode\"><div class='code-block code-block-15' style='margin: 8px auto; text-align: center; display: block; clear: both;'>\n<!-- Responzivni Google oglas na desktopu u tekstu na prvom paragrafu lijevo poravnat -->\n<script async src=\"https:\/\/pagead2.googlesyndication.com\/pagead\/js\/adsbygoogle.js?client=ca-pub-5146840469417794\" crossorigin=\"anonymous\"><\/script>\n<!-- Oglas u \u010dlanku 300x250 -->\n<ins class=\"adsbygoogle\"\n     style=\"display:inline-block;width:300px;height:250px\"\n     data-ad-client=\"ca-pub-5146840469417794\"\n     data-ad-slot=\"3349358423\"><\/ins>\n<script>\n     (adsbygoogle = window.adsbygoogle || []).push({});\n<\/script>\n\n\n<\/div>\n<\/div>\n\t\t\t\t\t\t<\/div>\n\t\t\t\t<div class=\"elementor-element elementor-element-318d121 elementor-widget elementor-widget-shortcode\" data-id=\"318d121\" data-element_type=\"widget\" data-e-type=\"widget\" data-widget_type=\"shortcode.default\">\n\t\t\t\t\t\t\t<div class=\"elementor-shortcode\"><div class='code-block code-block-49' style='margin: 8px 0; clear: both;'>\n<!--Lifestyle na naslovnoj u desnoj koloni -->\n<a href=\"https:\/\/lifestyle.ba\/\">\n<img decoding=\"async\" src=\"https:\/\/tuzlainfo.ba\/wp-content\/uploads\/2024\/11\/lifestyle.jpg\" style=\"margin-left: auto; margin-right: auto; display: block; max-width: 300px;\">\n<\/a><\/div>\n<\/div>\n\t\t\t\t\t\t<\/div>\n\t\t\t\t<div class=\"elementor-element elementor-element-18dded1 elementor-widget elementor-widget-shortcode\" data-id=\"18dded1\" data-element_type=\"widget\" data-e-type=\"widget\" data-widget_type=\"shortcode.default\">\n\t\t\t\t\t\t\t<div class=\"elementor-shortcode\"><div class='ai-viewports ai-viewport-1 ai-insert-7-94952390' style='margin: 8px auto; text-align: center; display: block; clear: both;' data-insertion-position='prepend' data-selector='.ai-insert-7-94952390' data-insertion-no-dbg data-code='PGRpdiBjbGFzcz0nY29kZS1ibG9jayBjb2RlLWJsb2NrLTcnIHN0eWxlPSdtYXJnaW46IDhweCBhdXRvOyB0ZXh0LWFsaWduOiBjZW50ZXI7IGRpc3BsYXk6IGJsb2NrOyBjbGVhcjogYm90aDsnPgo8IS0tIFJlc3Bvbnppdm5pIEdvb2dsZSBvZ2xhcyBuYSBkZXNrdG9wdSB1IHNpZGViYXJ1IC0tPgo8c2NyaXB0IGFzeW5jIHNyYz0iaHR0cHM6Ly9wYWdlYWQyLmdvb2dsZXN5bmRpY2F0aW9uLmNvbS9wYWdlYWQvanMvYWRzYnlnb29nbGUuanM\/Y2xpZW50PWNhLXB1Yi01MTQ2ODQwNDY5NDE3Nzk0IgogICAgIGNyb3Nzb3JpZ2luPSJhbm9ueW1vdXMiPjwvc2NyaXB0Pgo8IS0tIFJlc3Bvbnppdm5pIG9nbGFzIC0tPgo8aW5zIGNsYXNzPSJhZHNieWdvb2dsZSIKICAgICBzdHlsZT0iZGlzcGxheTpibG9jayIKICAgICBkYXRhLWFkLWNsaWVudD0iY2EtcHViLTUxNDY4NDA0Njk0MTc3OTQiCiAgICAgZGF0YS1hZC1zbG90PSI2NDg3MDkyODE1IgogICAgIGRhdGEtYWQtZm9ybWF0PSJhdXRvIgogICAgIGRhdGEtZnVsbC13aWR0aC1yZXNwb25zaXZlPSJ0cnVlIj48L2lucz4KPHNjcmlwdD4KICAgICAoYWRzYnlnb29nbGUgPSB3aW5kb3cuYWRzYnlnb29nbGUgfHwgW10pLnB1c2goe30pOwo8L3NjcmlwdD4KPC9kaXY+Cg==' data-block='7'><\/div>\n<script>\n  ai_run_747374483914 = function(){ai_insert_viewport_code ('ai-insert-7-94952390');};\n  if (document.readyState === 'complete' || (document.readyState !== 'loading' && !document.documentElement.doScroll)) ai_run_747374483914 (); else document.addEventListener ('DOMContentLoaded', ai_run_747374483914);\n<\/script>\n<\/div>\n\t\t\t\t\t\t<\/div>\n\t\t\t\t<div class=\"elementor-element elementor-element-1ca9edb e-n-tabs-mobile elementor-widget elementor-widget-n-tabs\" data-id=\"1ca9edb\" data-element_type=\"widget\" data-e-type=\"widget\" data-settings=\"{&quot;tabs_justify_horizontal&quot;:&quot;stretch&quot;,&quot;horizontal_scroll&quot;:&quot;disable&quot;}\" data-widget_type=\"nested-tabs.default\">\n\t\t\t\t\t\t\t<div class=\"e-n-tabs\" data-widget-number=\"30056155\" aria-label=\"Tabs. Open items with Enter or Space, close with Escape and navigate using the Arrow keys.\">\n\t\t\t<div class=\"e-n-tabs-heading\" role=\"tablist\">\n\t\t\t\t\t<button id=\"e-n-tab-title-300561551\" data-tab-title-id=\"e-n-tab-title-300561551\" class=\"e-n-tab-title\" aria-selected=\"true\" data-tab-index=\"1\" role=\"tab\" tabindex=\"0\" aria-controls=\"e-n-tab-content-300561551\" style=\"--n-tabs-title-order: 1;\">\n\t\t\t\t\t\t<span class=\"e-n-tab-title-text\">\n\t\t\t\tPreporu\u010dujemo\t\t\t<\/span>\n\t\t<\/button>\n\t\t\t\t<button id=\"e-n-tab-title-300561552\" data-tab-title-id=\"e-n-tab-title-300561552\" class=\"e-n-tab-title\" aria-selected=\"false\" data-tab-index=\"2\" role=\"tab\" tabindex=\"-1\" aria-controls=\"e-n-tab-content-300561552\" style=\"--n-tabs-title-order: 2;\">\n\t\t\t\t\t\t<span class=\"e-n-tab-title-text\">\n\t\t\t\tNajnovije\t\t\t<\/span>\n\t\t<\/button>\n\t\t\t\t\t<\/div>\n\t\t\t<div class=\"e-n-tabs-content\">\n\t\t\t\t<div id=\"e-n-tab-content-300561551\" role=\"tabpanel\" aria-labelledby=\"e-n-tab-title-300561551\" data-tab-index=\"1\" style=\"--n-tabs-title-order: 1;\" class=\"e-active elementor-element elementor-element-b546ab3 e-con-full e-flex e-con e-child\" data-id=\"b546ab3\" data-element_type=\"container\" data-e-type=\"container\">\n\t\t\t\t<div class=\"elementor-element elementor-element-096678e elementor-grid-1 elementor-grid-tablet-2 elementor-grid-mobile-1 elementor-widget elementor-widget-loop-grid\" data-id=\"096678e\" data-element_type=\"widget\" data-e-type=\"widget\" data-settings=\"{&quot;template_id&quot;:&quot;305828&quot;,&quot;columns&quot;:1,&quot;row_gap&quot;:{&quot;unit&quot;:&quot;px&quot;,&quot;size&quot;:10,&quot;sizes&quot;:[]},&quot;_skin&quot;:&quot;post&quot;,&quot;columns_tablet&quot;:&quot;2&quot;,&quot;columns_mobile&quot;:&quot;1&quot;,&quot;edit_handle_selector&quot;:&quot;[data-elementor-type=\\&quot;loop-item\\&quot;]&quot;,&quot;row_gap_tablet&quot;:{&quot;unit&quot;:&quot;px&quot;,&quot;size&quot;:&quot;&quot;,&quot;sizes&quot;:[]},&quot;row_gap_mobile&quot;:{&quot;unit&quot;:&quot;px&quot;,&quot;size&quot;:&quot;&quot;,&quot;sizes&quot;:[]}}\" data-widget_type=\"loop-grid.post\">\n\t\t\t\t<div class=\"elementor-widget-container\">\n\t\t\t\t\t\t\t<div class=\"elementor-loop-container elementor-grid\" role=\"list\">\n\t\t<style id=\"loop-305828\">.elementor-305828 .elementor-element.elementor-element-7e71826e{--display:flex;--flex-direction:row;--container-widget-width:calc( ( 1 - var( --container-widget-flex-grow ) ) * 100% );--container-widget-height:100%;--container-widget-flex-grow:1;--container-widget-align-self:stretch;--flex-wrap-mobile:wrap;--align-items:center;--gap:0px 0px;--row-gap:0px;--column-gap:0px;}.elementor-305828 .elementor-element.elementor-element-5b2f2927 .elementor-heading-title{font-size:16px;font-weight:400;}.elementor-305828 .elementor-element.elementor-element-5b2f2927{padding:10px 10px 10px 10px;}<\/style>\t\t<div data-elementor-type=\"loop-item\" data-elementor-id=\"305828\" class=\"elementor elementor-305828 e-loop-item e-loop-item-314868 post-314868 post type-post status-publish format-standard has-post-thumbnail hentry category-istaknuto category-novosti category-preporucujemo tag-uprava-policije-mup-a-tk\" data-elementor-post-type=\"elementor_library\" data-custom-edit-handle=\"1\">\n\t\t\t<div class=\"elementor-element elementor-element-7e71826e e-flex e-con-boxed e-con e-parent\" data-id=\"7e71826e\" data-element_type=\"container\" data-e-type=\"container\">\n\t\t\t\t\t<div class=\"e-con-inner\">\n\t\t\t\t<div class=\"elementor-element elementor-element-5b2f2927 elementor-widget elementor-widget-theme-post-title elementor-page-title elementor-widget-heading\" data-id=\"5b2f2927\" data-element_type=\"widget\" data-e-type=\"widget\" data-widget_type=\"theme-post-title.default\">\n\t\t\t\t\t<h2 class=\"elementor-heading-title elementor-size-default\"><a href=\"https:\/\/tuzlainfo.ba\/index.php\/novosti\/item\/314868-inciden-u-skoli-u-gornjoj-tuzli-dvije-ucenice-povrijedjene-hladnim-oruzjem\/\">Incident u \u0161koli u Gornjoj Tuzli: Dvije u\u010denice povrije\u0111ene hladnim oru\u017ejem<\/a><\/h2>\t\t\t\t<\/div>\n\t\t\t\t\t<\/div>\n\t\t\t\t<\/div>\n\t\t\t\t<\/div>\n\t\t\t\t<div data-elementor-type=\"loop-item\" data-elementor-id=\"305828\" class=\"elementor elementor-305828 e-loop-item e-loop-item-314830 post-314830 post type-post status-publish format-standard has-post-thumbnail hentry category-istaknuto category-novosti category-preporucujemo tag-bcc-tuzla tag-zara\" data-elementor-post-type=\"elementor_library\" data-custom-edit-handle=\"1\">\n\t\t\t<div class=\"elementor-element elementor-element-7e71826e e-flex e-con-boxed e-con e-parent\" data-id=\"7e71826e\" data-element_type=\"container\" data-e-type=\"container\">\n\t\t\t\t\t<div class=\"e-con-inner\">\n\t\t\t\t<div class=\"elementor-element elementor-element-5b2f2927 elementor-widget elementor-widget-theme-post-title elementor-page-title elementor-widget-heading\" data-id=\"5b2f2927\" data-element_type=\"widget\" data-e-type=\"widget\" data-widget_type=\"theme-post-title.default\">\n\t\t\t\t\t<h2 class=\"elementor-heading-title elementor-size-default\"><a href=\"https:\/\/tuzlainfo.ba\/index.php\/novosti\/item\/314830-sta-se-desava-i-zara-zatvara-prodavnicu-u-bcc-tuzla\/\">\u0160ta se de\u0161ava: I Zara zatvara prodavnicu u BCC Tuzla?!?<\/a><\/h2>\t\t\t\t<\/div>\n\t\t\t\t\t<\/div>\n\t\t\t\t<\/div>\n\t\t\t\t<\/div>\n\t\t\t\t<div data-elementor-type=\"loop-item\" data-elementor-id=\"305828\" class=\"elementor elementor-305828 e-loop-item e-loop-item-314676 post-314676 post type-post status-publish format-standard has-post-thumbnail hentry category-istaknuto category-novosti category-preporucujemo tag-azmir-husic tag-fk-sloboda tag-sport\" data-elementor-post-type=\"elementor_library\" data-custom-edit-handle=\"1\">\n\t\t\t<div class=\"elementor-element elementor-element-7e71826e e-flex e-con-boxed e-con e-parent\" data-id=\"7e71826e\" data-element_type=\"container\" data-e-type=\"container\">\n\t\t\t\t\t<div class=\"e-con-inner\">\n\t\t\t\t<div class=\"elementor-element elementor-element-5b2f2927 elementor-widget elementor-widget-theme-post-title elementor-page-title elementor-widget-heading\" data-id=\"5b2f2927\" data-element_type=\"widget\" data-e-type=\"widget\" data-widget_type=\"theme-post-title.default\">\n\t\t\t\t\t<h2 class=\"elementor-heading-title elementor-size-default\"><a href=\"https:\/\/tuzlainfo.ba\/index.php\/novosti\/item\/314676-husic-sazvao-vanrednu-press-konferenciju-prezentovat-ce-dokaze-o-milionskoj-steti-klubu\/\">Husi\u0107 sazvao vanrednu press konferenciju, prezentovat \u0107e dokaze o milionskoj \u0161teti klubu<\/a><\/h2>\t\t\t\t<\/div>\n\t\t\t\t\t<\/div>\n\t\t\t\t<\/div>\n\t\t\t\t<\/div>\n\t\t\t\t<div data-elementor-type=\"loop-item\" data-elementor-id=\"305828\" class=\"elementor elementor-305828 e-loop-item e-loop-item-314519 post-314519 post type-post status-publish format-standard has-post-thumbnail hentry category-berza-rada category-istaknuto category-novosti category-preporucujemo tag-oglas-za-posao tag-ukc-tuzla\" data-elementor-post-type=\"elementor_library\" data-custom-edit-handle=\"1\">\n\t\t\t<div class=\"elementor-element elementor-element-7e71826e e-flex e-con-boxed e-con e-parent\" data-id=\"7e71826e\" data-element_type=\"container\" data-e-type=\"container\">\n\t\t\t\t\t<div class=\"e-con-inner\">\n\t\t\t\t<div class=\"elementor-element elementor-element-5b2f2927 elementor-widget elementor-widget-theme-post-title elementor-page-title elementor-widget-heading\" data-id=\"5b2f2927\" data-element_type=\"widget\" data-e-type=\"widget\" data-widget_type=\"theme-post-title.default\">\n\t\t\t\t\t<h2 class=\"elementor-heading-title elementor-size-default\"><a href=\"https:\/\/tuzlainfo.ba\/index.php\/novosti\/item\/314519-ukc-tuzla-zaposljava-80-medicinskih-sestara-i-tehnicara-na-neodredjeno-vrijeme\/\">UKC Tuzla zapo\u0161ljava 80 medicinskih sestara i tehni\u010dara na neodre\u0111eno vrijeme<\/a><\/h2>\t\t\t\t<\/div>\n\t\t\t\t\t<\/div>\n\t\t\t\t<\/div>\n\t\t\t\t<\/div>\n\t\t\t\t<div data-elementor-type=\"loop-item\" data-elementor-id=\"305828\" class=\"elementor elementor-305828 e-loop-item e-loop-item-314436 post-314436 post type-post status-publish format-standard has-post-thumbnail hentry category-istaknuto category-novosti category-preporucujemo tag-jkp-saobracaj-i-komunikacije-tuzla tag-parking tag-parking-tuzla\" data-elementor-post-type=\"elementor_library\" data-custom-edit-handle=\"1\">\n\t\t\t<div class=\"elementor-element elementor-element-7e71826e e-flex e-con-boxed e-con e-parent\" data-id=\"7e71826e\" data-element_type=\"container\" data-e-type=\"container\">\n\t\t\t\t\t<div class=\"e-con-inner\">\n\t\t\t\t<div class=\"elementor-element elementor-element-5b2f2927 elementor-widget elementor-widget-theme-post-title elementor-page-title elementor-widget-heading\" data-id=\"5b2f2927\" data-element_type=\"widget\" data-e-type=\"widget\" data-widget_type=\"theme-post-title.default\">\n\t\t\t\t\t<h2 class=\"elementor-heading-title elementor-size-default\"><a href=\"https:\/\/tuzlainfo.ba\/index.php\/novosti\/item\/314436-tuzla-od-sutra-promjena-u-naplati-na-10-gradskih-parkiralista\/\">Tuzla: Od sutra promjena u naplati na 10 gradskih  parkirali\u0161ta<\/a><\/h2>\t\t\t\t<\/div>\n\t\t\t\t\t<\/div>\n\t\t\t\t<\/div>\n\t\t\t\t<\/div>\n\t\t\t\t<\/div>\n\t\t\n\t\t\t\t\t\t<\/div>\n\t\t\t\t<\/div>\n\t\t\t\t<\/div>\n\t\t<div id=\"e-n-tab-content-300561552\" role=\"tabpanel\" aria-labelledby=\"e-n-tab-title-300561552\" data-tab-index=\"2\" style=\"--n-tabs-title-order: 2;\" class=\" elementor-element elementor-element-bd85435 e-con-full e-flex e-con e-child\" data-id=\"bd85435\" data-element_type=\"container\" data-e-type=\"container\">\n\t\t\t\t<div class=\"elementor-element elementor-element-7f57fd9 elementor-grid-1 elementor-grid-tablet-2 elementor-grid-mobile-1 elementor-widget elementor-widget-loop-grid\" data-id=\"7f57fd9\" data-element_type=\"widget\" data-e-type=\"widget\" data-settings=\"{&quot;template_id&quot;:&quot;305828&quot;,&quot;columns&quot;:1,&quot;row_gap&quot;:{&quot;unit&quot;:&quot;px&quot;,&quot;size&quot;:10,&quot;sizes&quot;:[]},&quot;_skin&quot;:&quot;post&quot;,&quot;columns_tablet&quot;:&quot;2&quot;,&quot;columns_mobile&quot;:&quot;1&quot;,&quot;edit_handle_selector&quot;:&quot;[data-elementor-type=\\&quot;loop-item\\&quot;]&quot;,&quot;row_gap_tablet&quot;:{&quot;unit&quot;:&quot;px&quot;,&quot;size&quot;:&quot;&quot;,&quot;sizes&quot;:[]},&quot;row_gap_mobile&quot;:{&quot;unit&quot;:&quot;px&quot;,&quot;size&quot;:&quot;&quot;,&quot;sizes&quot;:[]}}\" data-widget_type=\"loop-grid.post\">\n\t\t\t\t<div class=\"elementor-widget-container\">\n\t\t\t\t\t\t\t<div class=\"elementor-loop-container elementor-grid\" role=\"list\">\n\t\t\t\t<div data-elementor-type=\"loop-item\" data-elementor-id=\"305828\" class=\"elementor elementor-305828 e-loop-item e-loop-item-314767 post-314767 post type-post status-publish format-standard has-post-thumbnail hentry category-bosna-i-hercegovina category-istaknuto tag-prognoza tag-vrijeme\" data-elementor-post-type=\"elementor_library\" data-custom-edit-handle=\"1\">\n\t\t\t<div class=\"elementor-element elementor-element-7e71826e e-flex e-con-boxed e-con e-parent\" data-id=\"7e71826e\" data-element_type=\"container\" data-e-type=\"container\">\n\t\t\t\t\t<div class=\"e-con-inner\">\n\t\t\t\t<div class=\"elementor-element elementor-element-5b2f2927 elementor-widget elementor-widget-theme-post-title elementor-page-title elementor-widget-heading\" data-id=\"5b2f2927\" data-element_type=\"widget\" data-e-type=\"widget\" data-widget_type=\"theme-post-title.default\">\n\t\t\t\t\t<h2 class=\"elementor-heading-title elementor-size-default\"><a href=\"https:\/\/tuzlainfo.ba\/index.php\/bosna-i-hercegovina\/item\/314767-danas-do-38-stepeni-od-nedjelje-blazi-pad-temperatura-i-vise-oblaka\/\">Danas do 38 stepeni, od nedjelje bla\u017ei pad temperatura i vi\u0161e oblaka<\/a><\/h2>\t\t\t\t<\/div>\n\t\t\t\t\t<\/div>\n\t\t\t\t<\/div>\n\t\t\t\t<\/div>\n\t\t\t\t<div data-elementor-type=\"loop-item\" data-elementor-id=\"305828\" class=\"elementor elementor-305828 e-loop-item e-loop-item-314961 post-314961 post type-post status-publish format-standard has-post-thumbnail hentry category-istaknuto category-novosti tag-planska-iskljucenja-struje-tuzla\" data-elementor-post-type=\"elementor_library\" data-custom-edit-handle=\"1\">\n\t\t\t<div class=\"elementor-element elementor-element-7e71826e e-flex e-con-boxed e-con e-parent\" data-id=\"7e71826e\" data-element_type=\"container\" data-e-type=\"container\">\n\t\t\t\t\t<div class=\"e-con-inner\">\n\t\t\t\t<div class=\"elementor-element elementor-element-5b2f2927 elementor-widget elementor-widget-theme-post-title elementor-page-title elementor-widget-heading\" data-id=\"5b2f2927\" data-element_type=\"widget\" data-e-type=\"widget\" data-widget_type=\"theme-post-title.default\">\n\t\t\t\t\t<h2 class=\"elementor-heading-title elementor-size-default\"><a href=\"https:\/\/tuzlainfo.ba\/index.php\/novosti\/item\/314961-elektrodistribucija-planska-iskljucenja-el-energije-za-nedjelju-6-septembra\/\">Elektrodistribucija: Planska isklju\u010denja el. energije za nedjelju 6. septembra<\/a><\/h2>\t\t\t\t<\/div>\n\t\t\t\t\t<\/div>\n\t\t\t\t<\/div>\n\t\t\t\t<\/div>\n\t\t\t\t<div data-elementor-type=\"loop-item\" data-elementor-id=\"305828\" class=\"elementor elementor-305828 e-loop-item e-loop-item-315004 post-315004 post type-post status-publish format-standard has-post-thumbnail hentry category-sa-svih-strana tag-hrvatska tag-slovenija\" data-elementor-post-type=\"elementor_library\" data-custom-edit-handle=\"1\">\n\t\t\t<div class=\"elementor-element elementor-element-7e71826e e-flex e-con-boxed e-con e-parent\" data-id=\"7e71826e\" data-element_type=\"container\" data-e-type=\"container\">\n\t\t\t\t\t<div class=\"e-con-inner\">\n\t\t\t\t<div class=\"elementor-element elementor-element-5b2f2927 elementor-widget elementor-widget-theme-post-title elementor-page-title elementor-widget-heading\" data-id=\"5b2f2927\" data-element_type=\"widget\" data-e-type=\"widget\" data-widget_type=\"theme-post-title.default\">\n\t\t\t\t\t<h2 class=\"elementor-heading-title elementor-size-default\"><a href=\"https:\/\/tuzlainfo.ba\/index.php\/clanci\/sa-svih-strana\/item\/315004-hrvatska-i-slovenija-osudile-docek-zlocinca-ratka-mladica-u-beogradu\/\">Hrvatska i Slovenija osudile do\u010dek zlo\u010dinca Ratka Mladi\u0107a u Beogradu<\/a><\/h2>\t\t\t\t<\/div>\n\t\t\t\t\t<\/div>\n\t\t\t\t<\/div>\n\t\t\t\t<\/div>\n\t\t\t\t<div data-elementor-type=\"loop-item\" data-elementor-id=\"305828\" class=\"elementor elementor-305828 e-loop-item e-loop-item-315001 post-315001 post type-post status-publish format-standard has-post-thumbnail hentry category-istaknuto category-izbori-clanci category-novosti tag-irfan-halilagic tag-izbori\" data-elementor-post-type=\"elementor_library\" data-custom-edit-handle=\"1\">\n\t\t\t<div class=\"elementor-element elementor-element-7e71826e e-flex e-con-boxed e-con e-parent\" data-id=\"7e71826e\" data-element_type=\"container\" data-e-type=\"container\">\n\t\t\t\t\t<div class=\"e-con-inner\">\n\t\t\t\t<div class=\"elementor-element elementor-element-5b2f2927 elementor-widget elementor-widget-theme-post-title elementor-page-title elementor-widget-heading\" data-id=\"5b2f2927\" data-element_type=\"widget\" data-e-type=\"widget\" data-widget_type=\"theme-post-title.default\">\n\t\t\t\t\t<h2 class=\"elementor-heading-title elementor-size-default\"><a href=\"https:\/\/tuzlainfo.ba\/index.php\/novosti\/item\/315001-halilagic-krenuo-u-utrku-za-parlament-fbih-rezultati-naseg-rada-neka-budu-razlog-za-povjerenje\/\">Halilagi\u0107 krenuo u utrku za Parlament FBiH: \u201eRezultati na\u0161eg rada neka budu razlog za povjerenje\u201c<\/a><\/h2>\t\t\t\t<\/div>\n\t\t\t\t\t<\/div>\n\t\t\t\t<\/div>\n\t\t\t\t<\/div>\n\t\t\t\t<div data-elementor-type=\"loop-item\" data-elementor-id=\"305828\" class=\"elementor elementor-305828 e-loop-item e-loop-item-314999 post-314999 post type-post status-publish format-standard has-post-thumbnail hentry category-istaknuto category-izbori-clanci category-novosti tag-grad-tuzla tag-izbori\" data-elementor-post-type=\"elementor_library\" data-custom-edit-handle=\"1\">\n\t\t\t<div class=\"elementor-element elementor-element-7e71826e e-flex e-con-boxed e-con e-parent\" data-id=\"7e71826e\" data-element_type=\"container\" data-e-type=\"container\">\n\t\t\t\t\t<div class=\"e-con-inner\">\n\t\t\t\t<div class=\"elementor-element elementor-element-5b2f2927 elementor-widget elementor-widget-theme-post-title elementor-page-title elementor-widget-heading\" data-id=\"5b2f2927\" data-element_type=\"widget\" data-e-type=\"widget\" data-widget_type=\"theme-post-title.default\">\n\t\t\t\t\t<h2 class=\"elementor-heading-title elementor-size-default\"><a href=\"https:\/\/tuzlainfo.ba\/index.php\/novosti\/item\/314999-grad-tuzla-upozorio-politicke-stranke-za-nepropisno-postavljanje-plakata-kazne-do-10-000-km\/\">Grad Tuzla upozorio politi\u010dke stranke: Za nepropisno postavljanje plakata kazne do 10.000 KM<\/a><\/h2>\t\t\t\t<\/div>\n\t\t\t\t\t<\/div>\n\t\t\t\t<\/div>\n\t\t\t\t<\/div>\n\t\t\t\t<\/div>\n\t\t\n\t\t\t\t\t\t<\/div>\n\t\t\t\t<\/div>\n\t\t\t\t<\/div>\n\t\t\t\t\t<\/div>\n\t\t<\/div>\n\t\t\t\t\t\t<\/div>\n\t\t\t\t<\/div>\n\t\t\t\t\t<\/div>\n\t\t\t\t<\/div>\n\t\t\t\t<\/div>\n\t\t","protected":false},"excerpt":{"rendered":"<p>#Izbori2026 #grad tuzla # vlada tk # sport # zmajevi # tuzla # crna hronika Tuzla\/ Tuzlanski kanton NAJAVE DOGA\u0110AJA PROMO INFO Izbori BOSNA I HERCEGOVINA SA SVIH STRANA Berza rada Magazin Preporu\u010dujemo Najnovije<\/p>\n","protected":false},"author":7,"featured_media":0,"parent":0,"menu_order":0,"comment_status":"closed","ping_status":"closed","template":"","meta":{"footnotes":""},"class_list":["post-102723","page","type-page","status-publish","hentry"],"yoast_head":"<!-- This site is optimized with the Yoast SEO plugin v28.4 - https:\/\/yoast.com\/product\/yoast-seo-wordpress\/ -->\n<title>Naslovna - TuzlaInfo.ba<\/title>\n<meta name=\"robots\" content=\"index, follow, max-snippet:-1, max-image-preview:large, max-video-preview:-1\" \/>\n<link rel=\"canonical\" href=\"https:\/\/tuzlainfo.ba\/\" \/>\n<meta property=\"og:locale\" content=\"bs_BA\" \/>\n<meta property=\"og:type\" content=\"article\" \/>\n<meta property=\"og:title\" content=\"Naslovna - TuzlaInfo.ba\" \/>\n<meta property=\"og:description\" content=\"#Izbori2026 #grad tuzla # vlada tk # sport # zmajevi # tuzla # crna hronika Tuzla\/ Tuzlanski kanton NAJAVE DOGA\u0110AJA PROMO INFO Izbori BOSNA I HERCEGOVINA SA SVIH STRANA Berza rada Magazin Preporu\u010dujemo Najnovije\" \/>\n<meta property=\"og:url\" content=\"https:\/\/tuzlainfo.ba\/\" \/>\n<meta property=\"og:site_name\" content=\"TuzlaInfo.ba\" \/>\n<meta property=\"article:publisher\" content=\"https:\/\/www.facebook.com\/tuzlainfo.ba\/\" \/>\n<meta property=\"article:modified_time\" content=\"2026-09-04T16:01:52+00:00\" \/>\n<meta property=\"og:image\" content=\"https:\/\/tuzlainfo.ba\/wp-content\/uploads\/2026\/06\/We-Are-Hiring-Digital-Marketing-Agency-Youtube-Display-Ad.png\" \/>\n\t<meta property=\"og:image:width\" content=\"900\" \/>\n\t<meta property=\"og:image:height\" content=\"180\" \/>\n\t<meta property=\"og:image:type\" content=\"image\/png\" \/>\n<meta name=\"twitter:card\" content=\"summary_large_image\" \/>\n<meta name=\"twitter:label1\" content=\"Est. reading time\" \/>\n\t<meta name=\"twitter:data1\" content=\"11 minuta\" \/>\n<script type=\"application\/ld+json\" class=\"yoast-schema-graph\">{\"@context\":\"https:\\\/\\\/schema.org\",\"@graph\":[{\"@type\":\"WebPage\",\"@id\":\"https:\\\/\\\/tuzlainfo.ba\\\/\",\"url\":\"https:\\\/\\\/tuzlainfo.ba\\\/\",\"name\":\"Naslovna - TuzlaInfo.ba\",\"isPartOf\":{\"@id\":\"https:\\\/\\\/tuzlainfo.ba\\\/#website\"},\"primaryImageOfPage\":{\"@id\":\"https:\\\/\\\/tuzlainfo.ba\\\/#primaryimage\"},\"image\":{\"@id\":\"https:\\\/\\\/tuzlainfo.ba\\\/#primaryimage\"},\"thumbnailUrl\":\"https:\\\/\\\/tuzlainfo.ba\\\/wp-content\\\/uploads\\\/2026\\\/06\\\/We-Are-Hiring-Digital-Marketing-Agency-Youtube-Display-Ad.png\",\"datePublished\":\"2021-03-23T08:58:24+00:00\",\"dateModified\":\"2026-09-04T16:01:52+00:00\",\"breadcrumb\":{\"@id\":\"https:\\\/\\\/tuzlainfo.ba\\\/#breadcrumb\"},\"inLanguage\":\"bs-BA\",\"potentialAction\":[{\"@type\":\"ReadAction\",\"target\":[\"https:\\\/\\\/tuzlainfo.ba\\\/\"]}]},{\"@type\":\"ImageObject\",\"inLanguage\":\"bs-BA\",\"@id\":\"https:\\\/\\\/tuzlainfo.ba\\\/#primaryimage\",\"url\":\"https:\\\/\\\/tuzlainfo.ba\\\/wp-content\\\/uploads\\\/2026\\\/06\\\/We-Are-Hiring-Digital-Marketing-Agency-Youtube-Display-Ad.png\",\"contentUrl\":\"https:\\\/\\\/tuzlainfo.ba\\\/wp-content\\\/uploads\\\/2026\\\/06\\\/We-Are-Hiring-Digital-Marketing-Agency-Youtube-Display-Ad.png\",\"width\":900,\"height\":180},{\"@type\":\"BreadcrumbList\",\"@id\":\"https:\\\/\\\/tuzlainfo.ba\\\/#breadcrumb\",\"itemListElement\":[{\"@type\":\"ListItem\",\"position\":1,\"name\":\"Home\",\"item\":\"https:\\\/\\\/tuzlainfo.ba\\\/\"},{\"@type\":\"ListItem\",\"position\":2,\"name\":\"Naslovna\"}]},{\"@type\":\"WebSite\",\"@id\":\"https:\\\/\\\/tuzlainfo.ba\\\/#website\",\"url\":\"https:\\\/\\\/tuzlainfo.ba\\\/\",\"name\":\"TuzlaInfo.ba\",\"description\":\"Tuzla info, gradski informator - Tuzla na dlanu\",\"publisher\":{\"@id\":\"https:\\\/\\\/tuzlainfo.ba\\\/#organization\"},\"potentialAction\":[{\"@type\":\"SearchAction\",\"target\":{\"@type\":\"EntryPoint\",\"urlTemplate\":\"https:\\\/\\\/tuzlainfo.ba\\\/?s={search_term_string}\"},\"query-input\":{\"@type\":\"PropertyValueSpecification\",\"valueRequired\":true,\"valueName\":\"search_term_string\"}}],\"inLanguage\":\"bs-BA\"},{\"@type\":\"Organization\",\"@id\":\"https:\\\/\\\/tuzlainfo.ba\\\/#organization\",\"name\":\"TuzlaInfo.ba\",\"url\":\"https:\\\/\\\/tuzlainfo.ba\\\/\",\"logo\":{\"@type\":\"ImageObject\",\"inLanguage\":\"bs-BA\",\"@id\":\"https:\\\/\\\/tuzlainfo.ba\\\/#\\\/schema\\\/logo\\\/image\\\/\",\"url\":\"https:\\\/\\\/tuzlainfo.ba\\\/wp-content\\\/uploads\\\/2021\\\/03\\\/logo-ver-3-1.png\",\"contentUrl\":\"https:\\\/\\\/tuzlainfo.ba\\\/wp-content\\\/uploads\\\/2021\\\/03\\\/logo-ver-3-1.png\",\"width\":350,\"height\":95,\"caption\":\"TuzlaInfo.ba\"},\"image\":{\"@id\":\"https:\\\/\\\/tuzlainfo.ba\\\/#\\\/schema\\\/logo\\\/image\\\/\"},\"sameAs\":[\"https:\\\/\\\/www.facebook.com\\\/tuzlainfo.ba\\\/\"]}]}<\/script>\n<!-- \/ Yoast SEO plugin. -->","yoast_head_json":{"title":"Naslovna - TuzlaInfo.ba","robots":{"index":"index","follow":"follow","max-snippet":"max-snippet:-1","max-image-preview":"max-image-preview:large","max-video-preview":"max-video-preview:-1"},"canonical":"https:\/\/tuzlainfo.ba\/","og_locale":"bs_BA","og_type":"article","og_title":"Naslovna - TuzlaInfo.ba","og_description":"#Izbori2026 #grad tuzla # vlada tk # sport # zmajevi # tuzla # crna hronika Tuzla\/ Tuzlanski kanton NAJAVE DOGA\u0110AJA PROMO INFO Izbori BOSNA I HERCEGOVINA SA SVIH STRANA Berza rada Magazin Preporu\u010dujemo Najnovije","og_url":"https:\/\/tuzlainfo.ba\/","og_site_name":"TuzlaInfo.ba","article_publisher":"https:\/\/www.facebook.com\/tuzlainfo.ba\/","article_modified_time":"2026-09-04T16:01:52+00:00","og_image":[{"width":900,"height":180,"url":"https:\/\/tuzlainfo.ba\/wp-content\/uploads\/2026\/06\/We-Are-Hiring-Digital-Marketing-Agency-Youtube-Display-Ad.png","type":"image\/png"}],"twitter_card":"summary_large_image","twitter_misc":{"Est. reading time":"11 minuta"},"schema":{"@context":"https:\/\/schema.org","@graph":[{"@type":"WebPage","@id":"https:\/\/tuzlainfo.ba\/","url":"https:\/\/tuzlainfo.ba\/","name":"Naslovna - TuzlaInfo.ba","isPartOf":{"@id":"https:\/\/tuzlainfo.ba\/#website"},"primaryImageOfPage":{"@id":"https:\/\/tuzlainfo.ba\/#primaryimage"},"image":{"@id":"https:\/\/tuzlainfo.ba\/#primaryimage"},"thumbnailUrl":"https:\/\/tuzlainfo.ba\/wp-content\/uploads\/2026\/06\/We-Are-Hiring-Digital-Marketing-Agency-Youtube-Display-Ad.png","datePublished":"2021-03-23T08:58:24+00:00","dateModified":"2026-09-04T16:01:52+00:00","breadcrumb":{"@id":"https:\/\/tuzlainfo.ba\/#breadcrumb"},"inLanguage":"bs-BA","potentialAction":[{"@type":"ReadAction","target":["https:\/\/tuzlainfo.ba\/"]}]},{"@type":"ImageObject","inLanguage":"bs-BA","@id":"https:\/\/tuzlainfo.ba\/#primaryimage","url":"https:\/\/tuzlainfo.ba\/wp-content\/uploads\/2026\/06\/We-Are-Hiring-Digital-Marketing-Agency-Youtube-Display-Ad.png","contentUrl":"https:\/\/tuzlainfo.ba\/wp-content\/uploads\/2026\/06\/We-Are-Hiring-Digital-Marketing-Agency-Youtube-Display-Ad.png","width":900,"height":180},{"@type":"BreadcrumbList","@id":"https:\/\/tuzlainfo.ba\/#breadcrumb","itemListElement":[{"@type":"ListItem","position":1,"name":"Home","item":"https:\/\/tuzlainfo.ba\/"},{"@type":"ListItem","position":2,"name":"Naslovna"}]},{"@type":"WebSite","@id":"https:\/\/tuzlainfo.ba\/#website","url":"https:\/\/tuzlainfo.ba\/","name":"TuzlaInfo.ba","description":"Tuzla info, gradski informator - Tuzla na dlanu","publisher":{"@id":"https:\/\/tuzlainfo.ba\/#organization"},"potentialAction":[{"@type":"SearchAction","target":{"@type":"EntryPoint","urlTemplate":"https:\/\/tuzlainfo.ba\/?s={search_term_string}"},"query-input":{"@type":"PropertyValueSpecification","valueRequired":true,"valueName":"search_term_string"}}],"inLanguage":"bs-BA"},{"@type":"Organization","@id":"https:\/\/tuzlainfo.ba\/#organization","name":"TuzlaInfo.ba","url":"https:\/\/tuzlainfo.ba\/","logo":{"@type":"ImageObject","inLanguage":"bs-BA","@id":"https:\/\/tuzlainfo.ba\/#\/schema\/logo\/image\/","url":"https:\/\/tuzlainfo.ba\/wp-content\/uploads\/2021\/03\/logo-ver-3-1.png","contentUrl":"https:\/\/tuzlainfo.ba\/wp-content\/uploads\/2021\/03\/logo-ver-3-1.png","width":350,"height":95,"caption":"TuzlaInfo.ba"},"image":{"@id":"https:\/\/tuzlainfo.ba\/#\/schema\/logo\/image\/"},"sameAs":["https:\/\/www.facebook.com\/tuzlainfo.ba\/"]}]}},"_links":{"self":[{"href":"https:\/\/tuzlainfo.ba\/index.php\/wp-json\/wp\/v2\/pages\/102723","targetHints":{"allow":["GET"]}}],"collection":[{"href":"https:\/\/tuzlainfo.ba\/index.php\/wp-json\/wp\/v2\/pages"}],"about":[{"href":"https:\/\/tuzlainfo.ba\/index.php\/wp-json\/wp\/v2\/types\/page"}],"author":[{"embeddable":true,"href":"https:\/\/tuzlainfo.ba\/index.php\/wp-json\/wp\/v2\/users\/7"}],"replies":[{"embeddable":true,"href":"https:\/\/tuzlainfo.ba\/index.php\/wp-json\/wp\/v2\/comments?post=102723"}],"version-history":[{"count":162,"href":"https:\/\/tuzlainfo.ba\/index.php\/wp-json\/wp\/v2\/pages\/102723\/revisions"}],"predecessor-version":[{"id":314985,"href":"https:\/\/tuzlainfo.ba\/index.php\/wp-json\/wp\/v2\/pages\/102723\/revisions\/314985"}],"wp:attachment":[{"href":"https:\/\/tuzlainfo.ba\/index.php\/wp-json\/wp\/v2\/media?parent=102723"}],"curies":[{"name":"wp","href":"https:\/\/api.w.org\/{rel}","templated":true}]}}